{"id":4478,"date":"2021-02-06T22:25:15","date_gmt":"2021-02-06T21:25:15","guid":{"rendered":"https:\/\/www.wblaserag.ch\/?page_id=4478"},"modified":"2026-06-08T00:11:48","modified_gmt":"2026-06-07T23:11:48","slug":"casa-h16","status":"publish","type":"page","link":"https:\/\/www.wblaserag.ch\/it\/chair\/casa-h16\/","title":{"rendered":"Casa H16"},"content":{"rendered":"\n<div style=\"height:1px\" aria-hidden=\"true\" class=\"wp-block-spacer\"><\/div>\n\n\n\n<h1 class=\"wp-block-heading\">Casa H16<\/h1>\n\n\n<div class=\"yoast-breadcrumbs\"><span><span><a href=\"https:\/\/www.wblaserag.ch\/it\/\">Homepage<\/a><\/span> \u00bb <span><a href=\"https:\/\/www.wblaserag.ch\/it\/chair\/\">BlaserChair<\/a><\/span> \u00bb <span class=\"breadcrumb_last\" aria-current=\"page\">Casa H16<\/span><\/span><\/div>\n\n\n<div class=\"wp-block-columns is-layout-flex wp-container-core-columns-is-layout-7387b849 wp-block-columns-is-layout-flex\">\n<div class=\"wp-block-column is-layout-flow wp-block-column-is-layout-flow\">\n<figure class=\"wp-block-image size-full\"><img loading=\"lazy\" decoding=\"async\" width=\"500\" height=\"500\" src=\"https:\/\/www.wblaserag.ch\/wp-content\/uploads\/2026\/06\/1.png\" alt=\"\" class=\"wp-image-11535\" srcset=\"https:\/\/www.wblaserag.ch\/wp-content\/uploads\/2026\/06\/1.png 500w, https:\/\/www.wblaserag.ch\/wp-content\/uploads\/2026\/06\/1-300x300.png 300w, https:\/\/www.wblaserag.ch\/wp-content\/uploads\/2026\/06\/1-150x150.png 150w\" sizes=\"auto, (max-width: 500px) 100vw, 500px\" \/><\/figure>\n<\/div>\n\n\n\n<div class=\"wp-block-column is-layout-flow wp-block-column-is-layout-flow\">\n<figure class=\"wp-block-image size-full\"><img loading=\"lazy\" decoding=\"async\" width=\"500\" height=\"500\" src=\"https:\/\/www.wblaserag.ch\/wp-content\/uploads\/2026\/06\/2.png\" alt=\"\" class=\"wp-image-11536\" srcset=\"https:\/\/www.wblaserag.ch\/wp-content\/uploads\/2026\/06\/2.png 500w, https:\/\/www.wblaserag.ch\/wp-content\/uploads\/2026\/06\/2-300x300.png 300w, https:\/\/www.wblaserag.ch\/wp-content\/uploads\/2026\/06\/2-150x150.png 150w\" sizes=\"auto, (max-width: 500px) 100vw, 500px\" \/><\/figure>\n<\/div>\n\n\n\n<div class=\"wp-block-column is-layout-flow wp-block-column-is-layout-flow\">\n<figure class=\"wp-block-image size-full\"><img loading=\"lazy\" decoding=\"async\" width=\"500\" height=\"500\" src=\"https:\/\/www.wblaserag.ch\/wp-content\/uploads\/2026\/06\/3.png\" alt=\"\" class=\"wp-image-11537\" srcset=\"https:\/\/www.wblaserag.ch\/wp-content\/uploads\/2026\/06\/3.png 500w, https:\/\/www.wblaserag.ch\/wp-content\/uploads\/2026\/06\/3-300x300.png 300w, https:\/\/www.wblaserag.ch\/wp-content\/uploads\/2026\/06\/3-150x150.png 150w\" sizes=\"auto, (max-width: 500px) 100vw, 500px\" \/><\/figure>\n<\/div>\n<\/div>\n\n\n\n<p class=\"wp-block-paragraph\">La poltrona mobile Casa H16 \u00e8 ideale per chi desidera vivere il pi\u00f9 a lungo possibile nella propria casa. La poltrona pu\u00f2 essere portata con s\u00e9 come arredo personale in una casa di cura o in una residenza per anziani. Casa H16 si distingue per le linee pulite e il design accogliente, in cui si riconosce lo stile del designer Cuno Frommherz. I braccioli curvi e ribaltabili sono realizzati in legno massello di faggio e consentono di sedersi lateralmente sulla poltrona. Le rotelle di cui \u00e8 dotata consentono di spostarla facilmente e in tutta sicurezza in un altro punto della stanza. I braccioli sono progettati per essere molto stabili e possono essere integrati con diversi accessori. La combinazione dell&#8217;altezza della seduta di 52 cm e dei braccioli che si estendono molto in avanti offre un pratico ausilio per alzarsi. Casa H16 pu\u00f2 essere acquistata o noleggiata.<\/p>\n\n\n\n<p class=\"wp-block-paragraph\"><a href=\"https:\/\/www.wblaserag.ch\/wp-content\/uploads\/2026\/06\/Produkteblatt_H16_IT_Casa.pdf\" target=\"_blank\" rel=\"noopener\">Scheda prodotto (PDF)<\/a><\/p>\n\n\n\n<div class=\"wp-block-buttons is-layout-flex wp-block-buttons-is-layout-flex\">\n<div class=\"wp-block-button is-style-outline is-style-outline--1\"><a class=\"wp-block-button__link has-accent-color has-text-color wp-element-button\" href=\"mailto:info@wblaserag.ch\" style=\"border-radius:6px\">Richiesta di consulenza<\/a><\/div>\n<\/div>\n\n\n\n<p class=\"wp-block-paragraph\"><\/p>\n\n\n\n<p class=\"wp-block-paragraph\">Indice<\/p>\n\n\n\n<ul class=\"wp-block-list\">\n<li><a href=\"#fb\" type=\"internal\" id=\"#fb\">Funzioni di base, regolazione, rivestimento<\/a><\/li>\n\n\n\n<li><a href=\"#mb\">Modello base<\/a><\/li>\n\n\n\n<li><a href=\"#a\">Accessori<\/a><\/li>\n\n\n\n<li><a href=\"#dt\">Dati tecnici<\/a><\/li>\n\n\n\n<li><a href=\"#q\" type=\"internal\" id=\"#q\">La qualit\u00e0 delle poltrone di W. Blaser<\/a><\/li>\n<\/ul>\n\n\n\n<h3 id=\"fb\" class=\"wp-block-heading\">Funzioni di base<\/h3>\n\n\n\n<ul class=\"wp-block-list\">\n<li>Posizione seduta, posizione sdraiata e adatto al trasporto di persone<\/li>\n<\/ul>\n\n\n\n<h3 class=\"wp-block-heading\"><strong>Regolazione<\/strong><\/h3>\n\n\n\n<ul class=\"wp-block-list\">\n<li>Elettrico con batteria ricaricabile, schienale e poggiagambe regolabili separatamente<\/li>\n<\/ul>\n\n\n\n<h3 class=\"wp-block-heading\">Rivestimento (personalizzabile in base alla collezione di campioni)<\/h3>\n\n\n\n<ul class=\"wp-block-list\">\n<li>Rivestimento in ecopelle di alta qualit\u00e0 (Stamskin Top) personalizzabile in base alla collezione <a href=\"https:\/\/www.sergeferrari.com\/de-de\/produkteproduktreihe-stamskin\/stamskin-top\" target=\"_blank\" rel=\"noreferrer noopener\">(Stamskin Top)<\/a><\/li>\n\n\n\n<li>Equipaggiato con funzione igienica antimicrobica Sanitized\u00ae, un valido supporto nelle misure igieniche<\/li>\n<\/ul>\n\n\n\n<div style=\"height:10px\" aria-hidden=\"true\" class=\"wp-block-spacer\"><\/div>\n\n\n\n<div class=\"wp-block-columns is-layout-flex wp-container-core-columns-is-layout-7387b849 wp-block-columns-is-layout-flex\">\n<div class=\"wp-block-column is-layout-flow wp-block-column-is-layout-flow\">\n<h2 id=\"mb\" class=\"wp-block-heading\">Modello base <\/h2>\n\n\n\n<p class=\"wp-block-paragraph\">H16.SA1K00.0000<\/p>\n\n\n\n<h3 class=\"wp-block-heading\">Comandi e funzioni <\/h3>\n\n\n\n<ul class=\"wp-block-list\">\n<li>Regolazione elettrica dello schienale e del poggiagambe, con batteria ricaricabile e caricabatterie inclusi per un funzionamento indipendente dalla rete elettrica<\/li>\n\n\n\n<li>Regolazione continua delle posizioni di seduta e di sdraio<\/li>\n<\/ul>\n\n\n\n<h3 class=\"wp-block-heading\">Braccioli<\/h3>\n\n\n\n<ul class=\"wp-block-list\">\n<li>Noce massiccio, elegantemente curvato, verniciato al naturale con vernice bicomponente<\/li>\n\n\n\n<li>Equipaggiato con funzione igienica antimicrobica Sanitized\u00ae, un valido supporto nelle misure igieniche<\/li>\n\n\n\n<li>Predisposto per l&#8217;installazione di accessori<\/li>\n\n\n\n<li>Disponibile con imbottitura opzionale e rivestimento in ecopelle.<\/li>\n<\/ul>\n\n\n\n<h3 class=\"wp-block-heading\">Rivestimento<\/h3>\n\n\n\n<ul class=\"wp-block-list\">\n<li>Imbottitura del sedile e del poggiagambe rimovibile per la pulizia<\/li>\n\n\n\n<li>Imbottitura morbida in schiuma dal profilo anatomico<\/li>\n\n\n\n<li>Con il bacino ben sostenuto<\/li>\n\n\n\n<li>Seduta sagomata per un comfort prolungato<\/li>\n<\/ul>\n\n\n\n<h3 class=\"wp-block-heading\">Base<\/h3>\n\n\n\n<ul class=\"wp-block-list\">\n<li>Robusto telaio in metallo cromato<\/li>\n\n\n\n<li>Maniglia sul retro per una facile manovrabilit\u00e0<\/li>\n<\/ul>\n\n\n\n<h3 class=\"wp-block-heading\">Rotelle e telaio<\/h3>\n\n\n\n<ul class=\"wp-block-list\">\n<li>Quattro ruote piroettanti<\/li>\n\n\n\n<li>Bloccaggio centrale e fissaggio della direzione delle ruote posteriori<\/li>\n<\/ul>\n<\/div>\n\n\n\n<div class=\"wp-block-column is-layout-flow wp-block-column-is-layout-flow\">\n<h2 id=\"Relax--und-Fernsehsessel-Spezialausf\u00fchrung\" class=\"wp-block-heading\"><\/h2>\n<\/div>\n<\/div>\n\n\n\n<h2 id=\"a\" class=\"wp-block-heading\">Accessori<\/h2>\n\n\n\n<div class=\"wp-block-media-text alignwide is-stacked-on-mobile is-style-default\" style=\"grid-template-columns:27% auto\"><figure class=\"wp-block-media-text__media\"><img loading=\"lazy\" decoding=\"async\" width=\"800\" height=\"800\" src=\"https:\/\/www.wblaserag.ch\/wp-content\/uploads\/2023\/02\/care_h16_nackenkissen.jpg\" alt=\"Casa H16\" class=\"wp-image-9225 size-full\" srcset=\"https:\/\/www.wblaserag.ch\/wp-content\/uploads\/2023\/02\/care_h16_nackenkissen.jpg 800w, https:\/\/www.wblaserag.ch\/wp-content\/uploads\/2023\/02\/care_h16_nackenkissen-300x300.jpg 300w, https:\/\/www.wblaserag.ch\/wp-content\/uploads\/2023\/02\/care_h16_nackenkissen-150x150.jpg 150w, https:\/\/www.wblaserag.ch\/wp-content\/uploads\/2023\/02\/care_h16_nackenkissen-768x768.jpg 768w\" sizes=\"auto, (max-width: 800px) 100vw, 800px\" \/><\/figure><div class=\"wp-block-media-text__content\">\n<p class=\"wp-block-paragraph\"><strong>Cuscino per il collo semplice<\/strong><\/p>\n\n\n\n<p class=\"wp-block-paragraph\">Casa H16 \u2013 Accessori H35.NKE000.0000<\/p>\n\n\n\n<p class=\"wp-block-paragraph\">Per rendere il soggiorno dei pazienti il pi\u00f9 confortevole possibile, consigliamo l&#8217;uso di un cuscino cervicale. Pu\u00f2 essere fissato a qualsiasi poltrona reclinabile, \u00e8 regolabile in altezza ed \u00e8 rivestito in similpelle.<\/p>\n<\/div><\/div>\n\n\n\n<div class=\"wp-block-media-text alignwide is-stacked-on-mobile is-style-default\" style=\"grid-template-columns:27% auto\"><figure class=\"wp-block-media-text__media\"><img loading=\"lazy\" decoding=\"async\" width=\"800\" height=\"800\" src=\"https:\/\/www.wblaserag.ch\/wp-content\/uploads\/2023\/02\/care_h16_armlehnen.jpg\" alt=\"Casa H16\" class=\"wp-image-9220 size-full\" srcset=\"https:\/\/www.wblaserag.ch\/wp-content\/uploads\/2023\/02\/care_h16_armlehnen.jpg 800w, https:\/\/www.wblaserag.ch\/wp-content\/uploads\/2023\/02\/care_h16_armlehnen-300x300.jpg 300w, https:\/\/www.wblaserag.ch\/wp-content\/uploads\/2023\/02\/care_h16_armlehnen-150x150.jpg 150w, https:\/\/www.wblaserag.ch\/wp-content\/uploads\/2023\/02\/care_h16_armlehnen-768x768.jpg 768w\" sizes=\"auto, (max-width: 800px) 100vw, 800px\" \/><\/figure><div class=\"wp-block-media-text__content\">\n<p class=\"wp-block-paragraph\"><strong>Bracciolo imbottito a forma di L, agganciabile<\/strong><\/p>\n\n\n\n<p class=\"wp-block-paragraph\">Casa H16 \u2013 Accessori H35.AAL000.0000<\/p>\n\n\n\n<p class=\"wp-block-paragraph\">I braccioli imbottiti a forma di L, fissabili, impediscono alle braccia di scivolare sulle gambe, favorendo cos\u00ec una postura eretta e dignitosa.<\/p>\n<\/div><\/div>\n\n\n\n<div class=\"wp-block-media-text alignwide is-stacked-on-mobile is-style-default\" style=\"grid-template-columns:28% auto\"><figure class=\"wp-block-media-text__media\"><img loading=\"lazy\" decoding=\"async\" width=\"1024\" height=\"1024\" src=\"https:\/\/www.wblaserag.ch\/wp-content\/uploads\/2021\/04\/0520_BlaserChair_CARE-R_Zubehoer_EST_Esstisch_ansteckbar_1276x1276_72-1024x1024.jpg\" alt=\"Casa H16 \u2013 Accessori H35.EST000.0000 Tavolo da pranzo allungabile\" class=\"wp-image-1862 size-full\" srcset=\"https:\/\/www.wblaserag.ch\/wp-content\/uploads\/2021\/04\/0520_BlaserChair_CARE-R_Zubehoer_EST_Esstisch_ansteckbar_1276x1276_72-1024x1024.jpg 1024w, https:\/\/www.wblaserag.ch\/wp-content\/uploads\/2021\/04\/0520_BlaserChair_CARE-R_Zubehoer_EST_Esstisch_ansteckbar_1276x1276_72-300x300.jpg 300w, https:\/\/www.wblaserag.ch\/wp-content\/uploads\/2021\/04\/0520_BlaserChair_CARE-R_Zubehoer_EST_Esstisch_ansteckbar_1276x1276_72-150x150.jpg 150w, https:\/\/www.wblaserag.ch\/wp-content\/uploads\/2021\/04\/0520_BlaserChair_CARE-R_Zubehoer_EST_Esstisch_ansteckbar_1276x1276_72-768x768.jpg 768w, https:\/\/www.wblaserag.ch\/wp-content\/uploads\/2021\/04\/0520_BlaserChair_CARE-R_Zubehoer_EST_Esstisch_ansteckbar_1276x1276_72-1200x1200.jpg 1200w, https:\/\/www.wblaserag.ch\/wp-content\/uploads\/2021\/04\/0520_BlaserChair_CARE-R_Zubehoer_EST_Esstisch_ansteckbar_1276x1276_72.jpg 1276w\" sizes=\"auto, (max-width: 1024px) 100vw, 1024px\" \/><\/figure><div class=\"wp-block-media-text__content\">\n<p class=\"wp-block-paragraph\"><strong>Tavolo da pranzo allungabile<\/strong><\/p>\n\n\n\n<p class=\"wp-block-paragraph\">Casa H16 \u2013 Accessori H35.EST000.0000 <\/p>\n\n\n\n<p class=\"wp-block-paragraph\">Il tavolo da pranzo agganciabile \u00e8 molto pratico, facile da pulire e impedisce che il cliente si alzi dalla poltrona reclinabile durante il pasto. Il piano del tavolo \u00e8 ora realizzato in n <a href=\"https:\/\/www.swisscdf.com\/\" target=\"_blank\" rel=\"noreferrer noopener\">SWISS<strong>CD<\/strong><\/a>, un pannello di fibra compatto, colorato di nero e rivestito. Come colore standard abbiamo scelto&nbsp;<a href=\"https:\/\/www.swisscdf.com\/fileadmin\/user_upload\/Files\/Bilder\/Plattenmodul\/Decore\/01_weiss\/K101PE.jpg\" target=\"_blank\" rel=\"noreferrer noopener\">K 101 PE<\/a>, con parte frontale bianca.<\/p>\n<\/div><\/div>\n\n\n\n<div class=\"wp-block-media-text alignwide is-stacked-on-mobile is-style-default\" style=\"grid-template-columns:29% auto\"><figure class=\"wp-block-media-text__media\"><img loading=\"lazy\" decoding=\"async\" width=\"800\" height=\"800\" src=\"https:\/\/www.wblaserag.ch\/wp-content\/uploads\/2023\/02\/care_h16_infusionsstaender.jpg\" alt=\"Casa H16\" class=\"wp-image-9230 size-full\" srcset=\"https:\/\/www.wblaserag.ch\/wp-content\/uploads\/2023\/02\/care_h16_infusionsstaender.jpg 800w, https:\/\/www.wblaserag.ch\/wp-content\/uploads\/2023\/02\/care_h16_infusionsstaender-300x300.jpg 300w, https:\/\/www.wblaserag.ch\/wp-content\/uploads\/2023\/02\/care_h16_infusionsstaender-150x150.jpg 150w, https:\/\/www.wblaserag.ch\/wp-content\/uploads\/2023\/02\/care_h16_infusionsstaender-768x768.jpg 768w\" sizes=\"auto, (max-width: 800px) 100vw, 800px\" \/><\/figure><div class=\"wp-block-media-text__content\">\n<p class=\"wp-block-paragraph\"><strong>Supporto per flebo (richiede un adattatore)<\/strong><\/p>\n\n\n\n<p class=\"wp-block-paragraph\">Casa H16 \u2013 Accessori H35.INFA00.0000 <\/p>\n\n\n\n<p class=\"wp-block-paragraph\">Porta-flebo compatibile con le nostre poltrone per la cura, facile da montare sul telaio della poltrona tramite l&#8217;adattatore H35.ADA000.0000. I porta-flebo sono regolabili in altezza e dispongono di quattro ganci.<\/p>\n<\/div><\/div>\n\n\n\n<div class=\"wp-block-media-text alignwide is-stacked-on-mobile is-style-default\" style=\"grid-template-columns:30% auto\"><figure class=\"wp-block-media-text__media\"><img loading=\"lazy\" decoding=\"async\" width=\"800\" height=\"800\" src=\"https:\/\/www.wblaserag.ch\/wp-content\/uploads\/2023\/02\/care_h16_bea.jpg\" alt=\"Casa H16\" class=\"wp-image-9205 size-full\" srcset=\"https:\/\/www.wblaserag.ch\/wp-content\/uploads\/2023\/02\/care_h16_bea.jpg 800w, https:\/\/www.wblaserag.ch\/wp-content\/uploads\/2023\/02\/care_h16_bea-300x300.jpg 300w, https:\/\/www.wblaserag.ch\/wp-content\/uploads\/2023\/02\/care_h16_bea-150x150.jpg 150w, https:\/\/www.wblaserag.ch\/wp-content\/uploads\/2023\/02\/care_h16_bea-768x768.jpg 768w\" sizes=\"auto, (max-width: 800px) 100vw, 800px\" \/><\/figure><div class=\"wp-block-media-text__content\">\n<p class=\"wp-block-paragraph\"><strong>Bracciolo per il prelievo di sangue<\/strong><\/p>\n\n\n\n<p class=\"wp-block-paragraph\">Casa H16 \u2013 Accessori H35.BEA000.000<\/p>\n\n\n\n<p class=\"wp-block-paragraph\">Il bracciolo BEA, dalla forma concava e rivestito in ecopelle, si fissa facilmente al bracciolo. \u00c8 regolabile in altezza e orientabile in tutte le direzioni.<\/p>\n<\/div><\/div>\n\n\n\n<div class=\"wp-block-media-text alignwide is-stacked-on-mobile is-style-default\" style=\"grid-template-columns:30% auto\"><figure class=\"wp-block-media-text__media\"><img loading=\"lazy\" decoding=\"async\" width=\"800\" height=\"800\" src=\"https:\/\/www.wblaserag.ch\/wp-content\/uploads\/2023\/02\/care_h16_keilkissen-2.jpg\" alt=\"Casa H16\" class=\"wp-image-9215 size-full\" srcset=\"https:\/\/www.wblaserag.ch\/wp-content\/uploads\/2023\/02\/care_h16_keilkissen-2.jpg 800w, https:\/\/www.wblaserag.ch\/wp-content\/uploads\/2023\/02\/care_h16_keilkissen-2-300x300.jpg 300w, https:\/\/www.wblaserag.ch\/wp-content\/uploads\/2023\/02\/care_h16_keilkissen-2-150x150.jpg 150w, https:\/\/www.wblaserag.ch\/wp-content\/uploads\/2023\/02\/care_h16_keilkissen-2-768x768.jpg 768w\" sizes=\"auto, (max-width: 800px) 100vw, 800px\" \/><\/figure><div class=\"wp-block-media-text__content\">\n<p class=\"wp-block-paragraph\"><strong>Cuscino a cuneo per il prelievo di sangue<\/strong><\/p>\n\n\n\n<p class=\"wp-block-paragraph\">Casa H16 \u2013 Accessori H35.KKB000.0000 <\/p>\n\n\n\n<p class=\"wp-block-paragraph\">Die einfache Version der Armauflage f\u00fcr gelegentliche <a href=\"https:\/\/www.wblaserag.ch\/blutentnahmestuehle\/blutentnahmestuhl-care-r\/\">Blutentnahmen<\/a>. Das Keilkissen ist mit Kunstleder bezogen und l\u00e4sst sich einfach an der Armlehne anbringen.<\/p>\n<\/div><\/div>\n\n\n\n<div class=\"wp-block-media-text alignwide is-stacked-on-mobile is-style-default\" style=\"grid-template-columns:31% auto\"><figure class=\"wp-block-media-text__media\"><img loading=\"lazy\" decoding=\"async\" width=\"378\" height=\"492\" src=\"https:\/\/www.wblaserag.ch\/wp-content\/uploads\/2026\/06\/adapter.png\" alt=\"\" class=\"wp-image-11426 size-full\" srcset=\"https:\/\/www.wblaserag.ch\/wp-content\/uploads\/2026\/06\/adapter.png 378w, https:\/\/www.wblaserag.ch\/wp-content\/uploads\/2026\/06\/adapter-230x300.png 230w\" sizes=\"auto, (max-width: 378px) 100vw, 378px\" \/><\/figure><div class=\"wp-block-media-text__content\">\n<p class=\"wp-block-paragraph\"><strong>Adattatore a morsetto per supporti per flebo e lampade<\/strong><\/p>\n\n\n\n<p class=\"wp-block-paragraph\">Casa H16 \u2013 Accessori H35.ADA000.0000 <\/p>\n\n\n\n<p class=\"wp-block-paragraph\">L&#8217;adattatore a morsetto viene fissato in modo permanente al telaio della sedia e consente di montare accessori quali supporti per flebo e lampade da visita o da lettura. In caso di utilizzo di pi\u00f9 supporti per flebo, \u00e8 possibile ricorrere anche all&#8217;adattatore doppio H35.ADD000.0000.<\/p>\n<\/div><\/div>\n\n\n\n<h2 id=\"dt\" class=\"wp-block-heading\">Dati tecnici<\/h2>\n\n\n\n<figure class=\"wp-block-table is-style-stripes\"><table><tbody><tr><td>Altezza in posizione seduta<\/td><td>123 cm<\/td><\/tr><tr><td>Larghezza in posizione seduta <\/td><td>66 cm<\/td><\/tr><tr><td>Profondit\u00e0 della seduta <\/td><td>77 cm<\/td><\/tr><tr><td>Altezza in posizione distesa <\/td><td>101 cm<\/td><\/tr><tr><td>Larghezza in posizione distesa <\/td><td>64 cm<\/td><\/tr><tr><td>Profondit\u00e0 in posizione distesa <\/td><td>150 cm<\/td><\/tr><tr><td>Altezza dei braccioli <\/td><td>71 cm<\/td><\/tr><tr><td>Altezza della sella <\/td><td>51 cm<\/td><\/tr><tr><td>Profondit\u00e0 della seduta <\/td><td>50 cm<\/td><\/tr><tr><td>Larghezza del sedile <\/td><td>50 cm<\/td><\/tr><tr><td>Capacit\u00e0 di carico <\/td><td>120 kg<\/td><\/tr><tr><td>Peso <\/td><td>40 kg<\/td><\/tr><tr><td>Label di produzione<\/td><td>100% Swiss Made<\/td><\/tr><\/tbody><\/table><figcaption class=\"wp-element-caption\">Casa H16<\/figcaption><\/figure>\n\n\n\n<h2 id=\"q\" class=\"wp-block-heading\">La qualit\u00e0 delle poltrone di W. Blaser<\/h2>\n\n\n\n<p class=\"wp-block-paragraph\">Con la presente dichiariamo che il prodotto sopra indicato \u00e8 conforme ai requisiti della norma DIN 68878:2011-11. Tale norma stabilisce i requisiti relativi alle dimensioni funzionali, alle caratteristiche d&#8217;uso, alla sicurezza e alla durata delle sedie destinate all&#8217;uso domestico. Il prodotto \u00e8 stato sviluppato e testato in conformit\u00e0 ai requisiti descritti nella norma.<\/p>\n\n\n\n<p class=\"wp-block-paragraph\">Inoltre, la superficie della sedia \u00e8 trattata con la tecnologia antimicrobica Sanitized\u00ae, che inibisce la proliferazione di batteri e funghi, migliora le propriet\u00e0 igieniche e contribuisce alla durata del materiale.<\/p>\n\n\n\n<h6 class=\"wp-block-heading\"><strong>Norme \/ linee guida applicate:<\/strong><\/h6>\n\n\n\n<p class=\"wp-block-paragraph\">DIN EN 12520 relativa alla resistenza e alla durata dei mobili da seduta per uso domestico<\/p>\n\n\n\n<p class=\"wp-block-paragraph\">DIN 68878:2011-11 \u2013 Mobili \u2013 Sedie per uso domestico \u2013 Dimensioni funzionali, caratteristiche d&#8217;uso<\/p>\n","protected":false},"excerpt":{"rendered":"<p>Casa H16 La poltrona mobile Casa H16 \u00e8 ideale per chi desidera vivere il pi\u00f9 a lungo possibile nella propria casa. La poltrona pu\u00f2 essere portata con s\u00e9 come arredo personale in una casa di cura o in una residenza per anziani. Casa H16 si distingue per le linee pulite e il design accogliente, in&hellip;<\/p>\n","protected":false},"author":1,"featured_media":0,"parent":4077,"menu_order":0,"comment_status":"closed","ping_status":"closed","template":"tw-no-title.php","meta":{"footnotes":""},"class_list":["post-4478","page","type-page","status-publish","hentry"],"yoast_head":"<!-- This site is optimized with the Yoast SEO plugin v28.2 - https:\/\/yoast.com\/product\/yoast-seo-wordpress\/ -->\n<title>Poltrona per anziani Casa H16 - Poltrona relax per anziani - Poltrona reclinabile per anziani - Poltrona reclinabile elettrica per anziani\u00a0- W. Blaser AG<\/title>\n<meta name=\"robots\" content=\"index, follow, max-snippet:-1, max-image-preview:large, max-video-preview:-1\" \/>\n<link rel=\"canonical\" href=\"https:\/\/www.wblaserag.ch\/it\/chair\/casa-h16\/\" \/>\n<meta property=\"og:locale\" content=\"it_IT\" \/>\n<meta property=\"og:type\" content=\"article\" \/>\n<meta property=\"og:title\" content=\"Poltrona per anziani Casa H16 - Poltrona relax per anziani - Poltrona reclinabile per anziani - Poltrona reclinabile elettrica per anziani\u00a0- W. Blaser AG\" \/>\n<meta property=\"og:description\" content=\"Casa H16 La poltrona mobile Casa H16 \u00e8 ideale per chi desidera vivere il pi\u00f9 a lungo possibile nella propria casa. La poltrona pu\u00f2 essere portata con s\u00e9 come arredo personale in una casa di cura o in una residenza per anziani. Casa H16 si distingue per le linee pulite e il design accogliente, in&hellip;\" \/>\n<meta property=\"og:url\" content=\"https:\/\/www.wblaserag.ch\/it\/chair\/casa-h16\/\" \/>\n<meta property=\"og:site_name\" content=\"W. Blaser AG\" \/>\n<meta property=\"article:publisher\" content=\"https:\/\/www.facebook.com\/BlaserVisio-191482694639126\" \/>\n<meta property=\"article:modified_time\" content=\"2026-06-07T23:11:48+00:00\" \/>\n<meta property=\"og:image\" content=\"https:\/\/www.wblaserag.ch\/wp-content\/uploads\/2026\/06\/1.png\" \/>\n\t<meta property=\"og:image:width\" content=\"500\" \/>\n\t<meta property=\"og:image:height\" content=\"500\" \/>\n\t<meta property=\"og:image:type\" content=\"image\/png\" \/>\n<meta name=\"twitter:card\" content=\"summary_large_image\" \/>\n<script type=\"application\/ld+json\" class=\"yoast-schema-graph\">{\"@context\":\"https:\\\/\\\/schema.org\",\"@graph\":[{\"@type\":\"WebPage\",\"@id\":\"https:\\\/\\\/www.wblaserag.ch\\\/it\\\/chair\\\/casa-h16\\\/\",\"url\":\"https:\\\/\\\/www.wblaserag.ch\\\/it\\\/chair\\\/casa-h16\\\/\",\"name\":\"Poltrona per anziani Casa H16 - Poltrona relax per anziani - Poltrona reclinabile per anziani - Poltrona reclinabile elettrica per anziani\u00a0- W. Blaser AG\",\"isPartOf\":{\"@id\":\"https:\\\/\\\/www.wblaserag.ch\\\/it\\\/#website\"},\"primaryImageOfPage\":{\"@id\":\"https:\\\/\\\/www.wblaserag.ch\\\/it\\\/chair\\\/casa-h16\\\/#primaryimage\"},\"image\":{\"@id\":\"https:\\\/\\\/www.wblaserag.ch\\\/it\\\/chair\\\/casa-h16\\\/#primaryimage\"},\"thumbnailUrl\":\"https:\\\/\\\/www.wblaserag.ch\\\/wp-content\\\/uploads\\\/2026\\\/06\\\/1.png\",\"datePublished\":\"2021-02-06T21:25:15+00:00\",\"dateModified\":\"2026-06-07T23:11:48+00:00\",\"breadcrumb\":{\"@id\":\"https:\\\/\\\/www.wblaserag.ch\\\/it\\\/chair\\\/casa-h16\\\/#breadcrumb\"},\"inLanguage\":\"it-IT\",\"potentialAction\":[{\"@type\":\"ReadAction\",\"target\":[\"https:\\\/\\\/www.wblaserag.ch\\\/it\\\/chair\\\/casa-h16\\\/\"]}]},{\"@type\":\"ImageObject\",\"inLanguage\":\"it-IT\",\"@id\":\"https:\\\/\\\/www.wblaserag.ch\\\/it\\\/chair\\\/casa-h16\\\/#primaryimage\",\"url\":\"https:\\\/\\\/www.wblaserag.ch\\\/wp-content\\\/uploads\\\/2026\\\/06\\\/1.png\",\"contentUrl\":\"https:\\\/\\\/www.wblaserag.ch\\\/wp-content\\\/uploads\\\/2026\\\/06\\\/1.png\"},{\"@type\":\"BreadcrumbList\",\"@id\":\"https:\\\/\\\/www.wblaserag.ch\\\/it\\\/chair\\\/casa-h16\\\/#breadcrumb\",\"itemListElement\":[{\"@type\":\"ListItem\",\"position\":1,\"name\":\"Homepage\",\"item\":\"https:\\\/\\\/www.wblaserag.ch\\\/it\\\/\"},{\"@type\":\"ListItem\",\"position\":2,\"name\":\"BlaserChair\",\"item\":\"https:\\\/\\\/www.wblaserag.ch\\\/it\\\/chair\\\/\"},{\"@type\":\"ListItem\",\"position\":3,\"name\":\"Casa H16\"}]},{\"@type\":\"WebSite\",\"@id\":\"https:\\\/\\\/www.wblaserag.ch\\\/it\\\/#website\",\"url\":\"https:\\\/\\\/www.wblaserag.ch\\\/it\\\/\",\"name\":\"W. Blaser AG\",\"description\":\"\",\"publisher\":{\"@id\":\"https:\\\/\\\/www.wblaserag.ch\\\/it\\\/#organization\"},\"potentialAction\":[{\"@type\":\"SearchAction\",\"target\":{\"@type\":\"EntryPoint\",\"urlTemplate\":\"https:\\\/\\\/www.wblaserag.ch\\\/it\\\/?s={search_term_string}\"},\"query-input\":{\"@type\":\"PropertyValueSpecification\",\"valueRequired\":true,\"valueName\":\"search_term_string\"}}],\"inLanguage\":\"it-IT\"},{\"@type\":\"Organization\",\"@id\":\"https:\\\/\\\/www.wblaserag.ch\\\/it\\\/#organization\",\"name\":\"W. Blaser AG\",\"url\":\"https:\\\/\\\/www.wblaserag.ch\\\/it\\\/\",\"logo\":{\"@type\":\"ImageObject\",\"inLanguage\":\"it-IT\",\"@id\":\"https:\\\/\\\/www.wblaserag.ch\\\/it\\\/#\\\/schema\\\/logo\\\/image\\\/\",\"url\":\"https:\\\/\\\/www.wblaserag.ch\\\/wp-content\\\/uploads\\\/2021\\\/02\\\/cropped-cropped-Blaser_Mobile_NEG.png\",\"contentUrl\":\"https:\\\/\\\/www.wblaserag.ch\\\/wp-content\\\/uploads\\\/2021\\\/02\\\/cropped-cropped-Blaser_Mobile_NEG.png\",\"width\":400,\"height\":55,\"caption\":\"W. Blaser AG\"},\"image\":{\"@id\":\"https:\\\/\\\/www.wblaserag.ch\\\/it\\\/#\\\/schema\\\/logo\\\/image\\\/\"},\"sameAs\":[\"https:\\\/\\\/www.facebook.com\\\/BlaserVisio-191482694639126\",\"https:\\\/\\\/www.instagram.com\\\/blaservisio\\\/\"]}]}<\/script>\n<!-- \/ Yoast SEO plugin. -->","yoast_head_json":{"title":"Poltrona per anziani Casa H16 - Poltrona relax per anziani - Poltrona reclinabile per anziani - Poltrona reclinabile elettrica per anziani\u00a0- W. Blaser AG","robots":{"index":"index","follow":"follow","max-snippet":"max-snippet:-1","max-image-preview":"max-image-preview:large","max-video-preview":"max-video-preview:-1"},"canonical":"https:\/\/www.wblaserag.ch\/it\/chair\/casa-h16\/","og_locale":"it_IT","og_type":"article","og_title":"Poltrona per anziani Casa H16 - Poltrona relax per anziani - Poltrona reclinabile per anziani - Poltrona reclinabile elettrica per anziani\u00a0- W. Blaser AG","og_description":"Casa H16 La poltrona mobile Casa H16 \u00e8 ideale per chi desidera vivere il pi\u00f9 a lungo possibile nella propria casa. La poltrona pu\u00f2 essere portata con s\u00e9 come arredo personale in una casa di cura o in una residenza per anziani. Casa H16 si distingue per le linee pulite e il design accogliente, in&hellip;","og_url":"https:\/\/www.wblaserag.ch\/it\/chair\/casa-h16\/","og_site_name":"W. Blaser AG","article_publisher":"https:\/\/www.facebook.com\/BlaserVisio-191482694639126","article_modified_time":"2026-06-07T23:11:48+00:00","og_image":[{"width":500,"height":500,"url":"https:\/\/www.wblaserag.ch\/wp-content\/uploads\/2026\/06\/1.png","type":"image\/png"}],"twitter_card":"summary_large_image","schema":{"@context":"https:\/\/schema.org","@graph":[{"@type":"WebPage","@id":"https:\/\/www.wblaserag.ch\/it\/chair\/casa-h16\/","url":"https:\/\/www.wblaserag.ch\/it\/chair\/casa-h16\/","name":"Poltrona per anziani Casa H16 - Poltrona relax per anziani - Poltrona reclinabile per anziani - Poltrona reclinabile elettrica per anziani\u00a0- W. Blaser AG","isPartOf":{"@id":"https:\/\/www.wblaserag.ch\/it\/#website"},"primaryImageOfPage":{"@id":"https:\/\/www.wblaserag.ch\/it\/chair\/casa-h16\/#primaryimage"},"image":{"@id":"https:\/\/www.wblaserag.ch\/it\/chair\/casa-h16\/#primaryimage"},"thumbnailUrl":"https:\/\/www.wblaserag.ch\/wp-content\/uploads\/2026\/06\/1.png","datePublished":"2021-02-06T21:25:15+00:00","dateModified":"2026-06-07T23:11:48+00:00","breadcrumb":{"@id":"https:\/\/www.wblaserag.ch\/it\/chair\/casa-h16\/#breadcrumb"},"inLanguage":"it-IT","potentialAction":[{"@type":"ReadAction","target":["https:\/\/www.wblaserag.ch\/it\/chair\/casa-h16\/"]}]},{"@type":"ImageObject","inLanguage":"it-IT","@id":"https:\/\/www.wblaserag.ch\/it\/chair\/casa-h16\/#primaryimage","url":"https:\/\/www.wblaserag.ch\/wp-content\/uploads\/2026\/06\/1.png","contentUrl":"https:\/\/www.wblaserag.ch\/wp-content\/uploads\/2026\/06\/1.png"},{"@type":"BreadcrumbList","@id":"https:\/\/www.wblaserag.ch\/it\/chair\/casa-h16\/#breadcrumb","itemListElement":[{"@type":"ListItem","position":1,"name":"Homepage","item":"https:\/\/www.wblaserag.ch\/it\/"},{"@type":"ListItem","position":2,"name":"BlaserChair","item":"https:\/\/www.wblaserag.ch\/it\/chair\/"},{"@type":"ListItem","position":3,"name":"Casa H16"}]},{"@type":"WebSite","@id":"https:\/\/www.wblaserag.ch\/it\/#website","url":"https:\/\/www.wblaserag.ch\/it\/","name":"W. Blaser AG","description":"","publisher":{"@id":"https:\/\/www.wblaserag.ch\/it\/#organization"},"potentialAction":[{"@type":"SearchAction","target":{"@type":"EntryPoint","urlTemplate":"https:\/\/www.wblaserag.ch\/it\/?s={search_term_string}"},"query-input":{"@type":"PropertyValueSpecification","valueRequired":true,"valueName":"search_term_string"}}],"inLanguage":"it-IT"},{"@type":"Organization","@id":"https:\/\/www.wblaserag.ch\/it\/#organization","name":"W. Blaser AG","url":"https:\/\/www.wblaserag.ch\/it\/","logo":{"@type":"ImageObject","inLanguage":"it-IT","@id":"https:\/\/www.wblaserag.ch\/it\/#\/schema\/logo\/image\/","url":"https:\/\/www.wblaserag.ch\/wp-content\/uploads\/2021\/02\/cropped-cropped-Blaser_Mobile_NEG.png","contentUrl":"https:\/\/www.wblaserag.ch\/wp-content\/uploads\/2021\/02\/cropped-cropped-Blaser_Mobile_NEG.png","width":400,"height":55,"caption":"W. Blaser AG"},"image":{"@id":"https:\/\/www.wblaserag.ch\/it\/#\/schema\/logo\/image\/"},"sameAs":["https:\/\/www.facebook.com\/BlaserVisio-191482694639126","https:\/\/www.instagram.com\/blaservisio\/"]}]}},"_links":{"self":[{"href":"https:\/\/www.wblaserag.ch\/it\/wp-json\/wp\/v2\/pages\/4478","targetHints":{"allow":["GET"]}}],"collection":[{"href":"https:\/\/www.wblaserag.ch\/it\/wp-json\/wp\/v2\/pages"}],"about":[{"href":"https:\/\/www.wblaserag.ch\/it\/wp-json\/wp\/v2\/types\/page"}],"author":[{"embeddable":true,"href":"https:\/\/www.wblaserag.ch\/it\/wp-json\/wp\/v2\/users\/1"}],"replies":[{"embeddable":true,"href":"https:\/\/www.wblaserag.ch\/it\/wp-json\/wp\/v2\/comments?post=4478"}],"version-history":[{"count":15,"href":"https:\/\/www.wblaserag.ch\/it\/wp-json\/wp\/v2\/pages\/4478\/revisions"}],"predecessor-version":[{"id":11581,"href":"https:\/\/www.wblaserag.ch\/it\/wp-json\/wp\/v2\/pages\/4478\/revisions\/11581"}],"up":[{"embeddable":true,"href":"https:\/\/www.wblaserag.ch\/it\/wp-json\/wp\/v2\/pages\/4077"}],"wp:attachment":[{"href":"https:\/\/www.wblaserag.ch\/it\/wp-json\/wp\/v2\/media?parent=4478"}],"curies":[{"name":"wp","href":"https:\/\/api.w.org\/{rel}","templated":true}]}}