{"id":8983,"date":"2022-10-24T22:29:32","date_gmt":"2022-10-24T22:29:32","guid":{"rendered":"https:\/\/www.wblaserag.ch\/visio\/cameras-iot-mobile-et-systemes-dassistance\/systemes-de-cameras-avec-intelligence-artificielle-ia\/"},"modified":"2023-09-10T20:11:26","modified_gmt":"2023-09-10T20:11:26","slug":"systemes-de-cameras-avec-intelligence-artificielle-ia","status":"publish","type":"page","link":"https:\/\/www.wblaserag.ch\/fr\/visio\/cameras-iot-mobile-et-systemes-dassistance\/systemes-de-cameras-avec-intelligence-artificielle-ia\/","title":{"rendered":"Syst\u00e8mes de cam\u00e9ras avec intelligence artificielle (IA)"},"content":{"rendered":"\n<div style=\"height:20px\" aria-hidden=\"true\" class=\"wp-block-spacer\"><\/div>\n\n\n\n<h1 class=\"wp-block-heading\">Syst\u00e8mes de cam\u00e9ras avec intelligence artificielle (IA)<\/h1>\n\n\n<div class=\"yoast-breadcrumbs\"><span><span><a href=\"https:\/\/www.wblaserag.ch\/fr\/\">Page d&rsquo;accueil<\/a><\/span> \u00bb <span><a href=\"https:\/\/www.wblaserag.ch\/fr\/visio\/\">BlaserVisio<\/a><\/span> \u00bb <span><a href=\"https:\/\/www.wblaserag.ch\/fr\/visio\/cameras-iot-mobile-et-systemes-dassistance\/\">Cam\u00e9ras, IoT mobile et syst\u00e8mes d&rsquo;assistance<\/a><\/span> \u00bb <span class=\"breadcrumb_last\" aria-current=\"page\">Syst\u00e8mes de cam\u00e9ras avec intelligence artificielle (IA)<\/span><\/span><\/div>\n\n\n<figure class=\"wp-block-image size-full\"><img loading=\"lazy\" decoding=\"async\" width=\"981\" height=\"597\" src=\"https:\/\/www.wblaserag.ch\/wp-content\/uploads\/2022\/10\/20220831_113857.jpg\" alt=\"\" class=\"wp-image-8926\" srcset=\"https:\/\/www.wblaserag.ch\/wp-content\/uploads\/2022\/10\/20220831_113857.jpg 981w, https:\/\/www.wblaserag.ch\/wp-content\/uploads\/2022\/10\/20220831_113857-300x183.jpg 300w, https:\/\/www.wblaserag.ch\/wp-content\/uploads\/2022\/10\/20220831_113857-768x467.jpg 768w\" sizes=\"auto, (max-width: 981px) 100vw, 981px\" \/><\/figure>\n\n\n\n<p class=\"wp-block-paragraph\">Les syst\u00e8mes de cam\u00e9ras BlaserVisio avec fonctions d&rsquo;intelligence artificielle (IA) pour la reconnaissance faciale et la surveillance du conducteur ainsi que la d\u00e9tection des pi\u00e9tons et des v\u00e9hicules aident le conducteur \u00e0 surveiller en permanence son \u00e9tat et la situation routi\u00e8re \u00e0 l&rsquo;ext\u00e9rieur du v\u00e9hicule. Si un \u00e9tat de somnolence ou de distraction est d\u00e9tect\u00e9, le conducteur est averti. Un signal d&rsquo;avertissement est \u00e9galement d\u00e9clench\u00e9 si des pi\u00e9tons ou des v\u00e9hicules sont d\u00e9tect\u00e9s \u00e0 proximit\u00e9 du v\u00e9hicule. En fonction de l\u2019objet \u00e0 d\u00e9tecter, les cam\u00e9ras sont install\u00e9es \u00e0 l&rsquo;int\u00e9rieur ou \u00e0 l&rsquo;ext\u00e9rieur du v\u00e9hicule. Les cam\u00e9ras BlaserVisio d\u2019IA fournissent ainsi une meilleure s\u00e9curit\u00e9 routi\u00e8re. Les syst\u00e8mes de cam\u00e9ras d\u2019IA peuvent \u00eatre utilis\u00e9s dans les voitures, poids lourds, v\u00e9hicules d&rsquo;accompagnement, camions de pompiers, bus, ambulances et autres v\u00e9hicules sp\u00e9ciaux.<\/p>\n\n\n\n<p class=\"wp-block-paragraph\">Table des mati\u00e8res<\/p>\n\n\n\n<ul class=\"is-style-tw-arrow wp-block-list\">\n<li><a href=\"#cam\u00e9ra-d\u2019IA-full-hd-pour-la-surveillance-du-conducteur-et-la-reconnaissance-faciale-\u00e0-l'int\u00e9rieur-du-v\u00e9hicule\">Cam\u00e9ra d\u2019IA Full HD pour la surveillance du conducteur et la reconnaissance faciale \u00e0 l&rsquo;int\u00e9rieur du v\u00e9hicule<\/a><\/li>\n\n\n\n<li><a href=\"#cam\u00e9ra-d\u2019IA-Full-HD-pour-d\u00e9tecter-et-avertir-les-pi\u00e9tons-\u00e0-l'ext\u00e9rieur-du-v\u00e9hicule\">Cam\u00e9ra d\u2019IA Full HD pour d\u00e9tecter et avertir les pi\u00e9tons \u00e0 l&rsquo;ext\u00e9rieur du v\u00e9hicule<\/a><\/li>\n\n\n\n<li><a href=\"#cam\u00e9ra-d\u2019IA-Full-HD-avec-image-thermique-int\u00e9gr\u00e9e-pour-d\u00e9tecter-les-pi\u00e9tons\">Cam\u00e9ra d\u2019IA Full HD avec image thermique int\u00e9gr\u00e9e pour d\u00e9tecter les pi\u00e9tons<\/a><\/li>\n\n\n\n<li><a href=\"#808\">Syst\u00e8me d\u2019IA Birdview avec mini cam\u00e9ras, vue 3D, d\u00e9tection et avertissement des pi\u00e9tons<\/a><\/li>\n\n\n\n<li><a href=\"#syst\u00e8me-d\u2019IA-Birdview-avec-cam\u00e9ras-lat\u00e9rales,-vue-3D,-d\u00e9tection-et-avertissement-des-pi\u00e9tons\">Syst\u00e8me d\u2019IA Birdview avec mini cam\u00e9ras, vue 3D, d\u00e9tection et avertissement des pi\u00e9tons<\/a><\/li>\n\n\n\n<li><a href=\"#capteur-de-distance-radar-avec-avertissement-pour-les-syst\u00e8mes-Birdview\">Capteur de distance radar avec avertissement pour les syst\u00e8mes Birdview<\/a><\/li>\n<\/ul>\n\n\n\n<div class=\"wp-block-buttons is-layout-flex wp-block-buttons-is-layout-flex\">\n<div class=\"wp-block-button is-style-outline is-style-outline--1\"><a class=\"wp-block-button__link has-accent-color has-text-color wp-element-button\" href=\"mailto:info@wblaserag.ch\" style=\"border-radius:6px\">DEMANDER DEVIS<\/a><\/div>\n\n\n<\/div>\n\n\n\n<h2 class=\"wp-block-heading\" id=\"cam\u00e9ra-d\u2019IA-full-hd-pour-la-surveillance-du-conducteur-et-la-reconnaissance-faciale-\u00e0-l'int\u00e9rieur-du-v\u00e9hicule\">Cam\u00e9ra d\u2019IA Full HD pour la surveillance du conducteur et la reconnaissance faciale \u00e0 l&rsquo;int\u00e9rieur du v\u00e9hicule<\/h2>\n\n\n\n<div class=\"wp-block-columns is-layout-flex wp-container-core-columns-is-layout-7387b849 wp-block-columns-is-layout-flex\">\n<div class=\"wp-block-column is-layout-flow wp-block-column-is-layout-flow\">\n<figure class=\"wp-block-image size-full\"><img loading=\"lazy\" decoding=\"async\" width=\"659\" height=\"368\" src=\"https:\/\/www.wblaserag.ch\/wp-content\/uploads\/2022\/10\/K98.C031.DMS-4.png\" alt=\"Cam\u00e9ra d\u2019IA Full HD pour la surveillance du conducteur et la reconnaissance faciale \u00e0 l'int\u00e9rieur du v\u00e9hicule\" class=\"wp-image-8768\" srcset=\"https:\/\/www.wblaserag.ch\/wp-content\/uploads\/2022\/10\/K98.C031.DMS-4.png 659w, https:\/\/www.wblaserag.ch\/wp-content\/uploads\/2022\/10\/K98.C031.DMS-4-300x168.png 300w\" sizes=\"auto, (max-width: 659px) 100vw, 659px\" \/><\/figure>\n<\/div>\n\n\n\n<div class=\"wp-block-column is-layout-flow wp-block-column-is-layout-flow\">\n<figure class=\"wp-block-image size-full\"><img loading=\"lazy\" decoding=\"async\" width=\"801\" height=\"470\" src=\"https:\/\/www.wblaserag.ch\/wp-content\/uploads\/2022\/10\/dms31.png\" alt=\"Cam\u00e9ra d\u2019IA Full HD pour la surveillance du conducteur et la reconnaissance faciale \u00e0 l'int\u00e9rieur du v\u00e9hicule\" class=\"wp-image-8850\" srcset=\"https:\/\/www.wblaserag.ch\/wp-content\/uploads\/2022\/10\/dms31.png 801w, https:\/\/www.wblaserag.ch\/wp-content\/uploads\/2022\/10\/dms31-300x176.png 300w, https:\/\/www.wblaserag.ch\/wp-content\/uploads\/2022\/10\/dms31-768x451.png 768w\" sizes=\"auto, (max-width: 801px) 100vw, 801px\" \/><\/figure>\n<\/div>\n<\/div>\n\n\n\n<div class=\"wp-block-columns is-layout-flex wp-container-core-columns-is-layout-7387b849 wp-block-columns-is-layout-flex\">\n<div class=\"wp-block-column is-layout-flow wp-block-column-is-layout-flow\">\n<figure class=\"wp-block-image size-large\"><img loading=\"lazy\" decoding=\"async\" width=\"1024\" height=\"541\" src=\"https:\/\/www.wblaserag.ch\/wp-content\/uploads\/2022\/12\/distr1-1-1024x541.jpg\" alt=\"\" class=\"wp-image-9017\" srcset=\"https:\/\/www.wblaserag.ch\/wp-content\/uploads\/2022\/12\/distr1-1-1024x541.jpg 1024w, https:\/\/www.wblaserag.ch\/wp-content\/uploads\/2022\/12\/distr1-1-300x158.jpg 300w, https:\/\/www.wblaserag.ch\/wp-content\/uploads\/2022\/12\/distr1-1-768x406.jpg 768w, https:\/\/www.wblaserag.ch\/wp-content\/uploads\/2022\/12\/distr1-1-1536x811.jpg 1536w, https:\/\/www.wblaserag.ch\/wp-content\/uploads\/2022\/12\/distr1-1-2048x1082.jpg 2048w, https:\/\/www.wblaserag.ch\/wp-content\/uploads\/2022\/12\/distr1-1-1200x634.jpg 1200w, https:\/\/www.wblaserag.ch\/wp-content\/uploads\/2022\/12\/distr1-1-1980x1046.jpg 1980w\" sizes=\"auto, (max-width: 1024px) 100vw, 1024px\" \/><\/figure>\n<\/div>\n\n\n\n<div class=\"wp-block-column is-layout-flow wp-block-column-is-layout-flow\">\n<figure class=\"wp-block-image size-large\"><img loading=\"lazy\" decoding=\"async\" width=\"1024\" height=\"575\" src=\"https:\/\/www.wblaserag.ch\/wp-content\/uploads\/2022\/12\/fatigue1-1-1024x575.jpg\" alt=\"\" class=\"wp-image-9022\" srcset=\"https:\/\/www.wblaserag.ch\/wp-content\/uploads\/2022\/12\/fatigue1-1-1024x575.jpg 1024w, https:\/\/www.wblaserag.ch\/wp-content\/uploads\/2022\/12\/fatigue1-1-300x169.jpg 300w, https:\/\/www.wblaserag.ch\/wp-content\/uploads\/2022\/12\/fatigue1-1-768x432.jpg 768w, https:\/\/www.wblaserag.ch\/wp-content\/uploads\/2022\/12\/fatigue1-1-1536x863.jpg 1536w, https:\/\/www.wblaserag.ch\/wp-content\/uploads\/2022\/12\/fatigue1-1-2048x1151.jpg 2048w, https:\/\/www.wblaserag.ch\/wp-content\/uploads\/2022\/12\/fatigue1-1-1200x674.jpg 1200w, https:\/\/www.wblaserag.ch\/wp-content\/uploads\/2022\/12\/fatigue1-1-1980x1113.jpg 1980w\" sizes=\"auto, (max-width: 1024px) 100vw, 1024px\" \/><\/figure>\n<\/div>\n\n\n\n<div class=\"wp-block-column is-layout-flow wp-block-column-is-layout-flow\">\n<figure class=\"wp-block-image size-large\"><img loading=\"lazy\" decoding=\"async\" width=\"1024\" height=\"566\" src=\"https:\/\/www.wblaserag.ch\/wp-content\/uploads\/2022\/12\/phone1-1-1024x566.jpg\" alt=\"\" class=\"wp-image-9028\" srcset=\"https:\/\/www.wblaserag.ch\/wp-content\/uploads\/2022\/12\/phone1-1-1024x566.jpg 1024w, https:\/\/www.wblaserag.ch\/wp-content\/uploads\/2022\/12\/phone1-1-300x166.jpg 300w, https:\/\/www.wblaserag.ch\/wp-content\/uploads\/2022\/12\/phone1-1-768x424.jpg 768w, https:\/\/www.wblaserag.ch\/wp-content\/uploads\/2022\/12\/phone1-1-1536x849.jpg 1536w, https:\/\/www.wblaserag.ch\/wp-content\/uploads\/2022\/12\/phone1-1-2048x1132.jpg 2048w, https:\/\/www.wblaserag.ch\/wp-content\/uploads\/2022\/12\/phone1-1-1200x663.jpg 1200w, https:\/\/www.wblaserag.ch\/wp-content\/uploads\/2022\/12\/phone1-1-1980x1094.jpg 1980w\" sizes=\"auto, (max-width: 1024px) 100vw, 1024px\" \/><\/figure>\n<\/div>\n<\/div>\n\n\n\n<p class=\"wp-block-paragraph\">Num\u00e9ro d&rsquo;article : K98.C031.DMS <\/p>\n\n\n\n<p class=\"wp-block-paragraph\"><strong>Avantages<\/strong><\/p>\n\n\n\n<ul class=\"wp-block-list\">\n<li>Identification du conducteur<\/li>\n\n\n\n<li>Identification et avertissement des comportements potentiellement \u00e0 risque du conducteur, tels que la fatigue, la distraction, l\u2019utilisation du t\u00e9l\u00e9phone lors de la conduite, la cigarette, l&rsquo;interdiction de circulation, etc.<\/li>\n\n\n\n<li>Int\u00e9gration compl\u00e8te avec un enregistreur vid\u00e9o num\u00e9rique mobile (MDVR), alertes en temps r\u00e9el et enregistrement vid\u00e9o d&rsquo;un comportement de conduite anormal<\/li>\n\n\n\n<li>Enregistrement d&rsquo;alarme automatique \u00e0 haute d\u00e9finition (1920 x 1080)<\/li>\n\n\n\n<li>Enregistrement synchrone au d\u00e9clenchement de l&rsquo;alarme (20 sec.)<\/li>\n\n\n\n<li>Enregistrement de la vitesse et de l&#8217;emplacement actuels gr\u00e2ce au module GPS int\u00e9gr\u00e9<\/li>\n\n\n\n<li>Calibrage et configuration de la cam\u00e9ra via une application (Android) gr\u00e2ce au module WiFi int\u00e9gr\u00e9<\/li>\n\n\n\n<li>Identification de l&rsquo;\u00e9tat du conducteur m\u00eame dans de mauvaises conditions d&rsquo;\u00e9clairage gr\u00e2ce \u00e0 la lumi\u00e8re infrarouge int\u00e9gr\u00e9e<\/li>\n\n\n\n<li>Meilleur son d&rsquo;alarme gr\u00e2ce au haut-parleur 2W int\u00e9gr\u00e9<\/li>\n\n\n\n<li>Support de la carte micro SD (jusqu&rsquo;\u00e0 128 Go)<\/li>\n\n\n\n<li>Enregistrement jusqu&rsquo;\u00e0 120 heures plus enregistrement en boucle<\/li>\n<\/ul>\n\n\n\n<p class=\"wp-block-paragraph\"><strong>Caract\u00e9ristiques<\/strong><\/p>\n\n\n\n<figure class=\"wp-block-table is-style-stripes\"><table><tbody><tr><td>alimentation \u00e9lectrique<\/td><td>10~36V DC<\/td><\/tr><tr><td>alimentation \u00e9lectrique<\/td><td>4W max.<\/td><\/tr><tr><td>module cam\u00e9ra int\u00e9gr\u00e9<\/td><td>Full HD, 1920\u00d71080\/25f ou 1920\u00d71080\/30f<\/td><\/tr><tr><td>signal vid\u00e9o<\/td><td>1CH, AHD, 1920\u00d71080\/25f ou 1920\u00d71080\/30f<\/td><\/tr><tr><td>encodage vid\u00e9o<\/td><td>H.264<\/td><\/tr><tr><td>r\u00e9solution<\/td><td>720P ou 1080P<\/td><\/tr><tr><td>enregistrement<\/td><td>MP4, 128G Micro SD Card<\/td><\/tr><tr><td>encodage audio<\/td><td>ADPCM<\/td><\/tr><tr><td>module WiFi<\/td><td>802.11b\/g\/n 150Mbps<\/td><\/tr><tr><td>temp\u00e9rature de fonctionnement<\/td><td>-20\u00b0C ~ +60\u00b0C<\/td><\/tr><tr><td>temp\u00e9rature de stockage<\/td><td>-40\u00b0C ~ +85 \u2103<\/td><\/tr><tr><td>dimensions<\/td><td>110\u00d786.5\u00d764 mm<\/td><\/tr><tr><td>poids<\/td><td>200g<\/td><\/tr><tr><td>GPS<\/td><td>disponible<\/td><\/tr><tr><td>puissance des hauts-parleurs<\/td><td>2W max.<\/td><\/tr><\/tbody><\/table><\/figure>\n\n\n\n<h2 class=\"wp-block-heading\" id=\"cam\u00e9ra-d\u2019IA-Full-HD-pour-d\u00e9tecter-et-avertir-les-pi\u00e9tons-\u00e0-l'ext\u00e9rieur-du-v\u00e9hicule\">Cam\u00e9ra d\u2019IA Full HD pour d\u00e9tecter et avertir les pi\u00e9tons \u00e0 l&rsquo;ext\u00e9rieur du v\u00e9hicule<\/h2>\n\n\n\n<div class=\"wp-block-columns is-layout-flex wp-container-core-columns-is-layout-7387b849 wp-block-columns-is-layout-flex\">\n<div class=\"wp-block-column is-layout-flow wp-block-column-is-layout-flow\">\n<figure class=\"wp-block-image size-full\"><img loading=\"lazy\" decoding=\"async\" width=\"671\" height=\"391\" src=\"https:\/\/www.wblaserag.ch\/wp-content\/uploads\/2022\/10\/K98.C038.140-.png\" alt=\"\" class=\"wp-image-8776\" srcset=\"https:\/\/www.wblaserag.ch\/wp-content\/uploads\/2022\/10\/K98.C038.140-.png 671w, https:\/\/www.wblaserag.ch\/wp-content\/uploads\/2022\/10\/K98.C038.140--300x175.png 300w\" sizes=\"auto, (max-width: 671px) 100vw, 671px\" \/><\/figure>\n<\/div>\n\n\n\n<div class=\"wp-block-column is-layout-flow wp-block-column-is-layout-flow\">\n<figure class=\"wp-block-image size-large\"><img loading=\"lazy\" decoding=\"async\" width=\"1024\" height=\"551\" src=\"https:\/\/www.wblaserag.ch\/wp-content\/uploads\/2022\/10\/c993-1024x551.png\" alt=\"\" class=\"wp-image-8863\" srcset=\"https:\/\/www.wblaserag.ch\/wp-content\/uploads\/2022\/10\/c993-1024x551.png 1024w, https:\/\/www.wblaserag.ch\/wp-content\/uploads\/2022\/10\/c993-300x161.png 300w, https:\/\/www.wblaserag.ch\/wp-content\/uploads\/2022\/10\/c993-768x413.png 768w, https:\/\/www.wblaserag.ch\/wp-content\/uploads\/2022\/10\/c993.png 1077w\" sizes=\"auto, (max-width: 1024px) 100vw, 1024px\" \/><\/figure>\n<\/div>\n<\/div>\n\n\n\n<p class=\"wp-block-paragraph\">Les angles morts des gros v\u00e9hicules posent un probl\u00e8me particulier pour la s\u00e9curit\u00e9 routi\u00e8re. La cam\u00e9ra peut d\u00e9tecter les pi\u00e9tons, les cyclistes et les v\u00e9hicules devant, sur les c\u00f4t\u00e9s et \u00e0 l&rsquo;arri\u00e8re du v\u00e9hicule et d\u00e9clencher des alarmes visuelles et sonores en temps r\u00e9el pour avertir le conducteur des dangers potentiels dehors. La cam\u00e9ra correspond aux normes R151 (r\u00e8glement de la CEE).<\/p>\n\n\n\n<figure class=\"wp-block-image size-full\"><img loading=\"lazy\" decoding=\"async\" width=\"1000\" height=\"500\" src=\"https:\/\/www.wblaserag.ch\/wp-content\/uploads\/2022\/10\/ada38.png\" alt=\"\" class=\"wp-image-8932\" srcset=\"https:\/\/www.wblaserag.ch\/wp-content\/uploads\/2022\/10\/ada38.png 1000w, https:\/\/www.wblaserag.ch\/wp-content\/uploads\/2022\/10\/ada38-300x150.png 300w, https:\/\/www.wblaserag.ch\/wp-content\/uploads\/2022\/10\/ada38-768x384.png 768w\" sizes=\"auto, (max-width: 1000px) 100vw, 1000px\" \/><\/figure>\n\n\n\n<p class=\"wp-block-paragraph\">Num\u00e9ro d\u2019article : K98.C038.140 <\/p>\n\n\n\n<p class=\"wp-block-paragraph\"><strong>Avantages<\/strong><\/p>\n\n\n\n<ul class=\"wp-block-list\">\n<li>Fonction de d\u00e9tection et d&rsquo;avertissement des pi\u00e9tons, cyclistes, e-bikers et v\u00e9hicules<\/li>\n\n\n\n<li>\u00c9cran vid\u00e9o \u00e0 haute r\u00e9solution 1080P avec image alerte pour avertir le conducteur \u00e0 temps<\/li>\n\n\n\n<li>Grand angle de vision et champ de vision pour le conducteur<\/li>\n\n\n\n<li>\u00c9tanch\u00e9it\u00e9, effet antipoussi\u00e8re, antichoc et durabilit\u00e9 en utilisation selon l\u2019IP69K<\/li>\n\n\n\n<li>Avertissement en temps r\u00e9el au conducteur<\/li>\n\n\n\n<li>\u00c9talonnage facile via un lien Web<\/li>\n<\/ul>\n\n\n\n<p class=\"wp-block-paragraph\"><strong>Caract\u00e9ristiques<\/strong><\/p>\n\n\n\n<figure class=\"wp-block-table is-style-stripes\"><table><tbody><tr><td>r\u00e9solution<\/td><td>1920\uff08H\uff09x1080\uff08V)<\/td><\/tr><tr><td>espacement de pixels<\/td><td>2.8\u03bcmx2.8\u03bcm<\/td><\/tr><tr><td>cadence image<\/td><td>25\/30<\/td><\/tr><tr><td>syst\u00e8me de num\u00e9risation<\/td><td>num\u00e9risation progressive<\/td><\/tr><tr><td>syst\u00e8me de synchronisation<\/td><td>interne<\/td><\/tr><tr><td>r\u00e9solution<\/td><td>1080p<\/td><\/tr><tr><td>sortie vid\u00e9o<\/td><td>1.0Vp-p\uff0c75Ohm<\/td><\/tr><tr><td>consommation gamma<\/td><td>0.45<\/td><\/tr><tr><td>rapport signal sur bruit<\/td><td>38dB<\/td><\/tr><tr><td>balance des blancs<\/td><td>automatique<\/td><\/tr><tr><td>exposition<\/td><td>automatique<\/td><\/tr><tr><td>alimentation \u00e9lectrique<\/td><td>DC10~32V<\/td><\/tr><tr><td>temp\u00e9rature de fonctionnement<\/td><td>\u201320\u2103~70\u2103, RH95% MAX.<\/td><\/tr><tr><td>temp\u00e9rature de stockage<\/td><td>\u201330\u2103~80\u2103, RH95% MAX.<\/td><\/tr><tr><td>indice d&rsquo;\u00e9tanch\u00e9it\u00e9<\/td><td>IP69K<\/td><\/tr><tr><td>anti-vibration<\/td><td>ISO 16750-3\uff085.9G\uff09<\/td><\/tr><tr><td>angle de vue apr\u00e8s correction<\/td><td>vue lat\u00e9rale verticale : 6 mm\/ 52\u00b0\nangle \u00e9troit horizontal : 6 mm\/52\u00b0\ngrand angle horizontal : 2,3 mm\/140\u00b0\nvue de dessous : 1,45 mm \/\n170\u00b0 &amp; 1,99 mm \/ 150\u00b0<\/td><\/tr><tr><td>audio<\/td><td>disponible<\/td><\/tr><tr><td>\u00e9clairage minimal <\/td><td>0.01 Lux<\/td><\/tr><tr><td>distance de d\u00e9tection<\/td><td>vue lat\u00e9rale verticale : 0,5 ~ 20 m\nangle \u00e9troit horizontal : 0,5 ~ 20 m\ngrand angle horizontal : 0,5-~12 m\nvue vers le bas : 8 m\/10 m<\/td><\/tr><tr><td>mode image<\/td><td>r\u00e9troviseur\/image normale, mode commutable<\/td><\/tr><\/tbody><\/table><\/figure>\n\n\n\n<h2 class=\"wp-block-heading\" id=\"cam\u00e9ra-d\u2019IA-Full-HD-avec-image-thermique-int\u00e9gr\u00e9e-pour-d\u00e9tecter-les-pi\u00e9tons\">Cam\u00e9ra d\u2019IA Full HD avec image thermique int\u00e9gr\u00e9e pour d\u00e9tecter les pi\u00e9tons<\/h2>\n\n\n\n<div class=\"wp-block-columns is-layout-flex wp-container-core-columns-is-layout-7387b849 wp-block-columns-is-layout-flex\">\n<div class=\"wp-block-column is-layout-flow wp-block-column-is-layout-flow\">\n<figure class=\"wp-block-image size-full is-resized\"><img loading=\"lazy\" decoding=\"async\" src=\"https:\/\/www.wblaserag.ch\/wp-content\/uploads\/2022\/10\/K98.C993.KIC-2.png\" alt=\"\" class=\"wp-image-8790\" style=\"width:484px;height:278px\" width=\"484\" height=\"278\" srcset=\"https:\/\/www.wblaserag.ch\/wp-content\/uploads\/2022\/10\/K98.C993.KIC-2.png 645w, https:\/\/www.wblaserag.ch\/wp-content\/uploads\/2022\/10\/K98.C993.KIC-2-300x173.png 300w\" sizes=\"auto, (max-width: 484px) 100vw, 484px\" \/><\/figure>\n<\/div>\n\n\n\n<div class=\"wp-block-column is-layout-flow wp-block-column-is-layout-flow\">\n<figure class=\"wp-block-image size-full\"><img loading=\"lazy\" decoding=\"async\" width=\"1019\" height=\"404\" src=\"https:\/\/www.wblaserag.ch\/wp-content\/uploads\/2022\/10\/ki-waermebild.png\" alt=\"\" class=\"wp-image-8868\" srcset=\"https:\/\/www.wblaserag.ch\/wp-content\/uploads\/2022\/10\/ki-waermebild.png 1019w, https:\/\/www.wblaserag.ch\/wp-content\/uploads\/2022\/10\/ki-waermebild-300x119.png 300w, https:\/\/www.wblaserag.ch\/wp-content\/uploads\/2022\/10\/ki-waermebild-768x304.png 768w\" sizes=\"auto, (max-width: 1019px) 100vw, 1019px\" \/><\/figure>\n<\/div>\n<\/div>\n\n\n\n<p class=\"wp-block-paragraph\">La cam\u00e9ra d\u2019IA Full HD avec image thermique int\u00e9gr\u00e9e pour d\u00e9tecter les pi\u00e9tons est capable de d\u00e9tecter des objets dans l\u2019obscurit\u00e9 totale, le brouillard et l&rsquo;\u00e9blouissement en combinant l&rsquo;imagerie thermique avec la lumi\u00e8re visible ce qui permet de reconna\u00eetre les pi\u00e9tons et les v\u00e9hicules et afficher leurs images simultan\u00e9ment. Le syst\u00e8me de cam\u00e9ra offre une d\u00e9tection rapide et pr\u00e9cise, une stabilit\u00e9 et une installation facile. Il peut \u00eatre utilis\u00e9 dans les machines de chantier, entre autres, pour assurer la s\u00e9curit\u00e9 de fonctionnement. <\/p>\n\n\n\n<figure class=\"wp-block-image size-full\"><img loading=\"lazy\" decoding=\"async\" width=\"1000\" height=\"500\" src=\"https:\/\/www.wblaserag.ch\/wp-content\/uploads\/2022\/10\/kamera-wa\u0308rmebild-3.png\" alt=\"\" class=\"wp-image-8958\" srcset=\"https:\/\/www.wblaserag.ch\/wp-content\/uploads\/2022\/10\/kamera-wa\u0308rmebild-3.png 1000w, https:\/\/www.wblaserag.ch\/wp-content\/uploads\/2022\/10\/kamera-wa\u0308rmebild-3-300x150.png 300w, https:\/\/www.wblaserag.ch\/wp-content\/uploads\/2022\/10\/kamera-wa\u0308rmebild-3-768x384.png 768w\" sizes=\"auto, (max-width: 1000px) 100vw, 1000px\" \/><\/figure>\n\n\n\n<p class=\"wp-block-paragraph\">Num\u00e9ro d\u2019article : K98.C993.KIC <\/p>\n\n\n\n<p class=\"wp-block-paragraph\"><strong>Avantages<\/strong><\/p>\n\n\n\n<ul class=\"wp-block-list\">\n<li>Installation facile<\/li>\n\n\n\n<li>\u00c9tanch\u00e9it\u00e9 et effet antipoussi\u00e8re selon l\u2019IP69K<\/li>\n\n\n\n<li>Indice anti-vibrations 5,9 G<\/li>\n\n\n\n<li>Port\u00e9e de d\u00e9tection des pi\u00e9tons : 0,5 \u00e0 15 m<\/li>\n\n\n\n<li>Port\u00e9e de d\u00e9tection de v\u00e9hicule : 0,5 \u00e0 40 m<\/li>\n\n\n\n<li>Lentille de la cam\u00e9ra infrarouge : 3,2 mm. Angle de vue horizontal : 53\u00b0<\/li>\n\n\n\n<li>Objectif de cam\u00e9ra lumi\u00e8re visible : 6 mm\/2,3 mm. Angle de vue horizontal : 50\u00b0\/140\u00b0<\/li>\n\n\n\n<li>Sortie vid\u00e9o Full HD 1920 x 1080P<\/li>\n\n\n\n<li>Double \u00e9cran : l&rsquo;image infrarouge superpose sur une petite partie de l&rsquo;image<\/li>\n\n\n\n<li>Sortie audio d&rsquo;alarme pour moniteur ou autres appareils avec haut-parleurs pour d\u00e9clencher des alarmes sonores<\/li>\n\n\n\n<li>Configuration et calibrage de la cam\u00e9ra sur le Web ou sur un appareil mobile via Wi-Fi<\/li>\n\n\n\n<li>Mise \u00e0 jour automatique via cl\u00e9 USB<\/li>\n<\/ul>\n\n\n\n<p class=\"wp-block-paragraph\"><strong>Caract\u00e9ristiques<\/strong><\/p>\n\n\n\n<figure class=\"wp-block-table is-style-stripes\"><table><tbody><tr><td>alimentation \u00e9lectrique<\/td><td>10 jusqu\u2019\u00e0 36V DC<\/td><\/tr><tr><td>consommation maximale<\/td><td>2.5 W<\/td><\/tr><tr><td>connexion externe<\/td><td>connecteur de souris \u00e0 8 broches sur l&rsquo;appareil ; prise souris 4 broches (alimentation, vid\u00e9o, audio), prise USB2.0 et ligne de sortie d&rsquo;alarme I\/O sur le c\u00e2ble de transmission<\/td><\/tr><tr><td>module cam\u00e9ra infrarouge<\/td><td>256X192\/25f<\/td><\/tr><tr><td>module de cam\u00e9ra \u00e0 lumi\u00e8re visible int\u00e9gr\u00e9<\/td><td>1920x1080P\/25f ou  1920x1080P\/30f<\/td><\/tr><tr><td>sortie vid\u00e9o<\/td><td>1CH, AHD, 1920X1080P<\/td><\/tr><tr><td>temp\u00e9rature de fonctionnement<\/td><td>-20\u00b0C jusqu\u2019\u00e0 +70\u00b0C<\/td><\/tr><tr><td>temp\u00e9rature de stockage<\/td><td>-40\u00b0C jusqu\u2019\u00e0 +85\u00b0C<\/td><\/tr><tr><td>dimensions de la cam\u00e9ra infrarouge<\/td><td>83x73x38 mm<\/td><\/tr><tr><td>dimensions de la cam\u00e9ra \u00e0 lumi\u00e8re visible<\/td><td>95x60x70 mm<\/td><\/tr><tr><td>poids<\/td><td>640g<\/td><\/tr><tr><td>couleur<\/td><td>noir<\/td><\/tr><\/tbody><\/table><\/figure>\n\n\n\n<h2 class=\"wp-block-heading\" id=\"digital-recorder-birdview\">Enregistreur num\u00e9rique d\u2019IA tout-en-un, Birdview, vue 3D, d\u00e9tection et alerte des pi\u00e9tons<\/h2>\n\n\n\n<div class=\"wp-block-columns is-layout-flex wp-container-core-columns-is-layout-7387b849 wp-block-columns-is-layout-flex\">\n<div class=\"wp-block-column is-layout-flow wp-block-column-is-layout-flow\">\n<figure class=\"wp-block-image size-full is-resized\"><img loading=\"lazy\" decoding=\"async\" src=\"https:\/\/www.wblaserag.ch\/wp-content\/uploads\/2022\/10\/K98.D426.000.jpg\" alt=\"\" class=\"wp-image-8795\" style=\"width:290px;height:218px\" width=\"290\" height=\"218\" srcset=\"https:\/\/www.wblaserag.ch\/wp-content\/uploads\/2022\/10\/K98.D426.000.jpg 940w, https:\/\/www.wblaserag.ch\/wp-content\/uploads\/2022\/10\/K98.D426.000-300x226.jpg 300w, https:\/\/www.wblaserag.ch\/wp-content\/uploads\/2022\/10\/K98.D426.000-768x578.jpg 768w\" sizes=\"auto, (max-width: 290px) 100vw, 290px\" \/><\/figure>\n<\/div>\n\n\n\n<div class=\"wp-block-column is-layout-flow wp-block-column-is-layout-flow\">\n<figure class=\"wp-block-image size-full\"><img loading=\"lazy\" decoding=\"async\" width=\"995\" height=\"589\" src=\"https:\/\/www.wblaserag.ch\/wp-content\/uploads\/2022\/10\/D456.png\" alt=\"\" class=\"wp-image-8873\" srcset=\"https:\/\/www.wblaserag.ch\/wp-content\/uploads\/2022\/10\/D456.png 995w, https:\/\/www.wblaserag.ch\/wp-content\/uploads\/2022\/10\/D456-300x178.png 300w, https:\/\/www.wblaserag.ch\/wp-content\/uploads\/2022\/10\/D456-768x455.png 768w\" sizes=\"auto, (max-width: 995px) 100vw, 995px\" \/><\/figure>\n<\/div>\n<\/div>\n\n\n\n<p class=\"wp-block-paragraph\">L&rsquo;appareil tout-en-un utilise un processeur multic\u0153ur et un puissant r\u00e9seau neuronal int\u00e9gr\u00e9 avec APC, ADAS, DMS, BSD, 360 et d&rsquo;autres algorithmes. Il peut surveiller toutes les situations anormales en temps r\u00e9el et collecter des donn\u00e9es en temps r\u00e9el.<\/p>\n\n\n\n<figure class=\"wp-block-image size-full\"><img loading=\"lazy\" decoding=\"async\" width=\"1000\" height=\"500\" src=\"https:\/\/www.wblaserag.ch\/wp-content\/uploads\/2022\/10\/system-with-recorder-.png\" alt=\"\" class=\"wp-image-8938\" srcset=\"https:\/\/www.wblaserag.ch\/wp-content\/uploads\/2022\/10\/system-with-recorder-.png 1000w, https:\/\/www.wblaserag.ch\/wp-content\/uploads\/2022\/10\/system-with-recorder--300x150.png 300w, https:\/\/www.wblaserag.ch\/wp-content\/uploads\/2022\/10\/system-with-recorder--768x384.png 768w\" sizes=\"auto, (max-width: 1000px) 100vw, 1000px\" \/><\/figure>\n\n\n\n<p class=\"wp-block-paragraph\">Num\u00e9ro d\u2019article : K98.D456.512<\/p>\n\n\n\n<p class=\"wp-block-paragraph\"><strong>Avantages<\/strong><\/p>\n\n\n\n<ul class=\"wp-block-list\">\n<li>\u00c9tanch\u00e9it\u00e9 selon l\u2019IP69K <\/li>\n\n\n\n<li>Statistiques de flux de passagers disponibles gr\u00e2ce \u00e0 une technologie d&rsquo;apprentissage en profondeur pour la d\u00e9tection et le suivi des mouvements de personnes en temps r\u00e9el<\/li>\n\n\n\n<li>Assistance \u00e0 la conduite, surveillance de l\u2019\u00e9tat de somnolence, vision panoramique \u00e0 360\u00b0, d\u00e9tection des angles morts et autres fonctions disponibles gr\u00e2ce aux algorithmes ADAS+DMS+BSD\/360\u00b0 et ADAS+DMS+BSD\/360\u00b0<\/li>\n\n\n\n<li>Enregistrement vid\u00e9o avec Full HD, prise en charge de plusieurs modes pour d\u00e9clencher l&rsquo;enregistrement et le pr\u00e9-enregistrement de 10 secondes pour la collecte de preuves<\/li>\n\n\n\n<li>Double encodage H.264\/H.265 qui optimise l&rsquo;utilisation de l&rsquo;espace disque et du trafic r\u00e9seau sans fil, aussi bien que l\u2019int\u00e9gration de l&rsquo;IA avec le traitement des domaines d\u2019int\u00e9r\u00eat<\/li>\n\n\n\n<li>Gestion de flotte PC\/ surveillance des terminaux mobiles \u00e0 distance en temps r\u00e9el, historique et requ\u00eate vid\u00e9o<\/li>\n\n\n\n<li>Utilisation pratique via l&rsquo;\u00e9cran tactile HD et la t\u00e9l\u00e9commande IR<\/li>\n\n\n\n<li>S\u00e9curit\u00e9 des donn\u00e9es gr\u00e2ce au cryptage SSL, transmission HTTPS s\u00e9curis\u00e9e, stockage Amazon S3 et protection contre les pannes de courant avec des supercondensateurs<\/li>\n\n\n\n<li>Capteurs tels que radar, OBD, interphone, vitesse, pression des pneus, consommation de carburant, temp\u00e9rature, interrupteur de porte, poids du v\u00e9hicule, vibreur et autres capteurs<\/li>\n<\/ul>\n\n\n\n<h2 class=\"wp-block-heading\" id=\"808\">Syst\u00e8me d\u2019IA Birdview avec mini cam\u00e9ras, vue 3D, d\u00e9tection et avertissement des pi\u00e9tons<\/h2>\n\n\n\n<div class=\"wp-block-columns is-layout-flex wp-container-core-columns-is-layout-7387b849 wp-block-columns-is-layout-flex\">\n<div class=\"wp-block-column is-layout-flow wp-block-column-is-layout-flow\">\n<figure class=\"wp-block-image size-full is-resized\"><img loading=\"lazy\" decoding=\"async\" src=\"https:\/\/www.wblaserag.ch\/wp-content\/uploads\/2022\/10\/K98.BV3D.808.png\" alt=\"\" class=\"wp-image-8806\" style=\"width:427px;height:288px\" width=\"427\" height=\"288\" srcset=\"https:\/\/www.wblaserag.ch\/wp-content\/uploads\/2022\/10\/K98.BV3D.808.png 853w, https:\/\/www.wblaserag.ch\/wp-content\/uploads\/2022\/10\/K98.BV3D.808-300x203.png 300w, https:\/\/www.wblaserag.ch\/wp-content\/uploads\/2022\/10\/K98.BV3D.808-768x519.png 768w\" sizes=\"auto, (max-width: 427px) 100vw, 427px\" \/><\/figure>\n<\/div>\n\n\n\n<div class=\"wp-block-column is-layout-flow wp-block-column-is-layout-flow\">\n<figure class=\"wp-block-embed is-type-rich is-provider-prise-en-charge-des-contenus-embarques wp-block-embed-prise-en-charge-des-contenus-embarques\"><div class=\"wp-block-embed__wrapper\">\n<div style=\"width: 580px;\" class=\"wp-video\"><video class=\"wp-video-shortcode\" id=\"video-8983-1\" width=\"580\" height=\"326\" preload=\"metadata\" controls=\"controls\"><source type=\"video\/mp4\" src=\"https:\/\/www.wblaserag.ch\/wp-content\/uploads\/2022\/10\/360\u00b0_System_mit_KI.mp4?_=1\" \/><a href=\"https:\/\/www.wblaserag.ch\/wp-content\/uploads\/2022\/10\/360\u00b0_System_mit_KI.mp4\">https:\/\/www.wblaserag.ch\/wp-content\/uploads\/2022\/10\/360\u00b0_System_mit_KI.mp4<\/a><\/video><\/div>\n<\/div><\/figure>\n<\/div>\n<\/div>\n\n\n\n<figure class=\"wp-block-image size-full\"><img loading=\"lazy\" decoding=\"async\" width=\"733\" height=\"232\" src=\"https:\/\/www.wblaserag.ch\/wp-content\/uploads\/2022\/10\/20220505_092404-1-transformed.jpeg\" alt=\"\" class=\"wp-image-8887\" srcset=\"https:\/\/www.wblaserag.ch\/wp-content\/uploads\/2022\/10\/20220505_092404-1-transformed.jpeg 733w, https:\/\/www.wblaserag.ch\/wp-content\/uploads\/2022\/10\/20220505_092404-1-transformed-300x95.jpeg 300w\" sizes=\"auto, (max-width: 733px) 100vw, 733px\" \/><figcaption class=\"wp-element-caption\">Affichage radar sur un moniteur 2D et 3D<\/figcaption><\/figure>\n\n\n\n<p class=\"wp-block-paragraph\">Le syst\u00e8me de cam\u00e9ra offre une v\u00e9ritable vue panoramique \u00e0 360\u00b0 et \u00e9limine les angles morts. Il utilise une technologie de synth\u00e8se d&rsquo;images panoramiques qui simule une v\u00e9ritable sc\u00e8ne de conduite en 3D. Il se caract\u00e9rise par une installation facile et un calibrage automatique. Le syst\u00e8me de cam\u00e9ra a \u00e9t\u00e9 sp\u00e9cialement d\u00e9velopp\u00e9 pour les camions, les bus et les v\u00e9hicules d&rsquo;urgence et est compatible avec le syst\u00e8me radar.<\/p>\n\n\n\n<p class=\"wp-block-paragraph\">Num\u00e9ro d\u2019article : K98.BV3D.808<\/p>\n\n\n\n<p class=\"wp-block-paragraph\"><strong>Avantages<\/strong><\/p>\n\n\n\n<ul class=\"wp-block-list\">\n<li>Entr\u00e9e et sortie vid\u00e9o Full HD avec un d\u00e9lai d&rsquo;image jusqu&rsquo;\u00e0 150 ms<\/li>\n\n\n\n<li>\u00c9talonnage automatique en 60 secondes<\/li>\n\n\n\n<li>Image 3D\/2D commutable ainsi que format paysage et portrait en option<\/li>\n\n\n\n<li>Enregistrement vid\u00e9o : 2 cartes SD de 512 Go<\/li>\n\n\n\n<li>Fonction FCW int\u00e9gr\u00e9e<\/li>\n\n\n\n<li>Cam\u00e9ra de recul avec technologie 3D qui couvre et fusionne toutes les voies de circulation<\/li>\n\n\n\n<li>Fusionnement d&rsquo;image rapide et fluide avec un temps de latence r\u00e9duit<\/li>\n\n\n\n<li>Prise en charge de la sortie vid\u00e9o RTSP<\/li>\n\n\n\n<li>Compatibilit\u00e9 avec les radars et capteurs de stationnement,<\/li>\n\n\n\n<li>Prise en charge de la superposition vid\u00e9o et audio en temps r\u00e9el pour alerter le conducteur<\/li>\n\n\n\n<li>Prise en charge des cam\u00e9ras IP, connexion de plusieurs cam\u00e9ras, fournissement de plusieurs vues<\/li>\n\n\n\n<li>Compatibilit\u00e9 avec les cam\u00e9ras de d\u00e9tection de pi\u00e9tons<\/li>\n\n\n\n<li>Temp\u00e9rature de fonctionnement -20\u00baC ~ +70\u00baC<\/li>\n\n\n\n<li>Vision nocturne \u00e0 faible lux : Visible en dessous de 0,1 lux, sans lumi\u00e8re infrarouge<\/li>\n\n\n\n<li>Suivi GPS en option<\/li>\n<\/ul>\n\n\n\n<p class=\"wp-block-paragraph\"><strong>Caract\u00e9ristiques<\/strong><\/p>\n\n\n\n<figure class=\"wp-block-table is-style-stripes\"><table><tbody><tr><td>entr\u00e9e vid\u00e9o<\/td><td>4CH\u00d71080P@25fps \/ 1080P@30fps max.<\/td><\/tr><tr><td>mode d&rsquo;affichage<\/td><td>2D\/3D<\/td><\/tr><tr><td>r\u00e9solution<\/td><td>1080P<\/td><\/tr><tr><td>taux de rafra\u00eechissement de sortie<\/td><td>25\/30fps<\/td><\/tr><tr><td>m\u00e9moire<\/td><td>2\u00d7512GB SD Card max.<\/td><\/tr><tr><td>encodage compress\u00e9<\/td><td>4CH\u00d71080P H.264 max. <\/td><\/tr><tr><td>flux vid\u00e9o<\/td><td>4M\/2M<\/td><\/tr><tr><td>tension de fonctionnement<\/td><td>10-32V<\/td><\/tr><tr><td>plage de tension de fonctionnement pour les signaux de d\u00e9clenchement externes<\/td><td>10-32V<\/td><\/tr><tr><td>courant de fonctionnement \u00e9lectrique<\/td><td><\/td><\/tr><tr><td>temp\u00e9rature de fonctionnement<\/td><td>-20\u2103-70\u2103<\/td><\/tr><tr><td>temp\u00e9rature de stockage<\/td><td>\u201340\u2103 ~85\u2103<\/td><\/tr><tr><td>tension de fonctionnement<\/td><td>10%-90%<\/td><\/tr><\/tbody><\/table><\/figure>\n\n\n\n<h2 class=\"wp-block-heading\" id=\"syst\u00e8me-d\u2019IA-Birdview-avec-cam\u00e9ras-lat\u00e9rales,-vue-3D,-d\u00e9tection-et-avertissement-des-pi\u00e9tons\">Syst\u00e8me d\u2019IA Birdview avec cam\u00e9ras lat\u00e9rales, vue 3D, d\u00e9tection et avertissement des pi\u00e9tons<\/h2>\n\n\n\n<div class=\"wp-block-columns is-layout-flex wp-container-core-columns-is-layout-7387b849 wp-block-columns-is-layout-flex\">\n<div class=\"wp-block-column is-layout-flow wp-block-column-is-layout-flow\">\n<figure class=\"wp-block-image size-full is-resized\"><img loading=\"lazy\" decoding=\"async\" src=\"https:\/\/www.wblaserag.ch\/wp-content\/uploads\/2022\/10\/K98.BV3D.410.png\" alt=\"\" class=\"wp-image-8812\" style=\"width:290px;height:196px\" width=\"290\" height=\"196\" srcset=\"https:\/\/www.wblaserag.ch\/wp-content\/uploads\/2022\/10\/K98.BV3D.410.png 853w, https:\/\/www.wblaserag.ch\/wp-content\/uploads\/2022\/10\/K98.BV3D.410-300x203.png 300w, https:\/\/www.wblaserag.ch\/wp-content\/uploads\/2022\/10\/K98.BV3D.410-768x519.png 768w\" sizes=\"auto, (max-width: 290px) 100vw, 290px\" \/><\/figure>\n<\/div>\n\n\n\n<div class=\"wp-block-column is-layout-flow wp-block-column-is-layout-flow\">\n<figure class=\"wp-block-embed is-type-rich is-provider-prise-en-charge-des-contenus-embarques wp-block-embed-prise-en-charge-des-contenus-embarques\"><div class=\"wp-block-embed__wrapper\">\n<div style=\"width: 580px;\" class=\"wp-video\"><video class=\"wp-video-shortcode\" id=\"video-8983-2\" width=\"580\" height=\"326\" preload=\"metadata\" controls=\"controls\"><source type=\"video\/mp4\" src=\"https:\/\/www.wblaserag.ch\/wp-content\/uploads\/2022\/10\/360\u00b0_System_mit_KI.mp4?_=2\" \/><a href=\"https:\/\/www.wblaserag.ch\/wp-content\/uploads\/2022\/10\/360\u00b0_System_mit_KI.mp4\">https:\/\/www.wblaserag.ch\/wp-content\/uploads\/2022\/10\/360\u00b0_System_mit_KI.mp4<\/a><\/video><\/div>\n<\/div><\/figure>\n<\/div>\n<\/div>\n\n\n\n<p class=\"wp-block-paragraph\">Le syst\u00e8me de cam\u00e9ra AI offre une v\u00e9ritable vue panoramique \u00e0 360\u00b0 et \u00e9limine les angles morts. Il utilise la technologie de synth\u00e8se d&rsquo;images panoramiques, qui simule une v\u00e9ritable sc\u00e8ne de conduite en 3D. Il se caract\u00e9rise par une installation facile et un calibrage automatique. Le syst\u00e8me de cam\u00e9ra a \u00e9t\u00e9 sp\u00e9cialement d\u00e9velopp\u00e9 pour les camions, les bus et les v\u00e9hicules d&rsquo;urgence et peut \u00eatre combin\u00e9 avec le syst\u00e8me de d\u00e9tection radar.<\/p>\n\n\n\n<p class=\"wp-block-paragraph\">Num\u00e9ro d\u2019article : K98.BV3D.410<\/p>\n\n\n\n<p class=\"wp-block-paragraph\"><strong>Avantages<\/strong><\/p>\n\n\n\n<ul class=\"wp-block-list\">\n<li>Entr\u00e9e et sortie vid\u00e9o Full HD avec un d\u00e9lai d&rsquo;image jusqu&rsquo;\u00e0 150 ms<\/li>\n\n\n\n<li>\u00c9talonnage automatique en 60 secondes<\/li>\n\n\n\n<li>Image 3D\/2D commutable ainsi que format paysage et portrait en option<\/li>\n\n\n\n<li>Enregistrement vid\u00e9o : 2 cartes SD de 512 Go<\/li>\n\n\n\n<li>Fonction FCW int\u00e9gr\u00e9e<\/li>\n\n\n\n<li>Cam\u00e9ra de recul avec technologie 3D qui couvre et fusionne toutes les voies de circulation<\/li>\n\n\n\n<li>Fusionnement d&rsquo;image rapide et fluide avec un temps de latence r\u00e9duit<\/li>\n\n\n\n<li>Prise en charge de la sortie vid\u00e9o RTSP<\/li>\n\n\n\n<li>Compatibilit\u00e9 avec les radars et capteurs de stationnement,<\/li>\n\n\n\n<li>Prise en charge de la superposition vid\u00e9o et audio en temps r\u00e9el pour alerter le conducteur<\/li>\n\n\n\n<li>Prise en charge des cam\u00e9ras IP, connexion de plusieurs cam\u00e9ras, fournissement de plusieurs vues<\/li>\n\n\n\n<li>Compatibilit\u00e9 avec les cam\u00e9ras de d\u00e9tection de pi\u00e9tons<\/li>\n\n\n\n<li>Temp\u00e9rature de fonctionnement -20\u00baC ~ +70\u00baC<\/li>\n\n\n\n<li>Vision nocturne \u00e0 faible lux : Visible en dessous de 0,1 lux, sans lumi\u00e8re infrarouge<\/li>\n\n\n\n<li>Suivi GPS en option<\/li>\n<\/ul>\n\n\n\n<p class=\"wp-block-paragraph\"><strong>Caract\u00e9ristiques<\/strong><\/p>\n\n\n\n<figure class=\"wp-block-table is-style-stripes\"><table><tbody><tr><td>entr\u00e9e vid\u00e9o<\/td><td>4CH\u00d71080P@25fps \/ 1080P@30fps max.<\/td><\/tr><tr><td>mode d&rsquo;affichage<\/td><td>2D\/3D<\/td><\/tr><tr><td>r\u00e9solution<\/td><td>1080P<\/td><\/tr><tr><td>taux de rafra\u00eechissement de sortie<\/td><td>25\/30fps<\/td><\/tr><tr><td>m\u00e9moire<\/td><td>2\u00d7512GB SD Card max.<\/td><\/tr><tr><td>encodage compress\u00e9<\/td><td>4CH\u00d71080P H.264 max.<\/td><\/tr><tr><td>flux vid\u00e9o<\/td><td>4M\/2M<\/td><\/tr><tr><td>tension de fonctionnement<\/td><td>10-32V<\/td><\/tr><tr><td>plage de tension de fonctionnement pour les signaux de d\u00e9clenchement externes<\/td><td>10-32V<\/td><\/tr><tr><td>courant de fonctionnement \u00e9lectrique<\/td><td><\/td><\/tr><tr><td>temp\u00e9rature de fonctionnement<\/td><td>-20\u2103-70\u2103<\/td><\/tr><tr><td>temp\u00e9rature de stockage<\/td><td>\u201340\u2103 ~85\u2103<\/td><\/tr><tr><td>humidit\u00e9 de fonctionnement<\/td><td>10%-90%<\/td><\/tr><\/tbody><\/table><\/figure>\n\n\n\n<h2 class=\"wp-block-heading\" id=\"capteur-de-distance-radar-avec-avertissement-pour-les-syst\u00e8mes-Birdview\">Capteur de distance radar avec avertissement pour les syst\u00e8mes Birdview<\/h2>\n\n\n\n<p class=\"wp-block-paragraph\">Le syst\u00e8me de capteurs de radar en recul est compatible avec tous les types de moniteurs et de cam\u00e9ras de recul et permet l&rsquo;int\u00e9gration de l&rsquo;affichage de recul, de la distance des obstacles et de l\u2019avertissement sonore.<\/p>\n\n\n\n<div class=\"wp-block-columns is-layout-flex wp-container-core-columns-is-layout-7387b849 wp-block-columns-is-layout-flex\">\n<div class=\"wp-block-column is-layout-flow wp-block-column-is-layout-flow\">\n<figure class=\"wp-block-image size-full is-resized\"><img loading=\"lazy\" decoding=\"async\" src=\"https:\/\/www.wblaserag.ch\/wp-content\/uploads\/2022\/10\/1649316375539.jpg\" alt=\"\" class=\"wp-image-8832\" style=\"width:289px;height:295px\" width=\"289\" height=\"295\" srcset=\"https:\/\/www.wblaserag.ch\/wp-content\/uploads\/2022\/10\/1649316375539.jpg 663w, https:\/\/www.wblaserag.ch\/wp-content\/uploads\/2022\/10\/1649316375539-295x300.jpg 295w\" sizes=\"auto, (max-width: 289px) 100vw, 289px\" \/><\/figure>\n<\/div>\n\n\n\n<div class=\"wp-block-column is-layout-flow wp-block-column-is-layout-flow\">\n<figure class=\"wp-block-image size-large\"><img loading=\"lazy\" decoding=\"async\" width=\"1024\" height=\"689\" src=\"https:\/\/www.wblaserag.ch\/wp-content\/uploads\/2022\/10\/radar-1024x689.png\" alt=\"\" class=\"wp-image-8844\" srcset=\"https:\/\/www.wblaserag.ch\/wp-content\/uploads\/2022\/10\/radar-1024x689.png 1024w, https:\/\/www.wblaserag.ch\/wp-content\/uploads\/2022\/10\/radar-300x202.png 300w, https:\/\/www.wblaserag.ch\/wp-content\/uploads\/2022\/10\/radar-768x517.png 768w, https:\/\/www.wblaserag.ch\/wp-content\/uploads\/2022\/10\/radar.png 1075w\" sizes=\"auto, (max-width: 1024px) 100vw, 1024px\" \/><\/figure>\n<\/div>\n<\/div>\n\n\n\n<p class=\"wp-block-paragraph\">Num\u00e9ro d\u2019article : K98.RABS.A09<\/p>\n\n\n\n<p class=\"wp-block-paragraph\"><strong>Avantages<\/strong><\/p>\n\n\n\n<ul class=\"wp-block-list\">\n<li>4 capteurs de recul<\/li>\n\n\n\n<li>Distance de d\u00e9tection : 0,60 ~ 5,00 m<\/li>\n\n\n\n<li>Meilleure distance de d\u00e9tection : 0,60-3,00 m<\/li>\n\n\n\n<li>D\u00e9tecteur \u00e0 ultrasons tr\u00e8s sensible avec une fr\u00e9quence de 40KHz<\/li>\n\n\n\n<li>Couleur des capteurs : noir (par d\u00e9faut)<\/li>\n\n\n\n<li>Unit\u00e9 d&rsquo;affichage : M ou FT en option<\/li>\n\n\n\n<li>Avertissement vocal en option<\/li>\n\n\n\n<li>Volume de la cam\u00e9ra r\u00e9glable<\/li>\n\n\n\n<li>Alimentation : DC10-18V<\/li>\n\n\n\n<li>Temp\u00e9rature de fonctionnement : -20\u2103-70\u2103 RH95% max.<\/li>\n\n\n\n<li>Temp\u00e9rature de stockage : -40\u2103-80\u2103 RH95% max.<\/li>\n<\/ul>\n","protected":false},"excerpt":{"rendered":"<p>Syst\u00e8mes de cam\u00e9ras avec intelligence artificielle (IA) Les syst\u00e8mes de cam\u00e9ras BlaserVisio avec fonctions d&rsquo;intelligence artificielle (IA) pour la reconnaissance faciale et la surveillance du conducteur ainsi que la d\u00e9tection des pi\u00e9tons et des v\u00e9hicules aident le conducteur \u00e0 surveiller en permanence son \u00e9tat et la situation routi\u00e8re \u00e0 l&rsquo;ext\u00e9rieur du v\u00e9hicule. Si un \u00e9tat&hellip;<\/p>\n","protected":false},"author":1,"featured_media":0,"parent":3255,"menu_order":0,"comment_status":"closed","ping_status":"closed","template":"tw-no-title.php","meta":{"footnotes":""},"class_list":["post-8983","page","type-page","status-publish","hentry"],"yoast_head":"<!-- This site is optimized with the Yoast SEO plugin v28.2 - https:\/\/yoast.com\/product\/yoast-seo-wordpress\/ -->\n<title>Syst\u00e8mes de cam\u00e9ras avec intelligence artificielle (IA) - W. Blaser AG<\/title>\n<meta name=\"robots\" content=\"index, follow, max-snippet:-1, max-image-preview:large, max-video-preview:-1\" \/>\n<link rel=\"canonical\" href=\"https:\/\/www.wblaserag.ch\/fr\/visio\/cameras-iot-mobile-et-systemes-dassistance\/systemes-de-cameras-avec-intelligence-artificielle-ia\/\" \/>\n<meta property=\"og:locale\" content=\"fr_FR\" \/>\n<meta property=\"og:type\" content=\"article\" \/>\n<meta property=\"og:title\" content=\"Syst\u00e8mes de cam\u00e9ras avec intelligence artificielle (IA) - W. Blaser AG\" \/>\n<meta property=\"og:description\" content=\"Syst\u00e8mes de cam\u00e9ras avec intelligence artificielle (IA) Les syst\u00e8mes de cam\u00e9ras BlaserVisio avec fonctions d&rsquo;intelligence artificielle (IA) pour la reconnaissance faciale et la surveillance du conducteur ainsi que la d\u00e9tection des pi\u00e9tons et des v\u00e9hicules aident le conducteur \u00e0 surveiller en permanence son \u00e9tat et la situation routi\u00e8re \u00e0 l&rsquo;ext\u00e9rieur du v\u00e9hicule. Si un \u00e9tat&hellip;\" \/>\n<meta property=\"og:url\" content=\"https:\/\/www.wblaserag.ch\/fr\/visio\/cameras-iot-mobile-et-systemes-dassistance\/systemes-de-cameras-avec-intelligence-artificielle-ia\/\" \/>\n<meta property=\"og:site_name\" content=\"W. Blaser AG\" \/>\n<meta property=\"article:publisher\" content=\"https:\/\/www.facebook.com\/BlaserVisio-191482694639126\" \/>\n<meta property=\"article:modified_time\" content=\"2023-09-10T20:11:26+00:00\" \/>\n<meta property=\"og:image\" content=\"https:\/\/www.wblaserag.ch\/wp-content\/uploads\/2022\/10\/20220831_113857.jpg\" \/>\n<meta name=\"twitter:card\" content=\"summary_large_image\" \/>\n<script type=\"application\/ld+json\" class=\"yoast-schema-graph\">{\"@context\":\"https:\\\/\\\/schema.org\",\"@graph\":[{\"@type\":\"WebPage\",\"@id\":\"https:\\\/\\\/www.wblaserag.ch\\\/fr\\\/visio\\\/cameras-iot-mobile-et-systemes-dassistance\\\/systemes-de-cameras-avec-intelligence-artificielle-ia\\\/\",\"url\":\"https:\\\/\\\/www.wblaserag.ch\\\/fr\\\/visio\\\/cameras-iot-mobile-et-systemes-dassistance\\\/systemes-de-cameras-avec-intelligence-artificielle-ia\\\/\",\"name\":\"Syst\u00e8mes de cam\u00e9ras avec intelligence artificielle (IA) - W. Blaser AG\",\"isPartOf\":{\"@id\":\"https:\\\/\\\/www.wblaserag.ch\\\/fr\\\/#website\"},\"primaryImageOfPage\":{\"@id\":\"https:\\\/\\\/www.wblaserag.ch\\\/fr\\\/visio\\\/cameras-iot-mobile-et-systemes-dassistance\\\/systemes-de-cameras-avec-intelligence-artificielle-ia\\\/#primaryimage\"},\"image\":{\"@id\":\"https:\\\/\\\/www.wblaserag.ch\\\/fr\\\/visio\\\/cameras-iot-mobile-et-systemes-dassistance\\\/systemes-de-cameras-avec-intelligence-artificielle-ia\\\/#primaryimage\"},\"thumbnailUrl\":\"https:\\\/\\\/www.wblaserag.ch\\\/wp-content\\\/uploads\\\/2022\\\/10\\\/20220831_113857.jpg\",\"datePublished\":\"2022-10-24T22:29:32+00:00\",\"dateModified\":\"2023-09-10T20:11:26+00:00\",\"breadcrumb\":{\"@id\":\"https:\\\/\\\/www.wblaserag.ch\\\/fr\\\/visio\\\/cameras-iot-mobile-et-systemes-dassistance\\\/systemes-de-cameras-avec-intelligence-artificielle-ia\\\/#breadcrumb\"},\"inLanguage\":\"fr-FR\",\"potentialAction\":[{\"@type\":\"ReadAction\",\"target\":[\"https:\\\/\\\/www.wblaserag.ch\\\/fr\\\/visio\\\/cameras-iot-mobile-et-systemes-dassistance\\\/systemes-de-cameras-avec-intelligence-artificielle-ia\\\/\"]}]},{\"@type\":\"ImageObject\",\"inLanguage\":\"fr-FR\",\"@id\":\"https:\\\/\\\/www.wblaserag.ch\\\/fr\\\/visio\\\/cameras-iot-mobile-et-systemes-dassistance\\\/systemes-de-cameras-avec-intelligence-artificielle-ia\\\/#primaryimage\",\"url\":\"https:\\\/\\\/www.wblaserag.ch\\\/wp-content\\\/uploads\\\/2022\\\/10\\\/20220831_113857.jpg\",\"contentUrl\":\"https:\\\/\\\/www.wblaserag.ch\\\/wp-content\\\/uploads\\\/2022\\\/10\\\/20220831_113857.jpg\"},{\"@type\":\"BreadcrumbList\",\"@id\":\"https:\\\/\\\/www.wblaserag.ch\\\/fr\\\/visio\\\/cameras-iot-mobile-et-systemes-dassistance\\\/systemes-de-cameras-avec-intelligence-artificielle-ia\\\/#breadcrumb\",\"itemListElement\":[{\"@type\":\"ListItem\",\"position\":1,\"name\":\"Page d'accueil\",\"item\":\"https:\\\/\\\/www.wblaserag.ch\\\/fr\\\/\"},{\"@type\":\"ListItem\",\"position\":2,\"name\":\"BlaserVisio\",\"item\":\"https:\\\/\\\/www.wblaserag.ch\\\/fr\\\/visio\\\/\"},{\"@type\":\"ListItem\",\"position\":3,\"name\":\"Cam\u00e9ras, IoT mobile et syst\u00e8mes d&rsquo;assistance\",\"item\":\"https:\\\/\\\/www.wblaserag.ch\\\/fr\\\/visio\\\/cameras-iot-mobile-et-systemes-dassistance\\\/\"},{\"@type\":\"ListItem\",\"position\":4,\"name\":\"Syst\u00e8mes de cam\u00e9ras avec intelligence artificielle (IA)\"}]},{\"@type\":\"WebSite\",\"@id\":\"https:\\\/\\\/www.wblaserag.ch\\\/fr\\\/#website\",\"url\":\"https:\\\/\\\/www.wblaserag.ch\\\/fr\\\/\",\"name\":\"W. Blaser AG\",\"description\":\"\",\"publisher\":{\"@id\":\"https:\\\/\\\/www.wblaserag.ch\\\/fr\\\/#organization\"},\"potentialAction\":[{\"@type\":\"SearchAction\",\"target\":{\"@type\":\"EntryPoint\",\"urlTemplate\":\"https:\\\/\\\/www.wblaserag.ch\\\/fr\\\/?s={search_term_string}\"},\"query-input\":{\"@type\":\"PropertyValueSpecification\",\"valueRequired\":true,\"valueName\":\"search_term_string\"}}],\"inLanguage\":\"fr-FR\"},{\"@type\":\"Organization\",\"@id\":\"https:\\\/\\\/www.wblaserag.ch\\\/fr\\\/#organization\",\"name\":\"W. Blaser AG\",\"url\":\"https:\\\/\\\/www.wblaserag.ch\\\/fr\\\/\",\"logo\":{\"@type\":\"ImageObject\",\"inLanguage\":\"fr-FR\",\"@id\":\"https:\\\/\\\/www.wblaserag.ch\\\/fr\\\/#\\\/schema\\\/logo\\\/image\\\/\",\"url\":\"https:\\\/\\\/www.wblaserag.ch\\\/wp-content\\\/uploads\\\/2021\\\/02\\\/cropped-cropped-Blaser_Mobile_NEG.png\",\"contentUrl\":\"https:\\\/\\\/www.wblaserag.ch\\\/wp-content\\\/uploads\\\/2021\\\/02\\\/cropped-cropped-Blaser_Mobile_NEG.png\",\"width\":400,\"height\":55,\"caption\":\"W. Blaser AG\"},\"image\":{\"@id\":\"https:\\\/\\\/www.wblaserag.ch\\\/fr\\\/#\\\/schema\\\/logo\\\/image\\\/\"},\"sameAs\":[\"https:\\\/\\\/www.facebook.com\\\/BlaserVisio-191482694639126\",\"https:\\\/\\\/www.instagram.com\\\/blaservisio\\\/\"]}]}<\/script>\n<!-- \/ Yoast SEO plugin. -->","yoast_head_json":{"title":"Syst\u00e8mes de cam\u00e9ras avec intelligence artificielle (IA) - W. Blaser AG","robots":{"index":"index","follow":"follow","max-snippet":"max-snippet:-1","max-image-preview":"max-image-preview:large","max-video-preview":"max-video-preview:-1"},"canonical":"https:\/\/www.wblaserag.ch\/fr\/visio\/cameras-iot-mobile-et-systemes-dassistance\/systemes-de-cameras-avec-intelligence-artificielle-ia\/","og_locale":"fr_FR","og_type":"article","og_title":"Syst\u00e8mes de cam\u00e9ras avec intelligence artificielle (IA) - W. Blaser AG","og_description":"Syst\u00e8mes de cam\u00e9ras avec intelligence artificielle (IA) Les syst\u00e8mes de cam\u00e9ras BlaserVisio avec fonctions d&rsquo;intelligence artificielle (IA) pour la reconnaissance faciale et la surveillance du conducteur ainsi que la d\u00e9tection des pi\u00e9tons et des v\u00e9hicules aident le conducteur \u00e0 surveiller en permanence son \u00e9tat et la situation routi\u00e8re \u00e0 l&rsquo;ext\u00e9rieur du v\u00e9hicule. Si un \u00e9tat&hellip;","og_url":"https:\/\/www.wblaserag.ch\/fr\/visio\/cameras-iot-mobile-et-systemes-dassistance\/systemes-de-cameras-avec-intelligence-artificielle-ia\/","og_site_name":"W. Blaser AG","article_publisher":"https:\/\/www.facebook.com\/BlaserVisio-191482694639126","article_modified_time":"2023-09-10T20:11:26+00:00","og_image":[{"url":"https:\/\/www.wblaserag.ch\/wp-content\/uploads\/2022\/10\/20220831_113857.jpg","type":"","width":"","height":""}],"twitter_card":"summary_large_image","schema":{"@context":"https:\/\/schema.org","@graph":[{"@type":"WebPage","@id":"https:\/\/www.wblaserag.ch\/fr\/visio\/cameras-iot-mobile-et-systemes-dassistance\/systemes-de-cameras-avec-intelligence-artificielle-ia\/","url":"https:\/\/www.wblaserag.ch\/fr\/visio\/cameras-iot-mobile-et-systemes-dassistance\/systemes-de-cameras-avec-intelligence-artificielle-ia\/","name":"Syst\u00e8mes de cam\u00e9ras avec intelligence artificielle (IA) - W. Blaser AG","isPartOf":{"@id":"https:\/\/www.wblaserag.ch\/fr\/#website"},"primaryImageOfPage":{"@id":"https:\/\/www.wblaserag.ch\/fr\/visio\/cameras-iot-mobile-et-systemes-dassistance\/systemes-de-cameras-avec-intelligence-artificielle-ia\/#primaryimage"},"image":{"@id":"https:\/\/www.wblaserag.ch\/fr\/visio\/cameras-iot-mobile-et-systemes-dassistance\/systemes-de-cameras-avec-intelligence-artificielle-ia\/#primaryimage"},"thumbnailUrl":"https:\/\/www.wblaserag.ch\/wp-content\/uploads\/2022\/10\/20220831_113857.jpg","datePublished":"2022-10-24T22:29:32+00:00","dateModified":"2023-09-10T20:11:26+00:00","breadcrumb":{"@id":"https:\/\/www.wblaserag.ch\/fr\/visio\/cameras-iot-mobile-et-systemes-dassistance\/systemes-de-cameras-avec-intelligence-artificielle-ia\/#breadcrumb"},"inLanguage":"fr-FR","potentialAction":[{"@type":"ReadAction","target":["https:\/\/www.wblaserag.ch\/fr\/visio\/cameras-iot-mobile-et-systemes-dassistance\/systemes-de-cameras-avec-intelligence-artificielle-ia\/"]}]},{"@type":"ImageObject","inLanguage":"fr-FR","@id":"https:\/\/www.wblaserag.ch\/fr\/visio\/cameras-iot-mobile-et-systemes-dassistance\/systemes-de-cameras-avec-intelligence-artificielle-ia\/#primaryimage","url":"https:\/\/www.wblaserag.ch\/wp-content\/uploads\/2022\/10\/20220831_113857.jpg","contentUrl":"https:\/\/www.wblaserag.ch\/wp-content\/uploads\/2022\/10\/20220831_113857.jpg"},{"@type":"BreadcrumbList","@id":"https:\/\/www.wblaserag.ch\/fr\/visio\/cameras-iot-mobile-et-systemes-dassistance\/systemes-de-cameras-avec-intelligence-artificielle-ia\/#breadcrumb","itemListElement":[{"@type":"ListItem","position":1,"name":"Page d'accueil","item":"https:\/\/www.wblaserag.ch\/fr\/"},{"@type":"ListItem","position":2,"name":"BlaserVisio","item":"https:\/\/www.wblaserag.ch\/fr\/visio\/"},{"@type":"ListItem","position":3,"name":"Cam\u00e9ras, IoT mobile et syst\u00e8mes d&rsquo;assistance","item":"https:\/\/www.wblaserag.ch\/fr\/visio\/cameras-iot-mobile-et-systemes-dassistance\/"},{"@type":"ListItem","position":4,"name":"Syst\u00e8mes de cam\u00e9ras avec intelligence artificielle (IA)"}]},{"@type":"WebSite","@id":"https:\/\/www.wblaserag.ch\/fr\/#website","url":"https:\/\/www.wblaserag.ch\/fr\/","name":"W. Blaser AG","description":"","publisher":{"@id":"https:\/\/www.wblaserag.ch\/fr\/#organization"},"potentialAction":[{"@type":"SearchAction","target":{"@type":"EntryPoint","urlTemplate":"https:\/\/www.wblaserag.ch\/fr\/?s={search_term_string}"},"query-input":{"@type":"PropertyValueSpecification","valueRequired":true,"valueName":"search_term_string"}}],"inLanguage":"fr-FR"},{"@type":"Organization","@id":"https:\/\/www.wblaserag.ch\/fr\/#organization","name":"W. Blaser AG","url":"https:\/\/www.wblaserag.ch\/fr\/","logo":{"@type":"ImageObject","inLanguage":"fr-FR","@id":"https:\/\/www.wblaserag.ch\/fr\/#\/schema\/logo\/image\/","url":"https:\/\/www.wblaserag.ch\/wp-content\/uploads\/2021\/02\/cropped-cropped-Blaser_Mobile_NEG.png","contentUrl":"https:\/\/www.wblaserag.ch\/wp-content\/uploads\/2021\/02\/cropped-cropped-Blaser_Mobile_NEG.png","width":400,"height":55,"caption":"W. Blaser AG"},"image":{"@id":"https:\/\/www.wblaserag.ch\/fr\/#\/schema\/logo\/image\/"},"sameAs":["https:\/\/www.facebook.com\/BlaserVisio-191482694639126","https:\/\/www.instagram.com\/blaservisio\/"]}]}},"_links":{"self":[{"href":"https:\/\/www.wblaserag.ch\/fr\/wp-json\/wp\/v2\/pages\/8983","targetHints":{"allow":["GET"]}}],"collection":[{"href":"https:\/\/www.wblaserag.ch\/fr\/wp-json\/wp\/v2\/pages"}],"about":[{"href":"https:\/\/www.wblaserag.ch\/fr\/wp-json\/wp\/v2\/types\/page"}],"author":[{"embeddable":true,"href":"https:\/\/www.wblaserag.ch\/fr\/wp-json\/wp\/v2\/users\/1"}],"replies":[{"embeddable":true,"href":"https:\/\/www.wblaserag.ch\/fr\/wp-json\/wp\/v2\/comments?post=8983"}],"version-history":[{"count":7,"href":"https:\/\/www.wblaserag.ch\/fr\/wp-json\/wp\/v2\/pages\/8983\/revisions"}],"predecessor-version":[{"id":10086,"href":"https:\/\/www.wblaserag.ch\/fr\/wp-json\/wp\/v2\/pages\/8983\/revisions\/10086"}],"up":[{"embeddable":true,"href":"https:\/\/www.wblaserag.ch\/fr\/wp-json\/wp\/v2\/pages\/3255"}],"wp:attachment":[{"href":"https:\/\/www.wblaserag.ch\/fr\/wp-json\/wp\/v2\/media?parent=8983"}],"curies":[{"name":"wp","href":"https:\/\/api.w.org\/{rel}","templated":true}]}}