{"id":5638,"date":"2021-02-28T13:36:08","date_gmt":"2021-02-28T13:36:08","guid":{"rendered":"https:\/\/www.wblaserag.ch\/?page_id=5638"},"modified":"2023-06-25T11:44:55","modified_gmt":"2023-06-25T11:44:55","slug":"equipement-de-signalisation-et-declairage-pour-roues-jumelees","status":"publish","type":"page","link":"https:\/\/www.wblaserag.ch\/fr\/visio\/equipement-de-signalisation\/equipement-de-signalisation-et-declairage-pour-roues-jumelees\/","title":{"rendered":"\u00c9quipement de signalisation et d&rsquo;\u00e9clairage pour roues jumel\u00e9es"},"content":{"rendered":"\n<div style=\"height:1px\" aria-hidden=\"true\" class=\"wp-block-spacer\"><\/div>\n\n\n\n<h1 class=\"wp-block-heading\">\u00c9quipement de signalisation et d&rsquo;\u00e9clairage pour roues jumel\u00e9es<\/h1>\n\n\n<div class=\"yoast-breadcrumbs\"><span><span><a href=\"https:\/\/www.wblaserag.ch\/fr\/\">Page d&rsquo;accueil<\/a><\/span> \u00bb <span><a href=\"https:\/\/www.wblaserag.ch\/fr\/visio\/\">BlaserVisio<\/a><\/span> \u00bb <span><a href=\"https:\/\/www.wblaserag.ch\/fr\/visio\/equipement-de-signalisation\/\">Equipement de signalisation<\/a><\/span> \u00bb <span class=\"breadcrumb_last\" aria-current=\"page\">\u00c9quipement de signalisation et d&#8217;\u00e9clairage pour roues jumel\u00e9es<\/span><\/span><\/div>\n\n\n<figure class=\"wp-block-image size-full\"><img loading=\"lazy\" decoding=\"async\" width=\"768\" height=\"768\" src=\"https:\/\/www.wblaserag.ch\/wp-content\/uploads\/2023\/06\/Design-ohne-Titel-68-768x768-1.png\" alt=\"\" class=\"wp-image-9666\" srcset=\"https:\/\/www.wblaserag.ch\/wp-content\/uploads\/2023\/06\/Design-ohne-Titel-68-768x768-1.png 768w, https:\/\/www.wblaserag.ch\/wp-content\/uploads\/2023\/06\/Design-ohne-Titel-68-768x768-1-300x300.png 300w, https:\/\/www.wblaserag.ch\/wp-content\/uploads\/2023\/06\/Design-ohne-Titel-68-768x768-1-150x150.png 150w\" sizes=\"auto, (max-width: 768px) 100vw, 768px\" \/><figcaption class=\"wp-element-caption\"><meta charset=\"utf-8\">\u00c9quipement de signalisation et d&rsquo;\u00e9clairage pour roues jumel\u00e9es<\/figcaption><\/figure>\n\n\n\n<p class=\"wp-block-paragraph\">L&rsquo;\u00e9quipement de signalisation et d&rsquo;\u00e9clairage pour roues jumel\u00e9es BlaserVisio assure la s\u00e9curit\u00e9 du trafic routier agricole et est bien implant\u00e9 sur le march\u00e9 agricole suisse.<\/p>\n\n\n\n<div class=\"wp-block-columns is-layout-flex wp-container-core-columns-is-layout-7387b849 wp-block-columns-is-layout-flex\">\n<div class=\"wp-block-column is-layout-flow wp-block-column-is-layout-flow\">\n<ul class=\"wp-block-list\">\n<li>Syst\u00e8mes complets d&rsquo;une seule source<\/li>\n\n\n\n<li>Qualit\u00e9 solide<\/li>\n\n\n\n<li>Pi\u00e8ces de rechange \u00e0 disposition rapide et facile<\/li>\n\n\n\n<li>Large gamme d&rsquo;accessoires&nbsp;<\/li>\n\n\n\n<li>Convient \u00e0 tous les v\u00e9hicules et outils port\u00e9s<\/li>\n\n\n\n<li>Assemblage facile gr\u00e2ce au syst\u00e8me de changement rapide Visio-Quick et Visio-Clip<\/li>\n\n\n\n<li>Service \u00e9prouv\u00e9 de Blaser<\/li>\n<\/ul>\n<\/div>\n\n\n\n<div class=\"wp-block-column is-layout-flow wp-block-column-is-layout-flow\">\n<figure class=\"wp-block-image size-large\"><img loading=\"lazy\" decoding=\"async\" width=\"134\" height=\"172\" src=\"https:\/\/www.wblaserag.ch\/wp-content\/uploads\/2021\/06\/DOC-VISIO-Markierungssysteme-d-190221BS-3-1.png\" alt=\"syst\u00e8me de changement rapide Visio-Quick et Visio-Clip\" class=\"wp-image-4415\"\/><\/figure>\n<\/div>\n<\/div>\n\n\n\n<p class=\"wp-block-paragraph\"><a href=\"https:\/\/www.wblaserag.ch\/wp-content\/uploads\/2021\/12\/DOC-VISIO-Markierungssysteme_011221LG_FR-1.pdf\" target=\"_blank\" rel=\"noreferrer noopener\">Nouveau ! Fiche produit (PDF)<\/a><\/p>\n\n\n\n<p class=\"wp-block-paragraph\"><meta charset=\"utf-8\"><a href=\"https:\/\/www.wblaserag.ch\/wp-content\/uploads\/2021\/12\/DOC-VISIO-ECE-Markierungssysteme_011221LG_FR.pdf\" target=\"_blank\" rel=\"noreferrer noopener\">Nouveau ! Fiche produit ECE (PDF)<\/a><\/p>\n\n\n\n<div class=\"wp-block-buttons is-layout-flex wp-block-buttons-is-layout-flex\">\n<div class=\"wp-block-button is-style-outline is-style-outline--1\"><a class=\"wp-block-button__link has-accent-color has-text-color wp-element-button\" href=\"mailto:info@wblaserag.ch\" style=\"border-radius:6px\">Demander un devis<\/a><\/div>\n<\/div>\n\n\n\n<p class=\"wp-block-paragraph\">Table des mati\u00e8res<\/p>\n\n\n\n<ul class=\"is-style-tw-arrow wp-block-list\">\n<li><a href=\"#Kit-de-signalisation-V301-DORA-TT-LED-pour-roues-jumel\u00e9es-de-tracteurs-et-v\u00e9hicules-agricoles\">Signalisation V301 DORA-TT-LED pour roues jumel\u00e9es de tracteurs et v\u00e9hicules agricoles<\/a><\/li>\n\n\n\n<li><a href=\"#Syst\u00e8me-de-clignotants-V311-DOBLI-TT-LED-pour-roues-jumel\u00e9es-de-tracteurs-et-v\u00e9hicules-agricoles\">Syst\u00e8me de clignotants V311 DOBLI-TT-LED pour roues jumel\u00e9es de tracteurs et v\u00e9hicules agricoles<\/a>&nbsp;<\/li>\n\n\n\n<li><a href=\"#Signalisation-de-roues-jumel\u00e9es-V350-DORA-TP-LED-pour-camionnettes-et-porte-outils\">Signalisation V350 DORA-TP-LED pour roues jumel\u00e9es de camionnettes et porte-outils<\/a>&nbsp;<\/li>\n\n\n\n<li><a href=\"#Signalisation-de-roues-jumel\u00e9es-V350-DORA-TP-LED-pour-camionnettes-et-porte-outils\">Signalisation sans \u00e9clairage V350 DORA-TP-OBEL pour roues jumel\u00e9es de camionnettes<\/a><\/li>\n\n\n\n<li><a href=\"#Kit-de-signalisation-sans-\u00e9clairage-V355-DORA-TP-EASY-pour-roues-jumel\u00e9es-de-camionnettes\">Signalisation sans \u00e9clairage V355 DORA-TP-EASY pour roues jumel\u00e9es de camionnettes<\/a>&nbsp;<\/li>\n\n\n\n<li><a href=\"#Syst\u00e8me-de-clignotants-V401-HECK-TT-LED-pour-outils-port\u00e9s-arri\u00e8re-sur-les-tracteurs\">Syst\u00e8me de clignotants V401 HECK-TT-LED pour outils port\u00e9s arri\u00e8re sur les tracteurs<\/a>&nbsp;<\/li>\n\n\n\n<li><a href=\"#Triangle-de-signalisation-V502-WATA-pour-v\u00e9hicules-\u00e0-moins-de-45-km\/h-\">Triangle de signalisation V502 WATA pour v\u00e9hicules \u00e0 moins de 45 km\/h<\/a>&nbsp;<\/li>\n\n\n\n<li><a href=\"#Accessoires,-pi\u00e8ces-d\u00e9tach\u00e9es-et-autres-produits\">Accessoires, pi\u00e8ces d\u00e9tach\u00e9es et autres produits<\/a><\/li>\n<\/ul>\n\n\n\n<h2 class=\"wp-block-heading\" id=\"Kit-de-signalisation-V301-DORA-TT-LED-pour-roues-jumel\u00e9es-de-tracteurs-et-v\u00e9hicules-agricoles\">Kit de signalisation V301 DORA-TT-LED pour roues jumel\u00e9es de tracteurs et v\u00e9hicules agricoles<\/h2>\n\n\n\n<div class=\"wp-block-columns is-layout-flex wp-container-core-columns-is-layout-7387b849 wp-block-columns-is-layout-flex\">\n<div class=\"wp-block-column is-layout-flow wp-block-column-is-layout-flow\" style=\"--col-width:100%;flex-basis:100%\">\n<div class=\"wp-block-columns is-layout-flex wp-container-core-columns-is-layout-7387b849 wp-block-columns-is-layout-flex\">\n<div class=\"wp-block-column is-layout-flow wp-block-column-is-layout-flow\"><div class=\"wp-block-image\">\n<figure class=\"aligncenter size-large\"><img loading=\"lazy\" decoding=\"async\" width=\"945\" height=\"1024\" src=\"https:\/\/www.wblaserag.ch\/wp-content\/uploads\/2021\/05\/954_V301_LED_grau-1024x945-1.jpg\" alt=\"Kit de signalisation V301 DORA-TT-LED pour roues jumel\u00e9es de tracteurs et v\u00e9hicules agricoles\" class=\"wp-image-2246\" title=\"Doppelradmarkierung f\u00fcr Traktoren und Schlepper\" srcset=\"https:\/\/www.wblaserag.ch\/wp-content\/uploads\/2021\/05\/954_V301_LED_grau-1024x945-1.jpg 945w, https:\/\/www.wblaserag.ch\/wp-content\/uploads\/2021\/05\/954_V301_LED_grau-1024x945-1-277x300.jpg 277w, https:\/\/www.wblaserag.ch\/wp-content\/uploads\/2021\/05\/954_V301_LED_grau-1024x945-1-768x832.jpg 768w\" sizes=\"auto, (max-width: 945px) 100vw, 945px\" \/><figcaption class=\"wp-element-caption\">Kit de signalisation V301 DORA-TT-LED&nbsp;<\/figcaption><\/figure>\n<\/div><\/div>\n\n\n\n<div class=\"wp-block-column is-layout-flow wp-block-column-is-layout-flow\">\n<p class=\"wp-block-paragraph\" id=\"block-5942d614-48ea-49ca-8768-fc221c0f1038\"><strong><strong>Montage facile du kit de signalisation sur tous les v\u00e9hicules<\/strong><\/strong><\/p>\n\n\n\n<ul class=\"wp-block-list\">\n<li>Set : 2 supports, 2 plaques r\u00e9fl\u00e9chissantes rouge\/blanc, 2 feux de position, 2 c\u00e2bles spiral\u00e9s et 2 prises de courant<\/li>\n\n\n\n<li>Support rotatif, amovible et t\u00e9lescopique 45-75 cm<\/li>\n<\/ul>\n\n\n\n<p class=\"wp-block-paragraph\"><strong>Accessoires<\/strong><\/p>\n\n\n\n<ul class=\"wp-block-list\">\n<li>Plaques de montage \u00e0 installer sur poteaux de cabine<\/li>\n\n\n\n<li>\u00c9querre de montage \u00e0 installer sur le garde-boue de v\u00e9hicule<\/li>\n\n\n\n<li>Console interchangeable pour usage multiple<\/li>\n<\/ul>\n<\/div>\n<\/div>\n<\/div>\n<\/div>\n\n\n\n<figure class=\"wp-block-table\"><table><tbody><tr><td>N\u00b0 d&rsquo;article<\/td><td>Quantit\u00e9<\/td><td>D\u00e9signation<\/td><\/tr><tr><td>954.V301.LED<\/td><td>1 Set<\/td><td>SIGNALISATION V301 DORA-TT-LED&nbsp;<br>POUR ROUES JUMEL\u00c9ES&nbsp;<br>2 supports, 2 plaques, 1 jeu de lumi\u00e8res LED<\/td><\/tr><\/tbody><\/table><figcaption class=\"wp-element-caption\">V301 DORA-TT-LED<\/figcaption><\/figure>\n\n\n\n<figure class=\"wp-block-image size-full\"><img loading=\"lazy\" decoding=\"async\" width=\"264\" height=\"180\" src=\"https:\/\/www.wblaserag.ch\/wp-content\/uploads\/2021\/08\/DOC-VISIO-Markierungssysteme-d-190221BS-1-1-1.jpg\" alt=\"SIGNALISATION V301 DORA-TT-LED \nPOUR ROUES JUMEL\u00c9ES \n\" class=\"wp-image-5641\"\/><figcaption class=\"wp-element-caption\">Exemple d&rsquo;application : Signalisation V301 DORA-TT-LED pour roues jumel\u00e9es de tracteurs et v\u00e9hicules agricoles&nbsp;<\/figcaption><\/figure>\n\n\n\n<h2 class=\"wp-block-heading\" id=\"Syst\u00e8me-de-clignotants-V311-DOBLI-TT-LED-pour-roues-jumel\u00e9es-de-tracteurs-et-v\u00e9hicules-agricoles\">Syst\u00e8me de clignotants V311 DOBLI-TT-LED pour roues jumel\u00e9es de tracteurs et v\u00e9hicules agricoles<\/h2>\n\n\n\n<div class=\"wp-block-columns is-layout-flex wp-container-core-columns-is-layout-7387b849 wp-block-columns-is-layout-flex\">\n<div class=\"wp-block-column is-layout-flow wp-block-column-is-layout-flow\"><div class=\"wp-block-image\">\n<figure class=\"aligncenter size-large\"><img loading=\"lazy\" decoding=\"async\" width=\"1000\" height=\"1000\" src=\"https:\/\/www.wblaserag.ch\/wp-content\/uploads\/2021\/06\/Blinkanlage-mit-Bel.png\" alt=\"Doppelrad-Blinkanlage V311 DOBLI-TT-LED f\u00fcr Traktoren und Schlepper\" class=\"wp-image-4495\" title=\"Doppelrad-Blinkanlage Traktor und Schlepper\" srcset=\"https:\/\/www.wblaserag.ch\/wp-content\/uploads\/2021\/06\/Blinkanlage-mit-Bel.png 1000w, https:\/\/www.wblaserag.ch\/wp-content\/uploads\/2021\/06\/Blinkanlage-mit-Bel-300x300.png 300w, https:\/\/www.wblaserag.ch\/wp-content\/uploads\/2021\/06\/Blinkanlage-mit-Bel-150x150.png 150w, https:\/\/www.wblaserag.ch\/wp-content\/uploads\/2021\/06\/Blinkanlage-mit-Bel-768x768.png 768w\" sizes=\"auto, (max-width: 1000px) 100vw, 1000px\" \/><figcaption class=\"wp-element-caption\">Syst\u00e8me de clignotants pour roues jumel\u00e9es V311 DOBLI-TT-LED<\/figcaption><\/figure>\n<\/div><\/div>\n\n\n\n<div class=\"wp-block-column is-layout-flow wp-block-column-is-layout-flow\">\n<p class=\"wp-block-paragraph\"><strong>Montage facile du syst\u00e8me de clignotants pour roues jumel\u00e9es sur tous les v\u00e9hicules<\/strong><\/p>\n\n\n\n<ul class=\"wp-block-list\">\n<li>Set : 2 supports, 2 plaques r\u00e9fl\u00e9chissantes rouge\/blanc avec clignotants et feux de position int\u00e9gr\u00e9s, c\u00e2ble spiral\u00e9 avec fiche 7 p\u00f4les et 2 prises \u00e0 7 p\u00f4les avec c\u00e2ble<\/li>\n\n\n\n<li>Support rotatif, amovible, t\u00e9lescopique 45-75 cm<\/li>\n<\/ul>\n\n\n\n<p class=\"wp-block-paragraph\"><strong>Accessoires<\/strong><\/p>\n\n\n\n<ul class=\"wp-block-list\">\n<li>Plaques de montage, \u00e9querres de montage, etc.<\/li>\n<\/ul>\n<\/div>\n<\/div>\n\n\n\n<figure class=\"wp-block-table\"><table><tbody><tr><td>N\u00b0 d&rsquo;article<\/td><td>Quantit\u00e9<\/td><td>D\u00e9signation<\/td><\/tr><tr><td>954.V311.LED<\/td><td>1 Set<\/td><td>SYST\u00c8ME DE CLIGNOTANTS POUR ROUES JUMEL\u00c9ES&nbsp;V311 DOBLI-TT-LED&nbsp;<br>2 supports, 2 plaques, 1 jeu de lumi\u00e8res LED<\/td><\/tr><\/tbody><\/table><figcaption class=\"wp-element-caption\">V311 DOBLI-TT-LED<\/figcaption><\/figure>\n\n\n\n<figure class=\"wp-block-image size-full\"><img loading=\"lazy\" decoding=\"async\" width=\"442\" height=\"302\" src=\"https:\/\/www.wblaserag.ch\/wp-content\/uploads\/2021\/08\/DOC-VISIO-Markierungssysteme-d-190221BS-26.jpg\" alt=\"Syst\u00e8me de clignotants pour roues jumel\u00e9es V311 DOBLI-TT-LED\" class=\"wp-image-5645\" title=\"Doppelrad-Blinkanlage f\u00fcr Traktoren und Schlepper V311 DOBLI-TT-LED\" srcset=\"https:\/\/www.wblaserag.ch\/wp-content\/uploads\/2021\/08\/DOC-VISIO-Markierungssysteme-d-190221BS-26.jpg 442w, https:\/\/www.wblaserag.ch\/wp-content\/uploads\/2021\/08\/DOC-VISIO-Markierungssysteme-d-190221BS-26-300x205.jpg 300w\" sizes=\"auto, (max-width: 442px) 100vw, 442px\" \/><figcaption class=\"wp-element-caption\">Exemple d&rsquo;application : Syst\u00e8me de clignotants pour roues jumel\u00e9es V311 DOBLI-TT-LED<\/figcaption><\/figure>\n\n\n\n<h2 class=\"wp-block-heading\" id=\"Signalisation-de-roues-jumel\u00e9es-V350-DORA-TP-LED-pour-camionnettes-et-porte-outils\">Signalisation de roues jumel\u00e9es V350 DORA-TP-LED pour camionnettes et porte-outils<\/h2>\n\n\n\n<div class=\"wp-block-columns is-layout-flex wp-container-core-columns-is-layout-7387b849 wp-block-columns-is-layout-flex\">\n<div class=\"wp-block-column is-layout-flow wp-block-column-is-layout-flow\">\n<figure class=\"wp-block-image size-large\"><img loading=\"lazy\" decoding=\"async\" width=\"1000\" height=\"1000\" src=\"https:\/\/www.wblaserag.ch\/wp-content\/uploads\/2021\/05\/Design-ohne-Titel-68.png\" alt=\"Signalisation de roues jumel\u00e9es V350 DORA-TP-LED pour camionnettes \" class=\"wp-image-2265\" title=\"Doppelradmarkierung f\u00fcr Transporter V350 DORA-TP-LED\" srcset=\"https:\/\/www.wblaserag.ch\/wp-content\/uploads\/2021\/05\/Design-ohne-Titel-68.png 1000w, https:\/\/www.wblaserag.ch\/wp-content\/uploads\/2021\/05\/Design-ohne-Titel-68-300x300.png 300w, https:\/\/www.wblaserag.ch\/wp-content\/uploads\/2021\/05\/Design-ohne-Titel-68-150x150.png 150w, https:\/\/www.wblaserag.ch\/wp-content\/uploads\/2021\/05\/Design-ohne-Titel-68-768x768.png 768w\" sizes=\"auto, (max-width: 1000px) 100vw, 1000px\" \/><figcaption class=\"wp-element-caption\">Signalisation de roues jumel\u00e9es V350 DORA-TP-LED pour camionnettes&nbsp;<\/figcaption><\/figure>\n<\/div>\n\n\n\n<div class=\"wp-block-column is-layout-flow wp-block-column-is-layout-flow\">\n<p class=\"wp-block-paragraph\"><strong><strong>Montage facile du kit de signalisation sur tous les v\u00e9hicules<\/strong><\/strong><\/p>\n\n\n\n<ul class=\"wp-block-list\">\n<li>Set : 2 supports chacun, 2 plaques rouge\/blanc r\u00e9fl\u00e9chissantes<\/li>\n\n\n\n<li>2 feux de position \u00e0 LED, 2 c\u00e2bles spiral\u00e9s et 2 prises<\/li>\n\n\n\n<li>Support rotatif, amovible, t\u00e9lescopique 27-43 cm<\/li>\n<\/ul>\n\n\n\n<p class=\"wp-block-paragraph\"><strong>Accessoires<\/strong><\/p>\n\n\n\n<ul class=\"wp-block-list\">\n<li>Plaques de montage \u00e0 installer sur poteaux de cabine<\/li>\n\n\n\n<li>\u00c9querre de montage \u00e0 installer sur le garde-boue de v\u00e9hicule<\/li>\n<\/ul>\n<\/div>\n<\/div>\n\n\n\n<figure class=\"wp-block-table\"><table><tbody><tr><td>N\u00b0 d&rsquo;article<\/td><td>Quantit\u00e9<\/td><td>D\u00e9signation<\/td><\/tr><tr><td>954.V350.LED<\/td><td>1 Set<\/td><td>KIT DE SIGNALISATION V350 DORA-TP-LED&nbsp;POUR ROUES JUMEL\u00c9ES&nbsp;<br>2 supports, 2 plaques, 1 jeu de lumi\u00e8res LED<\/td><\/tr><\/tbody><\/table><figcaption class=\"wp-element-caption\">V350 DORA-TP-LED<\/figcaption><\/figure>\n\n\n\n<figure class=\"wp-block-image size-full\"><img loading=\"lazy\" decoding=\"async\" width=\"407\" height=\"276\" src=\"https:\/\/www.wblaserag.ch\/wp-content\/uploads\/2021\/08\/DOC-VISIO-Markierungssysteme-d-190221BS-7-1.jpg\" alt=\"\" class=\"wp-image-5696\" title=\"Doppelradmarkierung f\u00fcr Transporter und Ger\u00e4tetr\u00e4ger V350 DORA-TP-LED\" srcset=\"https:\/\/www.wblaserag.ch\/wp-content\/uploads\/2021\/08\/DOC-VISIO-Markierungssysteme-d-190221BS-7-1.jpg 407w, https:\/\/www.wblaserag.ch\/wp-content\/uploads\/2021\/08\/DOC-VISIO-Markierungssysteme-d-190221BS-7-1-300x203.jpg 300w\" sizes=\"auto, (max-width: 407px) 100vw, 407px\" \/><figcaption class=\"wp-element-caption\">Exemple d&rsquo;application : Signalisation V350 DORA-TP-LED pour roues jumel\u00e9es&nbsp;<\/figcaption><\/figure>\n\n\n\n<h2 class=\"wp-block-heading\" id=\"Signalisation-de-roues-jumel\u00e9es-V350-DORA-TP-LED-pour-camionnettes-et-porte-outils\">Kit de signalisation sans \u00e9clairage V350 DORA-TP-OBEL pour roues jumel\u00e9es de camionnettes<\/h2>\n\n\n\n<div class=\"wp-block-columns is-layout-flex wp-container-core-columns-is-layout-7387b849 wp-block-columns-is-layout-flex\">\n<div class=\"wp-block-column is-layout-flow wp-block-column-is-layout-flow\">\n<figure class=\"wp-block-image size-large\"><img loading=\"lazy\" decoding=\"async\" width=\"1000\" height=\"1000\" src=\"https:\/\/www.wblaserag.ch\/wp-content\/uploads\/2021\/05\/Design-ohne-Titel-67.png\" alt=\"Kit de signalisation sans \u00e9clairage V350 DORA-TP-OBEL pour roues jumel\u00e9es\" class=\"wp-image-2259\" title=\"Doppelradmarkierung ohne Beleuchtung V350 DORA-TP-OBEL\" srcset=\"https:\/\/www.wblaserag.ch\/wp-content\/uploads\/2021\/05\/Design-ohne-Titel-67.png 1000w, https:\/\/www.wblaserag.ch\/wp-content\/uploads\/2021\/05\/Design-ohne-Titel-67-300x300.png 300w, https:\/\/www.wblaserag.ch\/wp-content\/uploads\/2021\/05\/Design-ohne-Titel-67-150x150.png 150w, https:\/\/www.wblaserag.ch\/wp-content\/uploads\/2021\/05\/Design-ohne-Titel-67-768x768.png 768w\" sizes=\"auto, (max-width: 1000px) 100vw, 1000px\" \/><figcaption class=\"wp-element-caption\">Kit de signalisation sans \u00e9clairage V350 DORA-TP-OBEL pour roues jumel\u00e9es<\/figcaption><\/figure>\n<\/div>\n\n\n\n<div class=\"wp-block-column is-layout-flow wp-block-column-is-layout-flow\">\n<p class=\"wp-block-paragraph\"><strong><strong>Montage facile du kit de signalisation sans \u00e9clairage pour roues jumel\u00e9es sur tous les v\u00e9hicules<\/strong><\/strong><\/p>\n\n\n\n<ul class=\"wp-block-list\">\n<li>Set : 2 supports, 2 plaques r\u00e9fl\u00e9chissantes rouge\/blanc, 2 r\u00e9flecteurs rouges, 2 r\u00e9flecteurs blancs<\/li>\n\n\n\n<li>Support pliable, t\u00e9lescopique, amovible<\/li>\n<\/ul>\n\n\n\n<p class=\"has-text-color wp-block-paragraph\" style=\"color:#a30000\"><strong>Installation sur le v\u00e9hicule <\/strong><\/p>\n\n\n\n<p class=\"wp-block-paragraph\"><mark style=\"background-color:rgba(0, 0, 0, 0);color:#a30000\" class=\"has-inline-color\">Mesur\u00e9 du sol &lt;= 90 cm jusqu\u2019au au centre du r\u00e9flecteur !<\/mark><\/p>\n\n\n\n<p class=\"wp-block-paragraph\"><mark style=\"background-color:rgba(0, 0, 0, 0);color:#a30000\" class=\"has-inline-color\">Lors d&rsquo;un montage \u00e0 plus de 90 cm du sol, utilisez le kit de signalisation pour roues jumel\u00e9es avec un jeu de lumi\u00e8res.<\/mark><\/p>\n<\/div>\n<\/div>\n\n\n\n<figure class=\"wp-block-table\"><table><tbody><tr><td>N\u00b0 d&rsquo;article<\/td><td>Quantit\u00e9<\/td><td>D\u00e9signation<\/td><\/tr><tr><td>954.V350.001<\/td><td>1 set<\/td><td>KIT DE SIGNALISATION SANS \u00c9CLAIRAGE V350 DORA-TP-OBEL POUR ROUES JUMEL\u00c9ES&nbsp;: 2 supports, 2 plaques, 4 r\u00e9flecteurs<\/td><\/tr><\/tbody><\/table><figcaption class=\"wp-element-caption\">V350 DORA-TP-OBEL<\/figcaption><\/figure>\n\n\n\n<h2 class=\"wp-block-heading\" id=\"Kit-de-signalisation-sans-\u00e9clairage-V355-DORA-TP-EASY-pour-roues-jumel\u00e9es-de-camionnettes\">Kit de signalisation sans \u00e9clairage V355 DORA-TP-EASY pour roues jumel\u00e9es de camionnettes<\/h2>\n\n\n\n<div class=\"wp-block-columns is-layout-flex wp-container-core-columns-is-layout-7387b849 wp-block-columns-is-layout-flex\">\n<div class=\"wp-block-column is-layout-flow wp-block-column-is-layout-flow\"><div class=\"wp-block-image\">\n<figure class=\"aligncenter size-large is-resized\"><img loading=\"lazy\" decoding=\"async\" src=\"https:\/\/www.wblaserag.ch\/wp-content\/uploads\/2021\/05\/954-V355_001_grau-1024x683-1.png\" alt=\"Kit de signalisation sans \u00e9clairage V355 DORA-TP-EASY pour roues jumel\u00e9es de camionnettes\" class=\"wp-image-2272\" width=\"342\" height=\"512\" title=\"Doppelradmarkierung ohne Beleuchtung V355 DORA-TP-EASY\" srcset=\"https:\/\/www.wblaserag.ch\/wp-content\/uploads\/2021\/05\/954-V355_001_grau-1024x683-1.png 683w, https:\/\/www.wblaserag.ch\/wp-content\/uploads\/2021\/05\/954-V355_001_grau-1024x683-1-200x300.png 200w\" sizes=\"auto, (max-width: 342px) 100vw, 342px\" \/><figcaption class=\"wp-element-caption\">Kit de signalisation sans \u00e9clairage V355 DORA-TP-EASY pour roues jumel\u00e9es<\/figcaption><\/figure>\n<\/div><\/div>\n\n\n\n<div class=\"wp-block-column is-layout-flow wp-block-column-is-layout-flow\">\n<p class=\"wp-block-paragraph\"><strong><strong>Montage facile du kit de signalisation sans \u00e9clairage pour roues jumel\u00e9es sur tous les v\u00e9hicules<\/strong><\/strong><\/p>\n\n\n\n<ul class=\"wp-block-list\">\n<li>Set : 2 supports, 2 plaques r\u00e9fl\u00e9chissantes rouge\/blanc, 2 r\u00e9flecteurs rouges, 2 r\u00e9flecteurs blancs<\/li>\n\n\n\n<li>Support pliable<\/li>\n<\/ul>\n\n\n\n<p class=\"has-text-color wp-block-paragraph\" style=\"color:#a30000\"><strong>Installation sur le v\u00e9hicule<\/strong><\/p>\n\n\n\n<p class=\"wp-block-paragraph\"><mark style=\"background-color:rgba(0, 0, 0, 0);color:#a30000\" class=\"has-inline-color\">Mesur\u00e9 du sol &lt;= 90 cm jusqu&rsquo;au centre du r\u00e9flecteur.<\/mark><\/p>\n\n\n\n<p class=\"wp-block-paragraph\"><mark style=\"background-color:rgba(0, 0, 0, 0);color:#a30000\" class=\"has-inline-color\">Lors d&rsquo;un montage \u00e0 plus de 90 cm du sol, utilisez le kit de signalisation avec un jeu de lumi\u00e8res.<\/mark><\/p>\n<\/div>\n<\/div>\n\n\n\n<figure class=\"wp-block-table\"><table><tbody><tr><td>N\u00b0 d&rsquo;article<\/td><td>Quantit\u00e9<\/td><td>D\u00e9signation<\/td><\/tr><tr><td>954.V355.001<\/td><td>1 set<\/td><td>KIT DE SIGNALISATION WBC V355 DORA-TP-EASY&nbsp;POUR ROUES JUMEL\u00c9ES 2 supports, 2 plaques, 4 r\u00e9flecteurs<\/td><\/tr><\/tbody><\/table><figcaption class=\"wp-element-caption\">V355 DORA-TP-EASY<\/figcaption><\/figure>\n\n\n\n<h2 class=\"wp-block-heading\" id=\"Syst\u00e8me-de-clignotants-V401-HECK-TT-LED-pour-outils-port\u00e9s-arri\u00e8re-sur-les-tracteurs\">Syst\u00e8me de clignotants V401 HECK-TT-LED pour outils port\u00e9s arri\u00e8re sur les tracteurs<\/h2>\n\n\n\n<div class=\"wp-block-columns is-layout-flex wp-container-core-columns-is-layout-7387b849 wp-block-columns-is-layout-flex\">\n<div class=\"wp-block-column is-layout-flow wp-block-column-is-layout-flow\">\n<figure class=\"wp-block-image size-large\"><img loading=\"lazy\" decoding=\"async\" width=\"1024\" height=\"1024\" src=\"https:\/\/www.wblaserag.ch\/wp-content\/uploads\/2021\/06\/Blinkanlage_1024x1024-1024x1024.png\" alt=\"Syst\u00e8me de clignotants V401 HECK-TT-LED pour outils port\u00e9s arri\u00e8re sur les tracteurs\" class=\"wp-image-4481\" title=\"Blinkanlage f\u00fcr Heckanbauger\u00e4te an Traktoren V401 HECK-TT-LED\" srcset=\"https:\/\/www.wblaserag.ch\/wp-content\/uploads\/2021\/06\/Blinkanlage_1024x1024.png 1024w, https:\/\/www.wblaserag.ch\/wp-content\/uploads\/2021\/06\/Blinkanlage_1024x1024-300x300.png 300w, https:\/\/www.wblaserag.ch\/wp-content\/uploads\/2021\/06\/Blinkanlage_1024x1024-150x150.png 150w, https:\/\/www.wblaserag.ch\/wp-content\/uploads\/2021\/06\/Blinkanlage_1024x1024-768x768.png 768w\" sizes=\"auto, (max-width: 1024px) 100vw, 1024px\" \/><figcaption class=\"wp-element-caption\">Syst\u00e8me de clignotants V401 HECK-TT-LED<\/figcaption><\/figure>\n<\/div>\n\n\n\n<div class=\"wp-block-column is-layout-flow wp-block-column-is-layout-flow\">\n<p class=\"wp-block-paragraph\"><strong>Syst\u00e8me de clignotants pour montage facile sur les outils port\u00e9s arri\u00e8re<\/strong><\/p>\n\n\n\n<ul class=\"wp-block-list\">\n<li>Set : 2 plaques rouge\/blanc r\u00e9fl\u00e9chissantes chacune avec feux clignotants et feux de position. Avec un jeu de c\u00e2bles de 5 m entre les feux et un jeu de c\u00e2bles jusqu&rsquo;\u00e0 la fiche 7 p\u00f4les<\/li>\n\n\n\n<li>Convient \u00e0 tous les v\u00e9hicules avec une prise 7 p\u00f4les<\/li>\n<\/ul>\n<\/div>\n<\/div>\n\n\n\n<figure class=\"wp-block-table\"><table><tbody><tr><td>N\u00b0 d&rsquo;article<\/td><td>Quantit\u00e9<\/td><td>D\u00e9signation<\/td><\/tr><tr><td>954.V401.LED<\/td><td>1 set<\/td><td>SYST\u00c8ME DE CLIGNOTANTS V401 HECK-TT-LED&nbsp;POUR OUTILS PORT\u00c9S ARRI\u00c8RE<\/td><\/tr><\/tbody><\/table><figcaption class=\"wp-element-caption\">Syst\u00e8me de clignotants V401 HECK-TT-LED<\/figcaption><\/figure>\n\n\n\n<h2 class=\"wp-block-heading\" id=\"Triangle-de-signalisation-V502-WATA-pour-v\u00e9hicules-\u00e0-moins-de-45-km\/h-\">Triangle de signalisation V502 WATA pour v\u00e9hicules \u00e0 moins de 45 km\/h&nbsp;<\/h2>\n\n\n\n<div class=\"wp-block-columns is-layout-flex wp-container-core-columns-is-layout-7387b849 wp-block-columns-is-layout-flex\">\n<div class=\"wp-block-column is-layout-flow wp-block-column-is-layout-flow\">\n<figure class=\"wp-block-image size-large\"><img loading=\"lazy\" decoding=\"async\" width=\"1000\" height=\"1000\" src=\"https:\/\/www.wblaserag.ch\/wp-content\/uploads\/2021\/06\/warntafel.png\" alt=\"Triangle de signalisation V502 WATA pour v\u00e9hicules \u00e0 moins de 45 km\/h \" class=\"wp-image-4392\" title=\"Warntafel f\u00fcr langsam fahrende Fahrzeuge bis 45 km\/h V502 WATA\" srcset=\"https:\/\/www.wblaserag.ch\/wp-content\/uploads\/2021\/06\/warntafel.png 1000w, https:\/\/www.wblaserag.ch\/wp-content\/uploads\/2021\/06\/warntafel-300x300.png 300w, https:\/\/www.wblaserag.ch\/wp-content\/uploads\/2021\/06\/warntafel-150x150.png 150w, https:\/\/www.wblaserag.ch\/wp-content\/uploads\/2021\/06\/warntafel-768x768.png 768w\" sizes=\"auto, (max-width: 1000px) 100vw, 1000px\" \/><figcaption class=\"wp-element-caption\">Triangle de signalisation V502 WATA avec plaque de montage universelle<\/figcaption><\/figure>\n<\/div>\n\n\n\n<div class=\"wp-block-column is-layout-flow wp-block-column-is-layout-flow\">\n<p class=\"wp-block-paragraph\"><strong>Triangle de signalisation pour montage facile sur les outils port\u00e9s arri\u00e8re<\/strong><\/p>\n\n\n\n<ul class=\"wp-block-list\">\n<li>Set : 1 plaque triangulaire r\u00e9fl\u00e9chissante rouge + 1 support interchangeable avec toutes les vis de fixation<\/li>\n\n\n\n<li>Convient \u00e0 tous les v\u00e9hicules ou porte-outils<\/li>\n\n\n\n<li>Plaque de montage universelle VisioQuick<\/li>\n<\/ul>\n\n\n\n<p class=\"wp-block-paragraph\">Support interchangeable universellement applicable pour divers appareils interchangeables<\/p>\n<\/div>\n<\/div>\n\n\n\n<figure class=\"wp-block-table\"><table><tbody><tr><td>N\u00b0 d&rsquo;article<\/td><td>Quantit\u00e9<\/td><td>D\u00e9signation<\/td><\/tr><tr><td>257.V502.570<\/td><td>1 pi\u00e8ce<\/td><td>Support interchangeable VISIO V502 \u00abWATA\u00bb&nbsp;avec bride 4 trous rotative<\/td><\/tr><\/tbody><\/table><figcaption class=\"wp-element-caption\">V502 WATA<\/figcaption><\/figure>\n\n\n\n<h2 class=\"wp-block-heading\" id=\"Accessoires,-pi\u00e8ces-d\u00e9tach\u00e9es-et-autres-produits\">Accessoires, pi\u00e8ces d\u00e9tach\u00e9es et autres produits<\/h2>\n\n\n\n<div class=\"wp-block-columns is-layout-flex wp-container-core-columns-is-layout-7387b849 wp-block-columns-is-layout-flex\">\n<div class=\"wp-block-column is-layout-flow wp-block-column-is-layout-flow\">\n<figure class=\"wp-block-image size-large\"><img loading=\"lazy\" decoding=\"async\" width=\"1000\" height=\"1000\" src=\"https:\/\/www.wblaserag.ch\/wp-content\/uploads\/2021\/07\/1.png\" alt=\"Plaque de montage\u00a0MOPL PAAR ZNGB\" class=\"wp-image-4868\" srcset=\"https:\/\/www.wblaserag.ch\/wp-content\/uploads\/2021\/07\/1.png 1000w, https:\/\/www.wblaserag.ch\/wp-content\/uploads\/2021\/07\/1-300x300.png 300w, https:\/\/www.wblaserag.ch\/wp-content\/uploads\/2021\/07\/1-150x150.png 150w, https:\/\/www.wblaserag.ch\/wp-content\/uploads\/2021\/07\/1-768x768.png 768w\" sizes=\"auto, (max-width: 1000px) 100vw, 1000px\" \/><figcaption class=\"wp-element-caption\">992.MOPL.001<\/figcaption><\/figure>\n\n\n\n<p class=\"wp-block-paragraph\">Plaque de montage&nbsp;MOPL PAAR ZNGB<\/p>\n<\/div>\n\n\n\n<div class=\"wp-block-column is-layout-flow wp-block-column-is-layout-flow\">\n<figure class=\"wp-block-image size-large\"><img loading=\"lazy\" decoding=\"async\" width=\"1000\" height=\"1000\" src=\"https:\/\/www.wblaserag.ch\/wp-content\/uploads\/2021\/06\/6-1.png\" alt=\"\u00c9querre de fixation\u00a0MOWI PAAR ZNGB\" class=\"wp-image-4286\" srcset=\"https:\/\/www.wblaserag.ch\/wp-content\/uploads\/2021\/06\/6-1.png 1000w, https:\/\/www.wblaserag.ch\/wp-content\/uploads\/2021\/06\/6-1-300x300.png 300w, https:\/\/www.wblaserag.ch\/wp-content\/uploads\/2021\/06\/6-1-150x150.png 150w, https:\/\/www.wblaserag.ch\/wp-content\/uploads\/2021\/06\/6-1-768x768.png 768w\" sizes=\"auto, (max-width: 1000px) 100vw, 1000px\" \/><figcaption class=\"wp-element-caption\">992.MOWI.001<\/figcaption><\/figure>\n\n\n\n<p class=\"wp-block-paragraph\">\u00c9querre de fixation&nbsp;MOWI PAAR ZNGB<\/p>\n<\/div>\n<\/div>\n\n\n\n<div class=\"wp-block-columns is-layout-flex wp-container-core-columns-is-layout-7387b849 wp-block-columns-is-layout-flex\">\n<div class=\"wp-block-column is-layout-flow wp-block-column-is-layout-flow\">\n<figure class=\"wp-block-image size-large is-resized\"><img loading=\"lazy\" decoding=\"async\" src=\"https:\/\/www.wblaserag.ch\/wp-content\/uploads\/2021\/04\/Design-ohne-Titel-52.png\" alt=\"Partie inf\u00e9rieure de la console SCHUT-4L \u00e0 nu\" class=\"wp-image-1606\" width=\"250\" height=\"250\" srcset=\"https:\/\/www.wblaserag.ch\/wp-content\/uploads\/2021\/04\/Design-ohne-Titel-52.png 1000w, https:\/\/www.wblaserag.ch\/wp-content\/uploads\/2021\/04\/Design-ohne-Titel-52-300x300.png 300w, https:\/\/www.wblaserag.ch\/wp-content\/uploads\/2021\/04\/Design-ohne-Titel-52-150x150.png 150w, https:\/\/www.wblaserag.ch\/wp-content\/uploads\/2021\/04\/Design-ohne-Titel-52-768x768.png 768w\" sizes=\"auto, (max-width: 250px) 100vw, 250px\" \/><figcaption class=\"wp-element-caption\">201.V202.131<\/figcaption><\/figure>\n\n\n\n<p class=\"wp-block-paragraph\">Partie inf\u00e9rieure de la console SCHUT-4L \u00e0 nu<\/p>\n<\/div>\n\n\n\n<div class=\"wp-block-column is-layout-flow wp-block-column-is-layout-flow\">\n<figure class=\"wp-block-image size-large is-resized\"><img loading=\"lazy\" decoding=\"async\" src=\"https:\/\/www.wblaserag.ch\/wp-content\/uploads\/2021\/04\/201v202.png\" alt=\"Partie inf\u00e9rieure de la console\u00a0L SCHUT-4L en noir\" class=\"wp-image-1455\" width=\"250\" height=\"250\" srcset=\"https:\/\/www.wblaserag.ch\/wp-content\/uploads\/2021\/04\/201v202.png 1000w, https:\/\/www.wblaserag.ch\/wp-content\/uploads\/2021\/04\/201v202-300x300.png 300w, https:\/\/www.wblaserag.ch\/wp-content\/uploads\/2021\/04\/201v202-150x150.png 150w, https:\/\/www.wblaserag.ch\/wp-content\/uploads\/2021\/04\/201v202-768x768.png 768w\" sizes=\"auto, (max-width: 250px) 100vw, 250px\" \/><figcaption class=\"wp-element-caption\">201.V202.531<\/figcaption><\/figure>\n\n\n\n<p class=\"wp-block-paragraph\">Partie inf\u00e9rieure de la console&nbsp;L SCHUT-4L en noir&nbsp;&nbsp;<\/p>\n<\/div>\n<\/div>\n\n\n\n<div class=\"wp-block-columns is-layout-flex wp-container-core-columns-is-layout-7387b849 wp-block-columns-is-layout-flex\">\n<div class=\"wp-block-column is-layout-flow wp-block-column-is-layout-flow\">\n<figure class=\"wp-block-image size-large is-resized\"><img loading=\"lazy\" decoding=\"async\" src=\"https:\/\/www.wblaserag.ch\/wp-content\/uploads\/2021\/04\/381-pol2.png\" alt=\"Lampe \u00e0 suspension LED rouge \/ blanche GAUCHE\" class=\"wp-image-1461\" width=\"250\" height=\"250\" srcset=\"https:\/\/www.wblaserag.ch\/wp-content\/uploads\/2021\/04\/381-pol2.png 1000w, https:\/\/www.wblaserag.ch\/wp-content\/uploads\/2021\/04\/381-pol2-300x300.png 300w, https:\/\/www.wblaserag.ch\/wp-content\/uploads\/2021\/04\/381-pol2-150x150.png 150w, https:\/\/www.wblaserag.ch\/wp-content\/uploads\/2021\/04\/381-pol2-768x768.png 768w\" sizes=\"auto, (max-width: 250px) 100vw, 250px\" \/><figcaption class=\"wp-element-caption\">381.POL1.LED<\/figcaption><\/figure>\n\n\n\n<p class=\"wp-block-paragraph\">Lampe \u00e0 suspension LED rouge \/ blanche GAUCHE<\/p>\n<\/div>\n\n\n\n<div class=\"wp-block-column is-layout-flow wp-block-column-is-layout-flow\">\n<figure class=\"wp-block-image size-large is-resized\"><img loading=\"lazy\" decoding=\"async\" src=\"https:\/\/www.wblaserag.ch\/wp-content\/uploads\/2021\/04\/381.pol2_.png\" alt=\"Lampe \u00e0 suspension LED rouge \/ blanche DROITE\" class=\"wp-image-1463\" width=\"250\" height=\"250\" srcset=\"https:\/\/www.wblaserag.ch\/wp-content\/uploads\/2021\/04\/381.pol2_.png 1000w, https:\/\/www.wblaserag.ch\/wp-content\/uploads\/2021\/04\/381.pol2_-300x300.png 300w, https:\/\/www.wblaserag.ch\/wp-content\/uploads\/2021\/04\/381.pol2_-150x150.png 150w, https:\/\/www.wblaserag.ch\/wp-content\/uploads\/2021\/04\/381.pol2_-768x768.png 768w\" sizes=\"auto, (max-width: 250px) 100vw, 250px\" \/><figcaption class=\"wp-element-caption\">381.POL2.LED<\/figcaption><\/figure>\n\n\n\n<p class=\"wp-block-paragraph\">Lampe \u00e0 suspension LED rouge \/ blanche DROITE<\/p>\n<\/div>\n<\/div>\n\n\n\n<div class=\"wp-block-columns is-layout-flex wp-container-core-columns-is-layout-7387b849 wp-block-columns-is-layout-flex\">\n<div class=\"wp-block-column is-layout-flow wp-block-column-is-layout-flow\">\n<figure class=\"wp-block-image size-large is-resized\"><img loading=\"lazy\" decoding=\"async\" src=\"https:\/\/www.wblaserag.ch\/wp-content\/uploads\/2021\/04\/A-3.png\" alt=\"\u00c9l\u00e9ment de fixation KPL VISIO V300\" class=\"wp-image-1641\" width=\"250\" height=\"250\" srcset=\"https:\/\/www.wblaserag.ch\/wp-content\/uploads\/2021\/04\/A-3.png 1000w, https:\/\/www.wblaserag.ch\/wp-content\/uploads\/2021\/04\/A-3-300x300.png 300w, https:\/\/www.wblaserag.ch\/wp-content\/uploads\/2021\/04\/A-3-150x150.png 150w, https:\/\/www.wblaserag.ch\/wp-content\/uploads\/2021\/04\/A-3-768x768.png 768w\" sizes=\"auto, (max-width: 250px) 100vw, 250px\" \/><figcaption class=\"wp-element-caption\">210.V311.010<\/figcaption><\/figure>\n\n\n\n<p class=\"wp-block-paragraph\">\u00c9l\u00e9ment de fixation KPL VISIO V300<\/p>\n<\/div>\n\n\n\n<div class=\"wp-block-column is-layout-flow wp-block-column-is-layout-flow\">\n<figure class=\"wp-block-image size-large is-resized\"><img loading=\"lazy\" decoding=\"async\" src=\"https:\/\/www.wblaserag.ch\/wp-content\/uploads\/2021\/04\/Design-ohne-Titel-59.png\" alt=\"Plaque de signalisation DORA-TT-WBC imprim\u00e9e des deux c\u00f4t\u00e9s, rouge \/ blanc, r\u00e9fl\u00e9chissante, 400 x 165 x 2 mm, alu\" class=\"wp-image-1693\" width=\"500\" height=\"250\" title=\"MARKIERUNGSTAFEL\" srcset=\"https:\/\/www.wblaserag.ch\/wp-content\/uploads\/2021\/04\/Design-ohne-Titel-59.png 1000w, https:\/\/www.wblaserag.ch\/wp-content\/uploads\/2021\/04\/Design-ohne-Titel-59-300x150.png 300w, https:\/\/www.wblaserag.ch\/wp-content\/uploads\/2021\/04\/Design-ohne-Titel-59-768x384.png 768w\" sizes=\"auto, (max-width: 500px) 100vw, 500px\" \/><figcaption class=\"wp-element-caption\">415.V300.002<\/figcaption><\/figure>\n\n\n\n<p class=\"wp-block-paragraph\">Plaque de signalisation DORA-TT-WBC imprim\u00e9e des deux c\u00f4t\u00e9s, rouge \/ blanc, r\u00e9fl\u00e9chissante, 400 x 165 x 2 mm, alu<\/p>\n<\/div>\n<\/div>\n\n\n\n<div class=\"wp-block-columns is-layout-flex wp-container-core-columns-is-layout-7387b849 wp-block-columns-is-layout-flex\">\n<div class=\"wp-block-column is-layout-flow wp-block-column-is-layout-flow\">\n<figure class=\"wp-block-image size-large is-resized\"><img loading=\"lazy\" decoding=\"async\" src=\"https:\/\/www.wblaserag.ch\/wp-content\/uploads\/2021\/04\/Design-ohne-Titel-56.png\" alt=\"Plaque de signalisation DORA-TT-WBC imprim\u00e9e des deux c\u00f4t\u00e9s, rouge \/ blanc, r\u00e9fl\u00e9chissante, 280 X 165 X 2 mm, alu\" class=\"wp-image-1680\" width=\"500\" height=\"250\" title=\"MARKIERUNGSTAFEL\" srcset=\"https:\/\/www.wblaserag.ch\/wp-content\/uploads\/2021\/04\/Design-ohne-Titel-56.png 1000w, https:\/\/www.wblaserag.ch\/wp-content\/uploads\/2021\/04\/Design-ohne-Titel-56-300x150.png 300w, https:\/\/www.wblaserag.ch\/wp-content\/uploads\/2021\/04\/Design-ohne-Titel-56-768x384.png 768w\" sizes=\"auto, (max-width: 500px) 100vw, 500px\" \/><figcaption class=\"wp-element-caption\">415.V300.POT<\/figcaption><\/figure>\n\n\n\n<p class=\"has-text-align-left wp-block-paragraph\">Plaque de signalisation DORA-TT-WBC imprim\u00e9e des deux c\u00f4t\u00e9s, rouge \/ blanc, r\u00e9fl\u00e9chissante, 280 X 165 X 2 mm, alu<\/p>\n<\/div>\n\n\n\n<div class=\"wp-block-column is-layout-flow wp-block-column-is-layout-flow\"><div class=\"wp-block-image\">\n<figure class=\"aligncenter size-large is-resized\"><img loading=\"lazy\" decoding=\"async\" src=\"https:\/\/www.wblaserag.ch\/wp-content\/uploads\/2021\/04\/Design-ohne-Titel-60.png\" alt=\"Plaque de signalisation DORA-TP-WBC\" class=\"wp-image-1697\" width=\"500\" height=\"250\" title=\"MARKIERUNGSTAFEL\" srcset=\"https:\/\/www.wblaserag.ch\/wp-content\/uploads\/2021\/04\/Design-ohne-Titel-60.png 1000w, https:\/\/www.wblaserag.ch\/wp-content\/uploads\/2021\/04\/Design-ohne-Titel-60-300x150.png 300w, https:\/\/www.wblaserag.ch\/wp-content\/uploads\/2021\/04\/Design-ohne-Titel-60-768x384.png 768w\" sizes=\"auto, (max-width: 500px) 100vw, 500px\" \/><figcaption class=\"wp-element-caption\">415.V350.002<\/figcaption><\/figure>\n<\/div>\n\n\n<p class=\"has-text-align-left wp-block-paragraph\">Plaque de signalisation DORA-TP-WBC, imprim\u00e9e des deux c\u00f4t\u00e9s, rouge \/ blanc, r\u00e9fl\u00e9chissante, 230 X 165 X 2 mm, alu<\/p>\n<\/div>\n<\/div>\n\n\n\n<div class=\"wp-block-columns is-layout-flex wp-container-core-columns-is-layout-7387b849 wp-block-columns-is-layout-flex\">\n<div class=\"wp-block-column is-layout-flow wp-block-column-is-layout-flow\"><\/div>\n\n\n\n<div class=\"wp-block-column is-layout-flow wp-block-column-is-layout-flow\"><\/div>\n\n\n\n<div class=\"wp-block-column is-layout-flow wp-block-column-is-layout-flow\"><\/div>\n<\/div>\n","protected":false},"excerpt":{"rendered":"<p>\u00c9quipement de signalisation et d&rsquo;\u00e9clairage pour roues jumel\u00e9es L&rsquo;\u00e9quipement de signalisation et d&rsquo;\u00e9clairage pour roues jumel\u00e9es BlaserVisio assure la s\u00e9curit\u00e9 du trafic routier agricole et est bien implant\u00e9 sur le march\u00e9 agricole suisse. Nouveau ! Fiche produit (PDF) Nouveau ! Fiche produit ECE (PDF) Table des mati\u00e8res Kit de signalisation V301 DORA-TT-LED pour roues jumel\u00e9es&hellip;<\/p>\n","protected":false},"author":1,"featured_media":0,"parent":3319,"menu_order":0,"comment_status":"open","ping_status":"closed","template":"tw-no-title.php","meta":{"footnotes":""},"class_list":["post-5638","page","type-page","status-publish","hentry"],"yoast_head":"<!-- This site is optimized with the Yoast SEO plugin v28.2 - https:\/\/yoast.com\/product\/yoast-seo-wordpress\/ -->\n<title>\u00c9quipement de signalisation et d&#039;\u00e9clairage pour roues jumel\u00e9es - W. Blaser AG<\/title>\n<meta name=\"robots\" content=\"index, follow, max-snippet:-1, max-image-preview:large, max-video-preview:-1\" \/>\n<link rel=\"canonical\" href=\"https:\/\/www.wblaserag.ch\/fr\/visio\/equipement-de-signalisation\/equipement-de-signalisation-et-declairage-pour-roues-jumelees\/\" \/>\n<meta property=\"og:locale\" content=\"fr_FR\" \/>\n<meta property=\"og:type\" content=\"article\" \/>\n<meta property=\"og:title\" content=\"\u00c9quipement de signalisation et d&#039;\u00e9clairage pour roues jumel\u00e9es - W. Blaser AG\" \/>\n<meta property=\"og:description\" content=\"\u00c9quipement de signalisation et d&rsquo;\u00e9clairage pour roues jumel\u00e9es L&rsquo;\u00e9quipement de signalisation et d&rsquo;\u00e9clairage pour roues jumel\u00e9es BlaserVisio assure la s\u00e9curit\u00e9 du trafic routier agricole et est bien implant\u00e9 sur le march\u00e9 agricole suisse. Nouveau ! Fiche produit (PDF) Nouveau ! Fiche produit ECE (PDF) Table des mati\u00e8res Kit de signalisation V301 DORA-TT-LED pour roues jumel\u00e9es&hellip;\" \/>\n<meta property=\"og:url\" content=\"https:\/\/www.wblaserag.ch\/fr\/visio\/equipement-de-signalisation\/equipement-de-signalisation-et-declairage-pour-roues-jumelees\/\" \/>\n<meta property=\"og:site_name\" content=\"W. Blaser AG\" \/>\n<meta property=\"article:publisher\" content=\"https:\/\/www.facebook.com\/BlaserVisio-191482694639126\" \/>\n<meta property=\"article:modified_time\" content=\"2023-06-25T11:44:55+00:00\" \/>\n<meta property=\"og:image\" content=\"https:\/\/www.wblaserag.ch\/wp-content\/uploads\/2023\/06\/Design-ohne-Titel-68-768x768-1.png\" \/>\n<meta name=\"twitter:card\" content=\"summary_large_image\" \/>\n<script type=\"application\/ld+json\" class=\"yoast-schema-graph\">{\"@context\":\"https:\\\/\\\/schema.org\",\"@graph\":[{\"@type\":\"WebPage\",\"@id\":\"https:\\\/\\\/www.wblaserag.ch\\\/fr\\\/visio\\\/equipement-de-signalisation\\\/equipement-de-signalisation-et-declairage-pour-roues-jumelees\\\/\",\"url\":\"https:\\\/\\\/www.wblaserag.ch\\\/fr\\\/visio\\\/equipement-de-signalisation\\\/equipement-de-signalisation-et-declairage-pour-roues-jumelees\\\/\",\"name\":\"\u00c9quipement de signalisation et d'\u00e9clairage pour roues jumel\u00e9es - W. Blaser AG\",\"isPartOf\":{\"@id\":\"https:\\\/\\\/www.wblaserag.ch\\\/fr\\\/#website\"},\"primaryImageOfPage\":{\"@id\":\"https:\\\/\\\/www.wblaserag.ch\\\/fr\\\/visio\\\/equipement-de-signalisation\\\/equipement-de-signalisation-et-declairage-pour-roues-jumelees\\\/#primaryimage\"},\"image\":{\"@id\":\"https:\\\/\\\/www.wblaserag.ch\\\/fr\\\/visio\\\/equipement-de-signalisation\\\/equipement-de-signalisation-et-declairage-pour-roues-jumelees\\\/#primaryimage\"},\"thumbnailUrl\":\"https:\\\/\\\/www.wblaserag.ch\\\/wp-content\\\/uploads\\\/2023\\\/06\\\/Design-ohne-Titel-68-768x768-1.png\",\"datePublished\":\"2021-02-28T13:36:08+00:00\",\"dateModified\":\"2023-06-25T11:44:55+00:00\",\"breadcrumb\":{\"@id\":\"https:\\\/\\\/www.wblaserag.ch\\\/fr\\\/visio\\\/equipement-de-signalisation\\\/equipement-de-signalisation-et-declairage-pour-roues-jumelees\\\/#breadcrumb\"},\"inLanguage\":\"fr-FR\",\"potentialAction\":[{\"@type\":\"ReadAction\",\"target\":[\"https:\\\/\\\/www.wblaserag.ch\\\/fr\\\/visio\\\/equipement-de-signalisation\\\/equipement-de-signalisation-et-declairage-pour-roues-jumelees\\\/\"]}]},{\"@type\":\"ImageObject\",\"inLanguage\":\"fr-FR\",\"@id\":\"https:\\\/\\\/www.wblaserag.ch\\\/fr\\\/visio\\\/equipement-de-signalisation\\\/equipement-de-signalisation-et-declairage-pour-roues-jumelees\\\/#primaryimage\",\"url\":\"https:\\\/\\\/www.wblaserag.ch\\\/wp-content\\\/uploads\\\/2023\\\/06\\\/Design-ohne-Titel-68-768x768-1.png\",\"contentUrl\":\"https:\\\/\\\/www.wblaserag.ch\\\/wp-content\\\/uploads\\\/2023\\\/06\\\/Design-ohne-Titel-68-768x768-1.png\"},{\"@type\":\"BreadcrumbList\",\"@id\":\"https:\\\/\\\/www.wblaserag.ch\\\/fr\\\/visio\\\/equipement-de-signalisation\\\/equipement-de-signalisation-et-declairage-pour-roues-jumelees\\\/#breadcrumb\",\"itemListElement\":[{\"@type\":\"ListItem\",\"position\":1,\"name\":\"Page d'accueil\",\"item\":\"https:\\\/\\\/www.wblaserag.ch\\\/fr\\\/\"},{\"@type\":\"ListItem\",\"position\":2,\"name\":\"BlaserVisio\",\"item\":\"https:\\\/\\\/www.wblaserag.ch\\\/fr\\\/visio\\\/\"},{\"@type\":\"ListItem\",\"position\":3,\"name\":\"Equipement de signalisation\",\"item\":\"https:\\\/\\\/www.wblaserag.ch\\\/fr\\\/visio\\\/equipement-de-signalisation\\\/\"},{\"@type\":\"ListItem\",\"position\":4,\"name\":\"\u00c9quipement de signalisation et d&#8217;\u00e9clairage pour roues jumel\u00e9es\"}]},{\"@type\":\"WebSite\",\"@id\":\"https:\\\/\\\/www.wblaserag.ch\\\/fr\\\/#website\",\"url\":\"https:\\\/\\\/www.wblaserag.ch\\\/fr\\\/\",\"name\":\"W. Blaser AG\",\"description\":\"\",\"publisher\":{\"@id\":\"https:\\\/\\\/www.wblaserag.ch\\\/fr\\\/#organization\"},\"potentialAction\":[{\"@type\":\"SearchAction\",\"target\":{\"@type\":\"EntryPoint\",\"urlTemplate\":\"https:\\\/\\\/www.wblaserag.ch\\\/fr\\\/?s={search_term_string}\"},\"query-input\":{\"@type\":\"PropertyValueSpecification\",\"valueRequired\":true,\"valueName\":\"search_term_string\"}}],\"inLanguage\":\"fr-FR\"},{\"@type\":\"Organization\",\"@id\":\"https:\\\/\\\/www.wblaserag.ch\\\/fr\\\/#organization\",\"name\":\"W. Blaser AG\",\"url\":\"https:\\\/\\\/www.wblaserag.ch\\\/fr\\\/\",\"logo\":{\"@type\":\"ImageObject\",\"inLanguage\":\"fr-FR\",\"@id\":\"https:\\\/\\\/www.wblaserag.ch\\\/fr\\\/#\\\/schema\\\/logo\\\/image\\\/\",\"url\":\"https:\\\/\\\/www.wblaserag.ch\\\/wp-content\\\/uploads\\\/2021\\\/02\\\/cropped-cropped-Blaser_Mobile_NEG.png\",\"contentUrl\":\"https:\\\/\\\/www.wblaserag.ch\\\/wp-content\\\/uploads\\\/2021\\\/02\\\/cropped-cropped-Blaser_Mobile_NEG.png\",\"width\":400,\"height\":55,\"caption\":\"W. Blaser AG\"},\"image\":{\"@id\":\"https:\\\/\\\/www.wblaserag.ch\\\/fr\\\/#\\\/schema\\\/logo\\\/image\\\/\"},\"sameAs\":[\"https:\\\/\\\/www.facebook.com\\\/BlaserVisio-191482694639126\",\"https:\\\/\\\/www.instagram.com\\\/blaservisio\\\/\"]}]}<\/script>\n<!-- \/ Yoast SEO plugin. -->","yoast_head_json":{"title":"\u00c9quipement de signalisation et d'\u00e9clairage pour roues jumel\u00e9es - W. Blaser AG","robots":{"index":"index","follow":"follow","max-snippet":"max-snippet:-1","max-image-preview":"max-image-preview:large","max-video-preview":"max-video-preview:-1"},"canonical":"https:\/\/www.wblaserag.ch\/fr\/visio\/equipement-de-signalisation\/equipement-de-signalisation-et-declairage-pour-roues-jumelees\/","og_locale":"fr_FR","og_type":"article","og_title":"\u00c9quipement de signalisation et d'\u00e9clairage pour roues jumel\u00e9es - W. Blaser AG","og_description":"\u00c9quipement de signalisation et d&rsquo;\u00e9clairage pour roues jumel\u00e9es L&rsquo;\u00e9quipement de signalisation et d&rsquo;\u00e9clairage pour roues jumel\u00e9es BlaserVisio assure la s\u00e9curit\u00e9 du trafic routier agricole et est bien implant\u00e9 sur le march\u00e9 agricole suisse. Nouveau ! Fiche produit (PDF) Nouveau ! Fiche produit ECE (PDF) Table des mati\u00e8res Kit de signalisation V301 DORA-TT-LED pour roues jumel\u00e9es&hellip;","og_url":"https:\/\/www.wblaserag.ch\/fr\/visio\/equipement-de-signalisation\/equipement-de-signalisation-et-declairage-pour-roues-jumelees\/","og_site_name":"W. Blaser AG","article_publisher":"https:\/\/www.facebook.com\/BlaserVisio-191482694639126","article_modified_time":"2023-06-25T11:44:55+00:00","og_image":[{"url":"https:\/\/www.wblaserag.ch\/wp-content\/uploads\/2023\/06\/Design-ohne-Titel-68-768x768-1.png","type":"","width":"","height":""}],"twitter_card":"summary_large_image","schema":{"@context":"https:\/\/schema.org","@graph":[{"@type":"WebPage","@id":"https:\/\/www.wblaserag.ch\/fr\/visio\/equipement-de-signalisation\/equipement-de-signalisation-et-declairage-pour-roues-jumelees\/","url":"https:\/\/www.wblaserag.ch\/fr\/visio\/equipement-de-signalisation\/equipement-de-signalisation-et-declairage-pour-roues-jumelees\/","name":"\u00c9quipement de signalisation et d'\u00e9clairage pour roues jumel\u00e9es - W. Blaser AG","isPartOf":{"@id":"https:\/\/www.wblaserag.ch\/fr\/#website"},"primaryImageOfPage":{"@id":"https:\/\/www.wblaserag.ch\/fr\/visio\/equipement-de-signalisation\/equipement-de-signalisation-et-declairage-pour-roues-jumelees\/#primaryimage"},"image":{"@id":"https:\/\/www.wblaserag.ch\/fr\/visio\/equipement-de-signalisation\/equipement-de-signalisation-et-declairage-pour-roues-jumelees\/#primaryimage"},"thumbnailUrl":"https:\/\/www.wblaserag.ch\/wp-content\/uploads\/2023\/06\/Design-ohne-Titel-68-768x768-1.png","datePublished":"2021-02-28T13:36:08+00:00","dateModified":"2023-06-25T11:44:55+00:00","breadcrumb":{"@id":"https:\/\/www.wblaserag.ch\/fr\/visio\/equipement-de-signalisation\/equipement-de-signalisation-et-declairage-pour-roues-jumelees\/#breadcrumb"},"inLanguage":"fr-FR","potentialAction":[{"@type":"ReadAction","target":["https:\/\/www.wblaserag.ch\/fr\/visio\/equipement-de-signalisation\/equipement-de-signalisation-et-declairage-pour-roues-jumelees\/"]}]},{"@type":"ImageObject","inLanguage":"fr-FR","@id":"https:\/\/www.wblaserag.ch\/fr\/visio\/equipement-de-signalisation\/equipement-de-signalisation-et-declairage-pour-roues-jumelees\/#primaryimage","url":"https:\/\/www.wblaserag.ch\/wp-content\/uploads\/2023\/06\/Design-ohne-Titel-68-768x768-1.png","contentUrl":"https:\/\/www.wblaserag.ch\/wp-content\/uploads\/2023\/06\/Design-ohne-Titel-68-768x768-1.png"},{"@type":"BreadcrumbList","@id":"https:\/\/www.wblaserag.ch\/fr\/visio\/equipement-de-signalisation\/equipement-de-signalisation-et-declairage-pour-roues-jumelees\/#breadcrumb","itemListElement":[{"@type":"ListItem","position":1,"name":"Page d'accueil","item":"https:\/\/www.wblaserag.ch\/fr\/"},{"@type":"ListItem","position":2,"name":"BlaserVisio","item":"https:\/\/www.wblaserag.ch\/fr\/visio\/"},{"@type":"ListItem","position":3,"name":"Equipement de signalisation","item":"https:\/\/www.wblaserag.ch\/fr\/visio\/equipement-de-signalisation\/"},{"@type":"ListItem","position":4,"name":"\u00c9quipement de signalisation et d&#8217;\u00e9clairage pour roues jumel\u00e9es"}]},{"@type":"WebSite","@id":"https:\/\/www.wblaserag.ch\/fr\/#website","url":"https:\/\/www.wblaserag.ch\/fr\/","name":"W. Blaser AG","description":"","publisher":{"@id":"https:\/\/www.wblaserag.ch\/fr\/#organization"},"potentialAction":[{"@type":"SearchAction","target":{"@type":"EntryPoint","urlTemplate":"https:\/\/www.wblaserag.ch\/fr\/?s={search_term_string}"},"query-input":{"@type":"PropertyValueSpecification","valueRequired":true,"valueName":"search_term_string"}}],"inLanguage":"fr-FR"},{"@type":"Organization","@id":"https:\/\/www.wblaserag.ch\/fr\/#organization","name":"W. Blaser AG","url":"https:\/\/www.wblaserag.ch\/fr\/","logo":{"@type":"ImageObject","inLanguage":"fr-FR","@id":"https:\/\/www.wblaserag.ch\/fr\/#\/schema\/logo\/image\/","url":"https:\/\/www.wblaserag.ch\/wp-content\/uploads\/2021\/02\/cropped-cropped-Blaser_Mobile_NEG.png","contentUrl":"https:\/\/www.wblaserag.ch\/wp-content\/uploads\/2021\/02\/cropped-cropped-Blaser_Mobile_NEG.png","width":400,"height":55,"caption":"W. Blaser AG"},"image":{"@id":"https:\/\/www.wblaserag.ch\/fr\/#\/schema\/logo\/image\/"},"sameAs":["https:\/\/www.facebook.com\/BlaserVisio-191482694639126","https:\/\/www.instagram.com\/blaservisio\/"]}]}},"_links":{"self":[{"href":"https:\/\/www.wblaserag.ch\/fr\/wp-json\/wp\/v2\/pages\/5638","targetHints":{"allow":["GET"]}}],"collection":[{"href":"https:\/\/www.wblaserag.ch\/fr\/wp-json\/wp\/v2\/pages"}],"about":[{"href":"https:\/\/www.wblaserag.ch\/fr\/wp-json\/wp\/v2\/types\/page"}],"author":[{"embeddable":true,"href":"https:\/\/www.wblaserag.ch\/fr\/wp-json\/wp\/v2\/users\/1"}],"replies":[{"embeddable":true,"href":"https:\/\/www.wblaserag.ch\/fr\/wp-json\/wp\/v2\/comments?post=5638"}],"version-history":[{"count":12,"href":"https:\/\/www.wblaserag.ch\/fr\/wp-json\/wp\/v2\/pages\/5638\/revisions"}],"predecessor-version":[{"id":9671,"href":"https:\/\/www.wblaserag.ch\/fr\/wp-json\/wp\/v2\/pages\/5638\/revisions\/9671"}],"up":[{"embeddable":true,"href":"https:\/\/www.wblaserag.ch\/fr\/wp-json\/wp\/v2\/pages\/3319"}],"wp:attachment":[{"href":"https:\/\/www.wblaserag.ch\/fr\/wp-json\/wp\/v2\/media?parent=5638"}],"curies":[{"name":"wp","href":"https:\/\/api.w.org\/{rel}","templated":true}]}}