{"id":3740,"date":"2021-02-07T00:17:24","date_gmt":"2021-02-07T00:17:24","guid":{"rendered":"https:\/\/www.wblaserag.ch\/?page_id=3740"},"modified":"2022-01-01T14:12:02","modified_gmt":"2022-01-01T14:12:02","slug":"mobilier-pour-hopitaux-maisons-de-retraite-et-developpements-individuels","status":"publish","type":"page","link":"https:\/\/www.wblaserag.ch\/fr\/chair\/mobilier-pour-hopitaux-maisons-de-retraite-et-developpements-individuels\/","title":{"rendered":"Mobilier pour h\u00f4pitaux, maisons de retraite et mobilier sur mesure"},"content":{"rendered":"\n<div style=\"height:1px\" aria-hidden=\"true\" class=\"wp-block-spacer\"><\/div>\n\n\n\n<h1 class=\"wp-block-heading\">Mobilier pour cabinet m\u00e9dical, h\u00f4pital et maisons de retraite&nbsp;<\/h1>\n\n\n\n<figure class=\"wp-block-image size-large is-style-default\"><img loading=\"lazy\" decoding=\"async\" width=\"640\" height=\"720\" src=\"https:\/\/www.wblaserag.ch\/wp-content\/uploads\/2021\/02\/0520_BlaserChair_MEDICA_Korpus-Uebersicht_800x900_72-2.jpg\" alt=\"Mobilier pour h\u00f4pitaux, maisons de retraite\" class=\"wp-image-1707\" srcset=\"https:\/\/www.wblaserag.ch\/wp-content\/uploads\/2021\/02\/0520_BlaserChair_MEDICA_Korpus-Uebersicht_800x900_72-2.jpg 640w, https:\/\/www.wblaserag.ch\/wp-content\/uploads\/2021\/02\/0520_BlaserChair_MEDICA_Korpus-Uebersicht_800x900_72-2-267x300.jpg 267w\" sizes=\"auto, (max-width: 640px) 100vw, 640px\" \/><\/figure>\n\n\n<div class=\"yoast-breadcrumbs\"><span><span><a href=\"https:\/\/www.wblaserag.ch\/fr\/\">Page d&rsquo;accueil<\/a><\/span> \u00bb <span><a href=\"https:\/\/www.wblaserag.ch\/fr\/chair\/\">BlaserChair<\/a><\/span> \u00bb <span class=\"breadcrumb_last\" aria-current=\"page\">Mobilier pour h\u00f4pitaux, maisons de retraite et mobilier sur mesure<\/span><\/span><\/div>\n\n\n<p class=\"wp-block-paragraph\">En tant que fabricant suisse traditionnel de mobilier m\u00e9dical, nous b\u00e9n\u00e9ficions de canaux de communication courts et simples. Le d\u00e9veloppement et la production de notre mobilier m\u00e9dical se fait \u00e0 Burgdorf. Gr\u00e2ce \u00e0 notre exp\u00e9rience dans le d\u00e9veloppement de mobilier pour les patients, de mobilier pour les cabinets m\u00e9dicaux, les h\u00f4pitaux et les maisons de retraite, nous sommes en mesure de vous proposer un mobilier adapt\u00e9 \u00e0 vos besoins.<\/p>\n\n\n\n<div class=\"wp-block-buttons is-layout-flex wp-block-buttons-is-layout-flex\">\n<div class=\"wp-block-button is-style-outline is-style-outline--1\"><a class=\"wp-block-button__link has-accent-color has-text-color\" href=\"mailto:info@wblaserag.ch\" style=\"border-radius:6px\">Demander un devis<\/a><\/div>\n<\/div>\n\n\n\n<h2 class=\"wp-block-heading\" id=\"M\u00f6bel-f\u00fcr-Arztpraxis,-Spital-und-Pflegeheim\">Mobilier m\u00e9dical<\/h2>\n\n\n\n<p class=\"wp-block-paragraph\">En fabriquant le mobilier d\u2019appoint, des caissons et des tables de chevet qui peuvent servir de mobilier de cabinet m\u00e9dical, mobilier hospitalier et mobilier pour les maisons de retraite, nous nous sommes sp\u00e9cialis\u00e9s dans la technologie&nbsp;<a href=\"https:\/\/www.swisscdf.com\/\" target=\"_blank\" rel=\"noreferrer noopener nofollow\">SWISSCDF<\/a>. SWISSCDF est un panneau de fibres de couleur noire, comprim\u00e9 de mani\u00e8re compacte (&gt; 1\u2019000 kg\/m3) que les concepteurs et les am\u00e9nageurs de magasins adorent gr\u00e2ce \u00e0 sa haute densit\u00e9 et \u00e0 son aspect esth\u00e9tique. Nous avons choisi le&nbsp;<a href=\"https:\/\/www.swisscdf.com\/fileadmin\/user_upload\/Files\/Bilder\/Plattenmodul\/Decore\/01_weiss\/K101PE.jpg\" target=\"_blank\" rel=\"noreferrer noopener nofollow\">K 101 PE<\/a>,&nbsp;<a href=\"https:\/\/www.swisscdf.com\/fileadmin\/user_upload\/Files\/Bilder\/Plattenmodul\/Decore\/01_weiss\/K101PE.jpg\" target=\"_blank\" rel=\"noreferrer noopener nofollow\">blanc de fa\u00e7ade<\/a>, comme couleur standard. Pour des quantit\u00e9s plus importantes, les tables de chevet peuvent \u00e9galement \u00eatre produites dans&nbsp;<a href=\"https:\/\/www.wblaserag.ch\/assets\/produktbilder\/Chair\/Isola\/Korpusse\/ONE_WORLD_Collection_2020.pdf\" target=\"_blank\" rel=\"noreferrer noopener nofollow\">d\u2019autres d\u00e9cors<\/a>.<\/p>\n\n\n\n<p class=\"wp-block-paragraph\">Nous avons \u00e9galement d\u00e9velopp\u00e9 et fabriqu\u00e9 des tables d\u2019appoint en h\u00eatre ou en noyer \u00e0 la demande des clients. Pour avoir de nouvelles id\u00e9es, nous nous adressons \u00e0&nbsp;<a href=\"https:\/\/www.frommherz.ch\/\" target=\"_blank\" rel=\"noreferrer noopener nofollow\">Cuno Frommherz<\/a>, notre designer de meubles de la r\u00e9gion.<\/p>\n\n\n\n<h3 class=\"wp-block-heading\">Mobilier de cabinet, mobilier hospitalier et mobilier pour maisons de retraite : caissons, meubles d&rsquo;appoint et tables de chevet<\/h3>\n\n\n\n<div class=\"wp-block-columns is-layout-flex wp-container-core-columns-is-layout-7387b849 wp-block-columns-is-layout-flex\">\n<div class=\"wp-block-column is-layout-flow wp-block-column-is-layout-flow\">\n<figure class=\"wp-block-image size-large\"><img loading=\"lazy\" decoding=\"async\" width=\"640\" height=\"720\" src=\"https:\/\/www.wblaserag.ch\/wp-content\/uploads\/2021\/06\/0520_BlaserChair_CASA_Korpus_front_800x900_72-2.jpg\" alt=\"Mobilier pour h\u00f4pitaux\" class=\"wp-image-3891\" srcset=\"https:\/\/www.wblaserag.ch\/wp-content\/uploads\/2021\/06\/0520_BlaserChair_CASA_Korpus_front_800x900_72-2.jpg 640w, https:\/\/www.wblaserag.ch\/wp-content\/uploads\/2021\/06\/0520_BlaserChair_CASA_Korpus_front_800x900_72-2-267x300.jpg 267w\" sizes=\"auto, (max-width: 640px) 100vw, 640px\" \/><\/figure>\n<\/div>\n\n\n\n<div class=\"wp-block-column is-layout-flow wp-block-column-is-layout-flow\">\n<figure class=\"wp-block-image size-large\"><img loading=\"lazy\" decoding=\"async\" width=\"640\" height=\"720\" src=\"https:\/\/www.wblaserag.ch\/wp-content\/uploads\/2021\/06\/0520_BlaserChair_CASA_Korpus_Front_Tisch_gedreht_800x900_72-2.jpg\" alt=\"Mobilier pour h\u00f4pitaux\" class=\"wp-image-3896\" srcset=\"https:\/\/www.wblaserag.ch\/wp-content\/uploads\/2021\/06\/0520_BlaserChair_CASA_Korpus_Front_Tisch_gedreht_800x900_72-2.jpg 640w, https:\/\/www.wblaserag.ch\/wp-content\/uploads\/2021\/06\/0520_BlaserChair_CASA_Korpus_Front_Tisch_gedreht_800x900_72-2-267x300.jpg 267w\" sizes=\"auto, (max-width: 640px) 100vw, 640px\" \/><\/figure>\n<\/div>\n\n\n\n<div class=\"wp-block-column is-layout-flow wp-block-column-is-layout-flow\">\n<figure class=\"wp-block-image size-large\"><img loading=\"lazy\" decoding=\"async\" width=\"640\" height=\"720\" src=\"https:\/\/www.wblaserag.ch\/wp-content\/uploads\/2021\/06\/0520_BlaserChair_CASA_Korpus_vorne_links_800x900_72-2.jpg\" alt=\"Mobilier pour h\u00f4pitaux\" class=\"wp-image-3901\" srcset=\"https:\/\/www.wblaserag.ch\/wp-content\/uploads\/2021\/06\/0520_BlaserChair_CASA_Korpus_vorne_links_800x900_72-2.jpg 640w, https:\/\/www.wblaserag.ch\/wp-content\/uploads\/2021\/06\/0520_BlaserChair_CASA_Korpus_vorne_links_800x900_72-2-267x300.jpg 267w\" sizes=\"auto, (max-width: 640px) 100vw, 640px\" \/><\/figure>\n<\/div>\n<\/div>\n\n\n\n<div class=\"wp-block-columns is-layout-flex wp-container-core-columns-is-layout-7387b849 wp-block-columns-is-layout-flex\">\n<div class=\"wp-block-column is-layout-flow wp-block-column-is-layout-flow\">\n<figure class=\"wp-block-image size-large\"><img loading=\"lazy\" decoding=\"async\" width=\"640\" height=\"720\" src=\"https:\/\/www.wblaserag.ch\/wp-content\/uploads\/2021\/06\/0520_BlaserChair_CURA_Beistellmoebel_800x900_72-1.jpg\" alt=\"tables de chevet\" class=\"wp-image-3906\" srcset=\"https:\/\/www.wblaserag.ch\/wp-content\/uploads\/2021\/06\/0520_BlaserChair_CURA_Beistellmoebel_800x900_72-1.jpg 640w, https:\/\/www.wblaserag.ch\/wp-content\/uploads\/2021\/06\/0520_BlaserChair_CURA_Beistellmoebel_800x900_72-1-267x300.jpg 267w\" sizes=\"auto, (max-width: 640px) 100vw, 640px\" \/><\/figure>\n<\/div>\n\n\n\n<div class=\"wp-block-column is-layout-flow wp-block-column-is-layout-flow\">\n<figure class=\"wp-block-image size-large\"><img loading=\"lazy\" decoding=\"async\" width=\"640\" height=\"720\" src=\"https:\/\/www.wblaserag.ch\/wp-content\/uploads\/2021\/06\/0520_BlaserChair_CURA_Korpus_A__vorne_links_800x900_72-2.jpg\" alt=\"mobilier pour maisons de retraite, ehpad\" class=\"wp-image-3911\" srcset=\"https:\/\/www.wblaserag.ch\/wp-content\/uploads\/2021\/06\/0520_BlaserChair_CURA_Korpus_A__vorne_links_800x900_72-2.jpg 640w, https:\/\/www.wblaserag.ch\/wp-content\/uploads\/2021\/06\/0520_BlaserChair_CURA_Korpus_A__vorne_links_800x900_72-2-267x300.jpg 267w\" sizes=\"auto, (max-width: 640px) 100vw, 640px\" \/><\/figure>\n<\/div>\n\n\n\n<div class=\"wp-block-column is-layout-flow wp-block-column-is-layout-flow\">\n<figure class=\"wp-block-image size-large\"><img loading=\"lazy\" decoding=\"async\" width=\"640\" height=\"720\" src=\"https:\/\/www.wblaserag.ch\/wp-content\/uploads\/2021\/06\/0520_BlaserChair_CURA_Korpus_A_front_800x900_72-2.jpg\" alt=\"mobilier pour maisons de retraite, ehpad\" class=\"wp-image-3916\" srcset=\"https:\/\/www.wblaserag.ch\/wp-content\/uploads\/2021\/06\/0520_BlaserChair_CURA_Korpus_A_front_800x900_72-2.jpg 640w, https:\/\/www.wblaserag.ch\/wp-content\/uploads\/2021\/06\/0520_BlaserChair_CURA_Korpus_A_front_800x900_72-2-267x300.jpg 267w\" sizes=\"auto, (max-width: 640px) 100vw, 640px\" \/><\/figure>\n<\/div>\n<\/div>\n\n\n\n<div class=\"wp-block-columns is-layout-flex wp-container-core-columns-is-layout-7387b849 wp-block-columns-is-layout-flex\">\n<div class=\"wp-block-column is-layout-flow wp-block-column-is-layout-flow\">\n<figure class=\"wp-block-image size-large\"><img loading=\"lazy\" decoding=\"async\" width=\"640\" height=\"720\" src=\"https:\/\/www.wblaserag.ch\/wp-content\/uploads\/2021\/06\/0520_BlaserChair_MEDICA_Korpus-Uebersicht_800x900_72-2.jpg\" alt=\"mobilier hospitalier\" class=\"wp-image-3921\" srcset=\"https:\/\/www.wblaserag.ch\/wp-content\/uploads\/2021\/06\/0520_BlaserChair_MEDICA_Korpus-Uebersicht_800x900_72-2.jpg 640w, https:\/\/www.wblaserag.ch\/wp-content\/uploads\/2021\/06\/0520_BlaserChair_MEDICA_Korpus-Uebersicht_800x900_72-2-267x300.jpg 267w\" sizes=\"auto, (max-width: 640px) 100vw, 640px\" \/><\/figure>\n<\/div>\n\n\n\n<div class=\"wp-block-column is-layout-flow wp-block-column-is-layout-flow\">\n<figure class=\"wp-block-image size-large\"><img loading=\"lazy\" decoding=\"async\" width=\"640\" height=\"720\" src=\"https:\/\/www.wblaserag.ch\/wp-content\/uploads\/2021\/06\/1020_ISOLA_Nachttisch_B1-800x900_72-2.jpg\" alt=\"mobilier hospitalier\" class=\"wp-image-3926\" srcset=\"https:\/\/www.wblaserag.ch\/wp-content\/uploads\/2021\/06\/1020_ISOLA_Nachttisch_B1-800x900_72-2.jpg 640w, https:\/\/www.wblaserag.ch\/wp-content\/uploads\/2021\/06\/1020_ISOLA_Nachttisch_B1-800x900_72-2-267x300.jpg 267w\" sizes=\"auto, (max-width: 640px) 100vw, 640px\" \/><\/figure>\n<\/div>\n\n\n\n<div class=\"wp-block-column is-layout-flow wp-block-column-is-layout-flow\">\n<figure class=\"wp-block-image size-large\"><img loading=\"lazy\" decoding=\"async\" width=\"640\" height=\"720\" src=\"https:\/\/www.wblaserag.ch\/wp-content\/uploads\/2021\/06\/1020_ISOLA_Nachttisch_B3-800x900_72-2.jpg\" alt=\"Fournisseur mobilier hospitalier W. Blaser AG\" class=\"wp-image-3931\" srcset=\"https:\/\/www.wblaserag.ch\/wp-content\/uploads\/2021\/06\/1020_ISOLA_Nachttisch_B3-800x900_72-2.jpg 640w, https:\/\/www.wblaserag.ch\/wp-content\/uploads\/2021\/06\/1020_ISOLA_Nachttisch_B3-800x900_72-2-267x300.jpg 267w\" sizes=\"auto, (max-width: 640px) 100vw, 640px\" \/><\/figure>\n<\/div>\n<\/div>\n\n\n\n<div class=\"wp-block-columns is-layout-flex wp-container-core-columns-is-layout-7387b849 wp-block-columns-is-layout-flex\">\n<div class=\"wp-block-column is-layout-flow wp-block-column-is-layout-flow\">\n<figure class=\"wp-block-image size-large\"><img loading=\"lazy\" decoding=\"async\" width=\"640\" height=\"720\" src=\"https:\/\/www.wblaserag.ch\/wp-content\/uploads\/2021\/06\/1020_ISOLA_Nachttisch_P1_2.1-800x900_72-2.jpg\" alt=\"mobilier m\u00e9dical mobilier hospitalier\" class=\"wp-image-3936\" srcset=\"https:\/\/www.wblaserag.ch\/wp-content\/uploads\/2021\/06\/1020_ISOLA_Nachttisch_P1_2.1-800x900_72-2.jpg 640w, https:\/\/www.wblaserag.ch\/wp-content\/uploads\/2021\/06\/1020_ISOLA_Nachttisch_P1_2.1-800x900_72-2-267x300.jpg 267w\" sizes=\"auto, (max-width: 640px) 100vw, 640px\" \/><\/figure>\n<\/div>\n\n\n\n<div class=\"wp-block-column is-layout-flow wp-block-column-is-layout-flow\">\n<figure class=\"wp-block-image size-large\"><img loading=\"lazy\" decoding=\"async\" width=\"640\" height=\"720\" src=\"https:\/\/www.wblaserag.ch\/wp-content\/uploads\/2021\/06\/1020_ISOLA_Nachttisch_B2-800x900_72-2.jpg\" alt=\"mobilier m\u00e9dical\" class=\"wp-image-3941\" srcset=\"https:\/\/www.wblaserag.ch\/wp-content\/uploads\/2021\/06\/1020_ISOLA_Nachttisch_B2-800x900_72-2.jpg 640w, https:\/\/www.wblaserag.ch\/wp-content\/uploads\/2021\/06\/1020_ISOLA_Nachttisch_B2-800x900_72-2-267x300.jpg 267w\" sizes=\"auto, (max-width: 640px) 100vw, 640px\" \/><\/figure>\n<\/div>\n\n\n\n<div class=\"wp-block-column is-layout-flow wp-block-column-is-layout-flow\">\n<figure class=\"wp-block-image size-large\"><img loading=\"lazy\" decoding=\"async\" width=\"640\" height=\"720\" src=\"https:\/\/www.wblaserag.ch\/wp-content\/uploads\/2021\/06\/1020_ISOLA_Nachttisch_P1_4.2-800x900_72-2.jpg\" alt=\"mobilier hospitalier\" class=\"wp-image-3946\" srcset=\"https:\/\/www.wblaserag.ch\/wp-content\/uploads\/2021\/06\/1020_ISOLA_Nachttisch_P1_4.2-800x900_72-2.jpg 640w, https:\/\/www.wblaserag.ch\/wp-content\/uploads\/2021\/06\/1020_ISOLA_Nachttisch_P1_4.2-800x900_72-2-267x300.jpg 267w\" sizes=\"auto, (max-width: 640px) 100vw, 640px\" \/><\/figure>\n<\/div>\n<\/div>\n\n\n\n<h2 class=\"wp-block-heading\" id=\"Qualit\u00e9-des-fauteuils-et-du-mobilier-m\u00e9dical-de-Blaser\">Qualit\u00e9 des fauteuils et du mobilier m\u00e9dical Blaser<\/h2>\n\n\n\n<p class=\"wp-block-paragraph\">Les&nbsp;<a href=\"https:\/\/www.wblaserag.ch\/fr\/chair\/\">fauteuils m\u00e9dicaux<\/a>&nbsp;et&nbsp;<a href=\"https:\/\/www.wblaserag.ch\/fr\/chair\/\">fauteuils de soins<\/a>&nbsp;Blaser sont conformes \u00e0 la norme CE. Leur conception et d\u00e9veloppement, ainsi que la version commercialis\u00e9e sont conformes aux exigences essentielles de la directive 93\/42\/CEE relative aux dispositifs m\u00e9dicaux. Ils ont \u00e9t\u00e9 fabriqu\u00e9s conform\u00e9ment au label \u00ab&nbsp;Swiss made&nbsp;\u00bb et sont donc de v\u00e9ritables produits suisses. Comme nous fabriquons les produits dans nos propres sites de production, nous sommes en mesure de fournir des pi\u00e8ces de rechange m\u00eame apr\u00e8s 10 ans. Nous nous engageons \u00e0 respecter l\u2019environnement et nous avons obtenu le certificat ISO 14001.<\/p>\n\n\n\n<h2 class=\"wp-block-heading\" id=\"Autres-fauteuils-de-Blaser\">Autres fauteuils Blaser<\/h2>\n\n\n\n<div class=\"wp-block-columns is-layout-flex wp-container-core-columns-is-layout-7387b849 wp-block-columns-is-layout-flex\">\n<div class=\"wp-block-column is-layout-flow wp-block-column-is-layout-flow\">\n<ul class=\"is-style-tw-arrow wp-block-list\"><li><a href=\"https:\/\/www.wblaserag.ch\/fr\/chair\/fauteuil-medical-medica\/\" target=\"_blank\" rel=\"noreferrer noopener\">Fauteuil m\u00e9dical Medica<\/a><\/li><li><a href=\"https:\/\/www.wblaserag.ch\/fr\/chair\/fauteuil-de-soins-cura\/\" target=\"_blank\" rel=\"noreferrer noopener\">Fauteuil de soins Cura<\/a>&nbsp;<\/li><li><a href=\"https:\/\/www.wblaserag.ch\/fr\/chair\/fauteuil-de-soins-vita-ii\/\" target=\"_blank\" rel=\"noreferrer noopener\">Fauteuil Vita II<\/a>&nbsp;&nbsp;&nbsp;<\/li><li><a href=\"https:\/\/www.wblaserag.ch\/fr\/chair\/fauteuil-de-soins-care\/\" target=\"_blank\" rel=\"noreferrer noopener\">Fauteuil de soins Care<\/a><\/li><li><a href=\"https:\/\/www.wblaserag.ch\/fr\/chair\/fauteuil-de-soins-care-r\/\" target=\"_blank\" rel=\"noreferrer noopener\">Fauteuil de soins Care R<\/a>&nbsp;&nbsp;&nbsp;&nbsp;&nbsp;&nbsp;&nbsp;&nbsp;&nbsp;&nbsp;&nbsp;&nbsp;&nbsp;&nbsp;&nbsp;<\/li><li><a href=\"https:\/\/www.wblaserag.ch\/fr\/chair\/fauteuil-patient-lento-r\/\" target=\"_blank\" rel=\"noreferrer noopener\">Fauteuil patient Lento R<\/a><\/li><li><a href=\"https:\/\/www.wblaserag.ch\/fr\/chair\/fauteuil-patient-lento\/\" target=\"_blank\" rel=\"noreferrer noopener\">Fauteuil patient Lento<\/a><\/li><\/ul>\n<\/div>\n\n\n\n<div class=\"wp-block-column is-layout-flow wp-block-column-is-layout-flow\">\n<ul class=\"is-style-tw-arrow wp-block-list\"><li><a href=\"https:\/\/www.wblaserag.ch\/fr\/chair\/tabouret-de-laboratoire-classico\/\" target=\"_blank\" rel=\"noreferrer noopener\">Tabouret de laboratoire Classico<\/a><\/li><li><a href=\"https:\/\/www.wblaserag.ch\/fr\/chair\/tabouret-de-travail-isola\/\" target=\"_blank\" rel=\"noreferrer noopener\">Tabouret de travail Isola angulaire et rond<\/a>&nbsp;&nbsp;<\/li><li><a href=\"https:\/\/www.wblaserag.ch\/fr\/chair\/caisson-cura-m\/\" target=\"_blank\" rel=\"noreferrer noopener\">Caisson Cura M<\/a><\/li><li><a href=\"https:\/\/www.wblaserag.ch\/fr\/chair\/mobilier-pour-hopitaux-maisons-de-retraite-et-developpements-individuels\/\" target=\"_blank\" rel=\"noreferrer noopener\">Mobilier hospitalier et mobilier de cabinet m\u00e9dical<\/a><\/li><\/ul>\n<\/div>\n\n\n\n<div class=\"wp-block-column is-layout-flow wp-block-column-is-layout-flow\"><\/div>\n<\/div>\n","protected":false},"excerpt":{"rendered":"<p>Mobilier pour cabinet m\u00e9dical, h\u00f4pital et maisons de retraite&nbsp; En tant que fabricant suisse traditionnel de mobilier m\u00e9dical, nous b\u00e9n\u00e9ficions de canaux de communication courts et simples. Le d\u00e9veloppement et la production de notre mobilier m\u00e9dical se fait \u00e0 Burgdorf. Gr\u00e2ce \u00e0 notre exp\u00e9rience dans le d\u00e9veloppement de mobilier pour les patients, de mobilier pour&hellip;<\/p>\n","protected":false},"author":1,"featured_media":0,"parent":3322,"menu_order":0,"comment_status":"closed","ping_status":"closed","template":"tw-no-title.php","meta":{"footnotes":""},"class_list":["post-3740","page","type-page","status-publish","hentry"],"yoast_head":"<!-- This site is optimized with the Yoast SEO plugin v28.2 - https:\/\/yoast.com\/product\/yoast-seo-wordpress\/ -->\n<title>Mobilier pour h\u00f4pitaux, maisons de retraite et EHPAD - Mobilier h\u00f4pital - Mobilier hospitalier - Mobilier m\u00e9dical W. Blaser AG<\/title>\n<meta name=\"robots\" content=\"index, follow, max-snippet:-1, max-image-preview:large, max-video-preview:-1\" \/>\n<link rel=\"canonical\" href=\"https:\/\/www.wblaserag.ch\/fr\/chair\/mobilier-pour-hopitaux-maisons-de-retraite-et-developpements-individuels\/\" \/>\n<meta property=\"og:locale\" content=\"fr_FR\" \/>\n<meta property=\"og:type\" content=\"article\" \/>\n<meta property=\"og:title\" content=\"Mobilier pour h\u00f4pitaux, maisons de retraite et EHPAD - Mobilier h\u00f4pital - Mobilier hospitalier - Mobilier m\u00e9dical W. Blaser AG\" \/>\n<meta property=\"og:description\" content=\"Mobilier pour cabinet m\u00e9dical, h\u00f4pital et maisons de retraite&nbsp; En tant que fabricant suisse traditionnel de mobilier m\u00e9dical, nous b\u00e9n\u00e9ficions de canaux de communication courts et simples. Le d\u00e9veloppement et la production de notre mobilier m\u00e9dical se fait \u00e0 Burgdorf. Gr\u00e2ce \u00e0 notre exp\u00e9rience dans le d\u00e9veloppement de mobilier pour les patients, de mobilier pour&hellip;\" \/>\n<meta property=\"og:url\" content=\"https:\/\/www.wblaserag.ch\/fr\/chair\/mobilier-pour-hopitaux-maisons-de-retraite-et-developpements-individuels\/\" \/>\n<meta property=\"og:site_name\" content=\"W. Blaser AG\" \/>\n<meta property=\"article:publisher\" content=\"https:\/\/www.facebook.com\/BlaserVisio-191482694639126\" \/>\n<meta property=\"article:modified_time\" content=\"2022-01-01T14:12:02+00:00\" \/>\n<meta property=\"og:image\" content=\"https:\/\/www.wblaserag.ch\/wp-content\/uploads\/2021\/02\/0520_BlaserChair_MEDICA_Korpus-Uebersicht_800x900_72-2.jpg\" \/>\n<meta name=\"twitter:card\" content=\"summary_large_image\" \/>\n<script type=\"application\/ld+json\" class=\"yoast-schema-graph\">{\"@context\":\"https:\\\/\\\/schema.org\",\"@graph\":[{\"@type\":\"WebPage\",\"@id\":\"https:\\\/\\\/www.wblaserag.ch\\\/fr\\\/chair\\\/mobilier-pour-hopitaux-maisons-de-retraite-et-developpements-individuels\\\/\",\"url\":\"https:\\\/\\\/www.wblaserag.ch\\\/fr\\\/chair\\\/mobilier-pour-hopitaux-maisons-de-retraite-et-developpements-individuels\\\/\",\"name\":\"Mobilier pour h\u00f4pitaux, maisons de retraite et EHPAD - Mobilier h\u00f4pital - Mobilier hospitalier - Mobilier m\u00e9dical W. Blaser AG\",\"isPartOf\":{\"@id\":\"https:\\\/\\\/www.wblaserag.ch\\\/fr\\\/#website\"},\"primaryImageOfPage\":{\"@id\":\"https:\\\/\\\/www.wblaserag.ch\\\/fr\\\/chair\\\/mobilier-pour-hopitaux-maisons-de-retraite-et-developpements-individuels\\\/#primaryimage\"},\"image\":{\"@id\":\"https:\\\/\\\/www.wblaserag.ch\\\/fr\\\/chair\\\/mobilier-pour-hopitaux-maisons-de-retraite-et-developpements-individuels\\\/#primaryimage\"},\"thumbnailUrl\":\"https:\\\/\\\/www.wblaserag.ch\\\/wp-content\\\/uploads\\\/2021\\\/02\\\/0520_BlaserChair_MEDICA_Korpus-Uebersicht_800x900_72-2.jpg\",\"datePublished\":\"2021-02-07T00:17:24+00:00\",\"dateModified\":\"2022-01-01T14:12:02+00:00\",\"breadcrumb\":{\"@id\":\"https:\\\/\\\/www.wblaserag.ch\\\/fr\\\/chair\\\/mobilier-pour-hopitaux-maisons-de-retraite-et-developpements-individuels\\\/#breadcrumb\"},\"inLanguage\":\"fr-FR\",\"potentialAction\":[{\"@type\":\"ReadAction\",\"target\":[\"https:\\\/\\\/www.wblaserag.ch\\\/fr\\\/chair\\\/mobilier-pour-hopitaux-maisons-de-retraite-et-developpements-individuels\\\/\"]}]},{\"@type\":\"ImageObject\",\"inLanguage\":\"fr-FR\",\"@id\":\"https:\\\/\\\/www.wblaserag.ch\\\/fr\\\/chair\\\/mobilier-pour-hopitaux-maisons-de-retraite-et-developpements-individuels\\\/#primaryimage\",\"url\":\"https:\\\/\\\/www.wblaserag.ch\\\/wp-content\\\/uploads\\\/2021\\\/02\\\/0520_BlaserChair_MEDICA_Korpus-Uebersicht_800x900_72-2.jpg\",\"contentUrl\":\"https:\\\/\\\/www.wblaserag.ch\\\/wp-content\\\/uploads\\\/2021\\\/02\\\/0520_BlaserChair_MEDICA_Korpus-Uebersicht_800x900_72-2.jpg\"},{\"@type\":\"BreadcrumbList\",\"@id\":\"https:\\\/\\\/www.wblaserag.ch\\\/fr\\\/chair\\\/mobilier-pour-hopitaux-maisons-de-retraite-et-developpements-individuels\\\/#breadcrumb\",\"itemListElement\":[{\"@type\":\"ListItem\",\"position\":1,\"name\":\"Page d'accueil\",\"item\":\"https:\\\/\\\/www.wblaserag.ch\\\/fr\\\/\"},{\"@type\":\"ListItem\",\"position\":2,\"name\":\"BlaserChair\",\"item\":\"https:\\\/\\\/www.wblaserag.ch\\\/fr\\\/chair\\\/\"},{\"@type\":\"ListItem\",\"position\":3,\"name\":\"Mobilier pour h\u00f4pitaux, maisons de retraite et mobilier sur mesure\"}]},{\"@type\":\"WebSite\",\"@id\":\"https:\\\/\\\/www.wblaserag.ch\\\/fr\\\/#website\",\"url\":\"https:\\\/\\\/www.wblaserag.ch\\\/fr\\\/\",\"name\":\"W. Blaser AG\",\"description\":\"\",\"publisher\":{\"@id\":\"https:\\\/\\\/www.wblaserag.ch\\\/fr\\\/#organization\"},\"potentialAction\":[{\"@type\":\"SearchAction\",\"target\":{\"@type\":\"EntryPoint\",\"urlTemplate\":\"https:\\\/\\\/www.wblaserag.ch\\\/fr\\\/?s={search_term_string}\"},\"query-input\":{\"@type\":\"PropertyValueSpecification\",\"valueRequired\":true,\"valueName\":\"search_term_string\"}}],\"inLanguage\":\"fr-FR\"},{\"@type\":\"Organization\",\"@id\":\"https:\\\/\\\/www.wblaserag.ch\\\/fr\\\/#organization\",\"name\":\"W. Blaser AG\",\"url\":\"https:\\\/\\\/www.wblaserag.ch\\\/fr\\\/\",\"logo\":{\"@type\":\"ImageObject\",\"inLanguage\":\"fr-FR\",\"@id\":\"https:\\\/\\\/www.wblaserag.ch\\\/fr\\\/#\\\/schema\\\/logo\\\/image\\\/\",\"url\":\"https:\\\/\\\/www.wblaserag.ch\\\/wp-content\\\/uploads\\\/2021\\\/02\\\/cropped-cropped-Blaser_Mobile_NEG.png\",\"contentUrl\":\"https:\\\/\\\/www.wblaserag.ch\\\/wp-content\\\/uploads\\\/2021\\\/02\\\/cropped-cropped-Blaser_Mobile_NEG.png\",\"width\":400,\"height\":55,\"caption\":\"W. Blaser AG\"},\"image\":{\"@id\":\"https:\\\/\\\/www.wblaserag.ch\\\/fr\\\/#\\\/schema\\\/logo\\\/image\\\/\"},\"sameAs\":[\"https:\\\/\\\/www.facebook.com\\\/BlaserVisio-191482694639126\",\"https:\\\/\\\/www.instagram.com\\\/blaservisio\\\/\"]}]}<\/script>\n<!-- \/ Yoast SEO plugin. -->","yoast_head_json":{"title":"Mobilier pour h\u00f4pitaux, maisons de retraite et EHPAD - Mobilier h\u00f4pital - Mobilier hospitalier - Mobilier m\u00e9dical W. Blaser AG","robots":{"index":"index","follow":"follow","max-snippet":"max-snippet:-1","max-image-preview":"max-image-preview:large","max-video-preview":"max-video-preview:-1"},"canonical":"https:\/\/www.wblaserag.ch\/fr\/chair\/mobilier-pour-hopitaux-maisons-de-retraite-et-developpements-individuels\/","og_locale":"fr_FR","og_type":"article","og_title":"Mobilier pour h\u00f4pitaux, maisons de retraite et EHPAD - Mobilier h\u00f4pital - Mobilier hospitalier - Mobilier m\u00e9dical W. Blaser AG","og_description":"Mobilier pour cabinet m\u00e9dical, h\u00f4pital et maisons de retraite&nbsp; En tant que fabricant suisse traditionnel de mobilier m\u00e9dical, nous b\u00e9n\u00e9ficions de canaux de communication courts et simples. Le d\u00e9veloppement et la production de notre mobilier m\u00e9dical se fait \u00e0 Burgdorf. Gr\u00e2ce \u00e0 notre exp\u00e9rience dans le d\u00e9veloppement de mobilier pour les patients, de mobilier pour&hellip;","og_url":"https:\/\/www.wblaserag.ch\/fr\/chair\/mobilier-pour-hopitaux-maisons-de-retraite-et-developpements-individuels\/","og_site_name":"W. Blaser AG","article_publisher":"https:\/\/www.facebook.com\/BlaserVisio-191482694639126","article_modified_time":"2022-01-01T14:12:02+00:00","og_image":[{"url":"https:\/\/www.wblaserag.ch\/wp-content\/uploads\/2021\/02\/0520_BlaserChair_MEDICA_Korpus-Uebersicht_800x900_72-2.jpg","type":"","width":"","height":""}],"twitter_card":"summary_large_image","schema":{"@context":"https:\/\/schema.org","@graph":[{"@type":"WebPage","@id":"https:\/\/www.wblaserag.ch\/fr\/chair\/mobilier-pour-hopitaux-maisons-de-retraite-et-developpements-individuels\/","url":"https:\/\/www.wblaserag.ch\/fr\/chair\/mobilier-pour-hopitaux-maisons-de-retraite-et-developpements-individuels\/","name":"Mobilier pour h\u00f4pitaux, maisons de retraite et EHPAD - Mobilier h\u00f4pital - Mobilier hospitalier - Mobilier m\u00e9dical W. Blaser AG","isPartOf":{"@id":"https:\/\/www.wblaserag.ch\/fr\/#website"},"primaryImageOfPage":{"@id":"https:\/\/www.wblaserag.ch\/fr\/chair\/mobilier-pour-hopitaux-maisons-de-retraite-et-developpements-individuels\/#primaryimage"},"image":{"@id":"https:\/\/www.wblaserag.ch\/fr\/chair\/mobilier-pour-hopitaux-maisons-de-retraite-et-developpements-individuels\/#primaryimage"},"thumbnailUrl":"https:\/\/www.wblaserag.ch\/wp-content\/uploads\/2021\/02\/0520_BlaserChair_MEDICA_Korpus-Uebersicht_800x900_72-2.jpg","datePublished":"2021-02-07T00:17:24+00:00","dateModified":"2022-01-01T14:12:02+00:00","breadcrumb":{"@id":"https:\/\/www.wblaserag.ch\/fr\/chair\/mobilier-pour-hopitaux-maisons-de-retraite-et-developpements-individuels\/#breadcrumb"},"inLanguage":"fr-FR","potentialAction":[{"@type":"ReadAction","target":["https:\/\/www.wblaserag.ch\/fr\/chair\/mobilier-pour-hopitaux-maisons-de-retraite-et-developpements-individuels\/"]}]},{"@type":"ImageObject","inLanguage":"fr-FR","@id":"https:\/\/www.wblaserag.ch\/fr\/chair\/mobilier-pour-hopitaux-maisons-de-retraite-et-developpements-individuels\/#primaryimage","url":"https:\/\/www.wblaserag.ch\/wp-content\/uploads\/2021\/02\/0520_BlaserChair_MEDICA_Korpus-Uebersicht_800x900_72-2.jpg","contentUrl":"https:\/\/www.wblaserag.ch\/wp-content\/uploads\/2021\/02\/0520_BlaserChair_MEDICA_Korpus-Uebersicht_800x900_72-2.jpg"},{"@type":"BreadcrumbList","@id":"https:\/\/www.wblaserag.ch\/fr\/chair\/mobilier-pour-hopitaux-maisons-de-retraite-et-developpements-individuels\/#breadcrumb","itemListElement":[{"@type":"ListItem","position":1,"name":"Page d'accueil","item":"https:\/\/www.wblaserag.ch\/fr\/"},{"@type":"ListItem","position":2,"name":"BlaserChair","item":"https:\/\/www.wblaserag.ch\/fr\/chair\/"},{"@type":"ListItem","position":3,"name":"Mobilier pour h\u00f4pitaux, maisons de retraite et mobilier sur mesure"}]},{"@type":"WebSite","@id":"https:\/\/www.wblaserag.ch\/fr\/#website","url":"https:\/\/www.wblaserag.ch\/fr\/","name":"W. Blaser AG","description":"","publisher":{"@id":"https:\/\/www.wblaserag.ch\/fr\/#organization"},"potentialAction":[{"@type":"SearchAction","target":{"@type":"EntryPoint","urlTemplate":"https:\/\/www.wblaserag.ch\/fr\/?s={search_term_string}"},"query-input":{"@type":"PropertyValueSpecification","valueRequired":true,"valueName":"search_term_string"}}],"inLanguage":"fr-FR"},{"@type":"Organization","@id":"https:\/\/www.wblaserag.ch\/fr\/#organization","name":"W. Blaser AG","url":"https:\/\/www.wblaserag.ch\/fr\/","logo":{"@type":"ImageObject","inLanguage":"fr-FR","@id":"https:\/\/www.wblaserag.ch\/fr\/#\/schema\/logo\/image\/","url":"https:\/\/www.wblaserag.ch\/wp-content\/uploads\/2021\/02\/cropped-cropped-Blaser_Mobile_NEG.png","contentUrl":"https:\/\/www.wblaserag.ch\/wp-content\/uploads\/2021\/02\/cropped-cropped-Blaser_Mobile_NEG.png","width":400,"height":55,"caption":"W. Blaser AG"},"image":{"@id":"https:\/\/www.wblaserag.ch\/fr\/#\/schema\/logo\/image\/"},"sameAs":["https:\/\/www.facebook.com\/BlaserVisio-191482694639126","https:\/\/www.instagram.com\/blaservisio\/"]}]}},"_links":{"self":[{"href":"https:\/\/www.wblaserag.ch\/fr\/wp-json\/wp\/v2\/pages\/3740","targetHints":{"allow":["GET"]}}],"collection":[{"href":"https:\/\/www.wblaserag.ch\/fr\/wp-json\/wp\/v2\/pages"}],"about":[{"href":"https:\/\/www.wblaserag.ch\/fr\/wp-json\/wp\/v2\/types\/page"}],"author":[{"embeddable":true,"href":"https:\/\/www.wblaserag.ch\/fr\/wp-json\/wp\/v2\/users\/1"}],"replies":[{"embeddable":true,"href":"https:\/\/www.wblaserag.ch\/fr\/wp-json\/wp\/v2\/comments?post=3740"}],"version-history":[{"count":16,"href":"https:\/\/www.wblaserag.ch\/fr\/wp-json\/wp\/v2\/pages\/3740\/revisions"}],"predecessor-version":[{"id":5625,"href":"https:\/\/www.wblaserag.ch\/fr\/wp-json\/wp\/v2\/pages\/3740\/revisions\/5625"}],"up":[{"embeddable":true,"href":"https:\/\/www.wblaserag.ch\/fr\/wp-json\/wp\/v2\/pages\/3322"}],"wp:attachment":[{"href":"https:\/\/www.wblaserag.ch\/fr\/wp-json\/wp\/v2\/media?parent=3740"}],"curies":[{"name":"wp","href":"https:\/\/api.w.org\/{rel}","templated":true}]}}