{"id":3505,"date":"2021-02-06T22:25:15","date_gmt":"2021-02-06T21:25:15","guid":{"rendered":"https:\/\/www.wblaserag.ch\/?page_id=3505"},"modified":"2026-06-08T00:10:58","modified_gmt":"2026-06-07T23:10:58","slug":"casa-h16","status":"publish","type":"page","link":"https:\/\/www.wblaserag.ch\/fr\/chair\/casa-h16\/","title":{"rendered":"Casa H16"},"content":{"rendered":"\n<div style=\"height:1px\" aria-hidden=\"true\" class=\"wp-block-spacer\"><\/div>\n\n\n\n<h1 class=\"wp-block-heading\">Casa H16<\/h1>\n\n\n<div class=\"yoast-breadcrumbs\"><span><span><a href=\"https:\/\/www.wblaserag.ch\/fr\/\">Page d&rsquo;accueil<\/a><\/span> \u00bb <span><a href=\"https:\/\/www.wblaserag.ch\/fr\/chair\/\">BlaserChair<\/a><\/span> \u00bb <span class=\"breadcrumb_last\" aria-current=\"page\">Casa H16<\/span><\/span><\/div>\n\n\n<div class=\"wp-block-columns is-layout-flex wp-container-core-columns-is-layout-7387b849 wp-block-columns-is-layout-flex\">\n<div class=\"wp-block-column is-layout-flow wp-block-column-is-layout-flow\">\n<figure class=\"wp-block-image size-full\"><img loading=\"lazy\" decoding=\"async\" width=\"500\" height=\"500\" src=\"https:\/\/www.wblaserag.ch\/wp-content\/uploads\/2026\/06\/1.png\" alt=\"\" class=\"wp-image-11535\" srcset=\"https:\/\/www.wblaserag.ch\/wp-content\/uploads\/2026\/06\/1.png 500w, https:\/\/www.wblaserag.ch\/wp-content\/uploads\/2026\/06\/1-300x300.png 300w, https:\/\/www.wblaserag.ch\/wp-content\/uploads\/2026\/06\/1-150x150.png 150w\" sizes=\"auto, (max-width: 500px) 100vw, 500px\" \/><\/figure>\n<\/div>\n\n\n\n<div class=\"wp-block-column is-layout-flow wp-block-column-is-layout-flow\">\n<figure class=\"wp-block-image size-full\"><img loading=\"lazy\" decoding=\"async\" width=\"500\" height=\"500\" src=\"https:\/\/www.wblaserag.ch\/wp-content\/uploads\/2026\/06\/2.png\" alt=\"\" class=\"wp-image-11536\" srcset=\"https:\/\/www.wblaserag.ch\/wp-content\/uploads\/2026\/06\/2.png 500w, https:\/\/www.wblaserag.ch\/wp-content\/uploads\/2026\/06\/2-300x300.png 300w, https:\/\/www.wblaserag.ch\/wp-content\/uploads\/2026\/06\/2-150x150.png 150w\" sizes=\"auto, (max-width: 500px) 100vw, 500px\" \/><\/figure>\n<\/div>\n\n\n\n<div class=\"wp-block-column is-layout-flow wp-block-column-is-layout-flow\">\n<figure class=\"wp-block-image size-full\"><img loading=\"lazy\" decoding=\"async\" width=\"500\" height=\"500\" src=\"https:\/\/www.wblaserag.ch\/wp-content\/uploads\/2026\/06\/3.png\" alt=\"\" class=\"wp-image-11537\" srcset=\"https:\/\/www.wblaserag.ch\/wp-content\/uploads\/2026\/06\/3.png 500w, https:\/\/www.wblaserag.ch\/wp-content\/uploads\/2026\/06\/3-300x300.png 300w, https:\/\/www.wblaserag.ch\/wp-content\/uploads\/2026\/06\/3-150x150.png 150w\" sizes=\"auto, (max-width: 500px) 100vw, 500px\" \/><\/figure>\n<\/div>\n<\/div>\n\n\n\n<p class=\"wp-block-paragraph\">Le fauteuil mobile Casa H16 est id\u00e9al pour les personnes qui souhaitent rester chez elles le plus longtemps possible. Ce fauteuil peut \u00eatre emport\u00e9 comme meuble personnel dans une maison de retraite ou un \u00e9tablissement de soins. Le Casa H16 se distingue par ses lignes \u00e9pur\u00e9es et son design chaleureux, dans lequel on reconna\u00eet la patte du designer Cuno Frommherz. Les accoudoirs incurv\u00e9s et rabattables sont en h\u00eatre massif et permettent de s&rsquo;asseoir sur le fauteuil par le c\u00f4t\u00e9. \u00c9quip\u00e9 de roulettes, il peut \u00eatre d\u00e9plac\u00e9 facilement et en toute s\u00e9curit\u00e9 vers un autre emplacement. Les accoudoirs sont con\u00e7us pour \u00eatre tr\u00e8s stables et peuvent \u00eatre compl\u00e9t\u00e9s par divers accessoires. La combinaison d&rsquo;une hauteur d&rsquo;assise de 52 cm et d&rsquo;accoudoirs s&rsquo;\u00e9tendant tr\u00e8s loin vers l&rsquo;avant offre une aide pratique pour se lever. Casa H16 peut \u00eatre achet\u00e9 ou lou\u00e9.<\/p>\n\n\n\n<p class=\"wp-block-paragraph\"><a href=\"https:\/\/www.wblaserag.ch\/wp-content\/uploads\/2026\/06\/Produkteblatt_H16_FR_Casa.pdf\" target=\"_blank\" rel=\"noopener\">Fiche produit (PDF)<\/a><\/p>\n\n\n\n<div class=\"wp-block-buttons is-layout-flex wp-block-buttons-is-layout-flex\">\n<div class=\"wp-block-button is-style-outline is-style-outline--1\"><a class=\"wp-block-button__link has-accent-color has-text-color wp-element-button\" href=\"mailto:info@wblaserag.ch\" style=\"border-radius:6px\">Demander un conseil<\/a><\/div>\n<\/div>\n\n\n\n<p class=\"wp-block-paragraph\"><\/p>\n\n\n\n<p class=\"wp-block-paragraph\">Sommaire <\/p>\n\n\n\n<ul class=\"wp-block-list\">\n<li><a href=\"#fb\">Fonctions de base, r\u00e9glage, rev\u00eatement<\/a><\/li>\n\n\n\n<li><a href=\"#mb\">Mod\u00e8le de base<\/a><\/li>\n\n\n\n<li><a href=\"#a\">Accessoires<\/a><\/li>\n\n\n\n<li><a href=\"#ct\">Caract\u00e9ristiques techniques<\/a><\/li>\n\n\n\n<li><a href=\"#q\" type=\"internal\" id=\"#q\">La qualit\u00e9 des fauteuils de W. Blaser<\/a><\/li>\n<\/ul>\n\n\n\n<h3 id=\"fb\" class=\"wp-block-heading\">Fonctions de base<\/h3>\n\n\n\n<ul class=\"wp-block-list\">\n<li>Position assise, position allong\u00e9e et adapt\u00e9 au transport de personnes<\/li>\n<\/ul>\n\n\n\n<h3 class=\"wp-block-heading\"><strong>R\u00e9glage<\/strong><\/h3>\n\n\n\n<ul class=\"wp-block-list\">\n<li>\u00c9lectrique avec batterie, dossier et repose-jambes r\u00e9glables s\u00e9par\u00e9ment<\/li>\n<\/ul>\n\n\n\n<h3 class=\"wp-block-heading\">Rev\u00eatement (personnalisable selon le nuancier)<\/h3>\n\n\n\n<ul class=\"wp-block-list\">\n<li>Rev\u00eatement en similicuir de qualit\u00e9 personnalisable selon la collection <a href=\"https:\/\/www.sergeferrari.com\/de-de\/produkteproduktreihe-stamskin\/stamskin-top\" target=\"_blank\" rel=\"noreferrer noopener\">(Stamskin Top)<\/a><\/li>\n\n\n\n<li>\u00c9quip\u00e9 de la fonction antimicrobienne Sanitized\u00ae, un atout pr\u00e9cieux pour les mesures d&rsquo;hygi\u00e8ne<\/li>\n<\/ul>\n\n\n\n<div style=\"height:10px\" aria-hidden=\"true\" class=\"wp-block-spacer\"><\/div>\n\n\n\n<div class=\"wp-block-columns is-layout-flex wp-container-core-columns-is-layout-7387b849 wp-block-columns-is-layout-flex\">\n<div class=\"wp-block-column is-layout-flow wp-block-column-is-layout-flow\">\n<h2 id=\"mb\" class=\"wp-block-heading\">Mod\u00e8le de base <\/h2>\n\n\n\n<p class=\"wp-block-paragraph\">H16.SA1K00.0000<\/p>\n\n\n\n<h3 class=\"wp-block-heading\">Utilisation et fonctions<\/h3>\n\n\n\n<ul class=\"wp-block-list\">\n<li>R\u00e9glage \u00e9lectrique du dossier et du repose-jambes, avec batterie et chargeur pour un fonctionnement autonome<\/li>\n\n\n\n<li>R\u00e9glage en continu des positions assise et allong\u00e9e<\/li>\n<\/ul>\n\n\n\n<h3 class=\"wp-block-heading\">Accoudoirs<\/h3>\n\n\n\n<ul class=\"wp-block-list\">\n<li>Noyer massif, joliment courb\u00e9, verni naturel avec un vernis \u00e0 deux composants<\/li>\n\n\n\n<li>\u00c9quip\u00e9 de la fonction antimicrobienne Sanitized\u00ae, un atout pr\u00e9cieux pour les mesures d&rsquo;hygi\u00e8ne<\/li>\n\n\n\n<li>Pr\u00e9vu pour accueillir des accessoires<\/li>\n\n\n\n<li>Disponible en version rembourr\u00e9e et rev\u00eatue de similicuir.<\/li>\n<\/ul>\n\n\n\n<h3 class=\"wp-block-heading\">Rembourrage<\/h3>\n\n\n\n<ul class=\"wp-block-list\">\n<li>Coussins d&rsquo;assise et de repose-jambes amovibles pour le nettoyage<\/li>\n\n\n\n<li>Rembourrage en mousse souple de forme anatomique<\/li>\n\n\n\n<li>Soutien au niveau des lombaires<\/li>\n\n\n\n<li>Assise incurv\u00e9e pour un confort durable<\/li>\n<\/ul>\n\n\n\n<h3 class=\"wp-block-heading\">Ch\u00e2ssis<\/h3>\n\n\n\n<ul class=\"wp-block-list\">\n<li>Cadre m\u00e9tallique massif chrom\u00e9<\/li>\n\n\n\n<li>Poign\u00e9e \u00e0 l&rsquo;arri\u00e8re pour faciliter les man\u0153uvres<\/li>\n<\/ul>\n\n\n\n<h3 class=\"wp-block-heading\">Roues et ch\u00e2ssis<\/h3>\n\n\n\n<ul class=\"wp-block-list\">\n<li><strong>Quatre roulettes pivotantes<\/strong><\/li>\n\n\n\n<li>Blocage central et blocage directionnel des roulettes arri\u00e8re<\/li>\n<\/ul>\n<\/div>\n\n\n\n<div class=\"wp-block-column is-layout-flow wp-block-column-is-layout-flow\">\n<h2 id=\"Relax--und-Fernsehsessel-Spezialausf\u00fchrung\" class=\"wp-block-heading\"><\/h2>\n<\/div>\n<\/div>\n\n\n\n<h2 id=\"a\" class=\"wp-block-heading\">Accessoires<\/h2>\n\n\n\n<div class=\"wp-block-media-text alignwide is-stacked-on-mobile is-style-default\" style=\"grid-template-columns:27% auto\"><figure class=\"wp-block-media-text__media\"><img loading=\"lazy\" decoding=\"async\" width=\"800\" height=\"800\" src=\"https:\/\/www.wblaserag.ch\/wp-content\/uploads\/2023\/02\/care_h16_nackenkissen.jpg\" alt=\"Casa H16\" class=\"wp-image-9225 size-full\" srcset=\"https:\/\/www.wblaserag.ch\/wp-content\/uploads\/2023\/02\/care_h16_nackenkissen.jpg 800w, https:\/\/www.wblaserag.ch\/wp-content\/uploads\/2023\/02\/care_h16_nackenkissen-300x300.jpg 300w, https:\/\/www.wblaserag.ch\/wp-content\/uploads\/2023\/02\/care_h16_nackenkissen-150x150.jpg 150w, https:\/\/www.wblaserag.ch\/wp-content\/uploads\/2023\/02\/care_h16_nackenkissen-768x768.jpg 768w\" sizes=\"auto, (max-width: 800px) 100vw, 800px\" \/><\/figure><div class=\"wp-block-media-text__content\">\n<p class=\"wp-block-paragraph\"><strong>Coussin cervical simple<\/strong><\/p>\n\n\n\n<p class=\"wp-block-paragraph\">Casa H16 \u2013 Accessoires H35.NKE000.0000 <\/p>\n\n\n\n<p class=\"wp-block-paragraph\">Afin de rendre le s\u00e9jour des patients aussi agr\u00e9able que possible, nous recommandons l&rsquo;utilisation d&rsquo;un coussin cervical. Il peut \u00eatre fix\u00e9 \u00e0 n&rsquo;importe quel fauteuil inclinable, sa hauteur est r\u00e9glable et il est recouvert de similicuir.<\/p>\n<\/div><\/div>\n\n\n\n<div class=\"wp-block-media-text alignwide is-stacked-on-mobile is-style-default\" style=\"grid-template-columns:27% auto\"><figure class=\"wp-block-media-text__media\"><img loading=\"lazy\" decoding=\"async\" width=\"800\" height=\"800\" src=\"https:\/\/www.wblaserag.ch\/wp-content\/uploads\/2023\/02\/care_h16_armlehnen.jpg\" alt=\"Casa H16\" class=\"wp-image-9220 size-full\" srcset=\"https:\/\/www.wblaserag.ch\/wp-content\/uploads\/2023\/02\/care_h16_armlehnen.jpg 800w, https:\/\/www.wblaserag.ch\/wp-content\/uploads\/2023\/02\/care_h16_armlehnen-300x300.jpg 300w, https:\/\/www.wblaserag.ch\/wp-content\/uploads\/2023\/02\/care_h16_armlehnen-150x150.jpg 150w, https:\/\/www.wblaserag.ch\/wp-content\/uploads\/2023\/02\/care_h16_armlehnen-768x768.jpg 768w\" sizes=\"auto, (max-width: 800px) 100vw, 800px\" \/><\/figure><div class=\"wp-block-media-text__content\">\n<p class=\"wp-block-paragraph\"><strong>Accoudoir rembourr\u00e9 en L, \u00e0 embo\u00eeter<\/strong><\/p>\n\n\n\n<p class=\"wp-block-paragraph\">Casa H16 \u2013 Accessoires H35.AAL000.0000 <\/p>\n\n\n\n<p class=\"wp-block-paragraph\">Les accoudoirs rembourr\u00e9s amovibles en forme de L emp\u00eachent les bras de retomber sur les jambes et favorisent ainsi une position assise droite et digne.<\/p>\n<\/div><\/div>\n\n\n\n<div class=\"wp-block-media-text alignwide is-stacked-on-mobile is-style-default\" style=\"grid-template-columns:28% auto\"><figure class=\"wp-block-media-text__media\"><img loading=\"lazy\" decoding=\"async\" width=\"1024\" height=\"1024\" src=\"https:\/\/www.wblaserag.ch\/wp-content\/uploads\/2021\/04\/0520_BlaserChair_CARE-R_Zubehoer_EST_Esstisch_ansteckbar_1276x1276_72-1024x1024.jpg\" alt=\"Casa H16 \u2013 Accessoires H35.EST000.0000 Table \u00e0 rallonges\" class=\"wp-image-1862 size-full\" srcset=\"https:\/\/www.wblaserag.ch\/wp-content\/uploads\/2021\/04\/0520_BlaserChair_CARE-R_Zubehoer_EST_Esstisch_ansteckbar_1276x1276_72-1024x1024.jpg 1024w, https:\/\/www.wblaserag.ch\/wp-content\/uploads\/2021\/04\/0520_BlaserChair_CARE-R_Zubehoer_EST_Esstisch_ansteckbar_1276x1276_72-300x300.jpg 300w, https:\/\/www.wblaserag.ch\/wp-content\/uploads\/2021\/04\/0520_BlaserChair_CARE-R_Zubehoer_EST_Esstisch_ansteckbar_1276x1276_72-150x150.jpg 150w, https:\/\/www.wblaserag.ch\/wp-content\/uploads\/2021\/04\/0520_BlaserChair_CARE-R_Zubehoer_EST_Esstisch_ansteckbar_1276x1276_72-768x768.jpg 768w, https:\/\/www.wblaserag.ch\/wp-content\/uploads\/2021\/04\/0520_BlaserChair_CARE-R_Zubehoer_EST_Esstisch_ansteckbar_1276x1276_72-1200x1200.jpg 1200w, https:\/\/www.wblaserag.ch\/wp-content\/uploads\/2021\/04\/0520_BlaserChair_CARE-R_Zubehoer_EST_Esstisch_ansteckbar_1276x1276_72.jpg 1276w\" sizes=\"auto, (max-width: 1024px) 100vw, 1024px\" \/><\/figure><div class=\"wp-block-media-text__content\">\n<p class=\"wp-block-paragraph\"><strong>Table \u00e0 rallonges<\/strong><\/p>\n\n\n\n<p class=\"wp-block-paragraph\">Casa H16 \u2013 Accessoires H35.EST000.0000 <\/p>\n\n\n\n<p class=\"wp-block-paragraph\">La table \u00e0 manger amovible est tr\u00e8s pratique, facile \u00e0 nettoyer et emp\u00eache l&rsquo;utilisateur de quitter son fauteuil inclinable pendant le repas. Le plateau de table est d\u00e9sormais fabriqu\u00e9 en <a href=\"https:\/\/www.swisscdf.com\/\" target=\"_blank\" rel=\"noreferrer noopener\">SWISS<strong>CD<\/strong><\/a>. Il s&rsquo;agit d&rsquo;un panneau de fibres compact, teint\u00e9 en noir et rev\u00eatu. Nous avons choisi la couleur standard &nbsp;<a href=\"https:\/\/www.swisscdf.com\/fileadmin\/user_upload\/Files\/Bilder\/Plattenmodul\/Decore\/01_weiss\/K101PE.jpg\" target=\"_blank\" rel=\"noreferrer noopener\">K 101 PE<\/a>, blanc sur les bords.<\/p>\n<\/div><\/div>\n\n\n\n<div class=\"wp-block-media-text alignwide is-stacked-on-mobile is-style-default\" style=\"grid-template-columns:29% auto\"><figure class=\"wp-block-media-text__media\"><img loading=\"lazy\" decoding=\"async\" width=\"800\" height=\"800\" src=\"https:\/\/www.wblaserag.ch\/wp-content\/uploads\/2023\/02\/care_h16_infusionsstaender.jpg\" alt=\"Casa H16\" class=\"wp-image-9230 size-full\" srcset=\"https:\/\/www.wblaserag.ch\/wp-content\/uploads\/2023\/02\/care_h16_infusionsstaender.jpg 800w, https:\/\/www.wblaserag.ch\/wp-content\/uploads\/2023\/02\/care_h16_infusionsstaender-300x300.jpg 300w, https:\/\/www.wblaserag.ch\/wp-content\/uploads\/2023\/02\/care_h16_infusionsstaender-150x150.jpg 150w, https:\/\/www.wblaserag.ch\/wp-content\/uploads\/2023\/02\/care_h16_infusionsstaender-768x768.jpg 768w\" sizes=\"auto, (max-width: 800px) 100vw, 800px\" \/><\/figure><div class=\"wp-block-media-text__content\">\n<p class=\"wp-block-paragraph\"><strong>Pied \u00e0 perfusion (n\u00e9cessite un adaptateur)<\/strong><\/p>\n\n\n\n<p class=\"wp-block-paragraph\">Casa H16 \u2013 Accessoires H35.INFA00.0000 <\/p>\n\n\n\n<p class=\"wp-block-paragraph\">Pied \u00e0 perfusion adapt\u00e9 \u00e0 nos fauteuils de soins, montage facile sur le ch\u00e2ssis du fauteuil \u00e0 l&rsquo;aide de l&rsquo;adaptateur H35.ADA000.0000. Les pieds \u00e0 perfusion sont r\u00e9glables en hauteur et disposent de quatre crochets.<\/p>\n<\/div><\/div>\n\n\n\n<div class=\"wp-block-media-text alignwide is-stacked-on-mobile is-style-default\" style=\"grid-template-columns:30% auto\"><figure class=\"wp-block-media-text__media\"><img loading=\"lazy\" decoding=\"async\" width=\"800\" height=\"800\" src=\"https:\/\/www.wblaserag.ch\/wp-content\/uploads\/2023\/02\/care_h16_bea.jpg\" alt=\"Casa H16\" class=\"wp-image-9205 size-full\" srcset=\"https:\/\/www.wblaserag.ch\/wp-content\/uploads\/2023\/02\/care_h16_bea.jpg 800w, https:\/\/www.wblaserag.ch\/wp-content\/uploads\/2023\/02\/care_h16_bea-300x300.jpg 300w, https:\/\/www.wblaserag.ch\/wp-content\/uploads\/2023\/02\/care_h16_bea-150x150.jpg 150w, https:\/\/www.wblaserag.ch\/wp-content\/uploads\/2023\/02\/care_h16_bea-768x768.jpg 768w\" sizes=\"auto, (max-width: 800px) 100vw, 800px\" \/><\/figure><div class=\"wp-block-media-text__content\">\n<p class=\"wp-block-paragraph\"><strong>Accoudoir pour les prises de sang<\/strong><\/p>\n\n\n\n<p class=\"wp-block-paragraph\">Casa H16 \u2013 Accessoires H35.BEA000.000 <\/p>\n\n\n\n<p class=\"wp-block-paragraph\">L&rsquo;accoudoir BEA, de forme concave et recouvert de similicuir, s&rsquo;installe facilement sur l&rsquo;accoudoir. Il est r\u00e9glable en hauteur et peut pivoter dans toutes les directions.<\/p>\n<\/div><\/div>\n\n\n\n<div class=\"wp-block-media-text alignwide is-stacked-on-mobile is-style-default\" style=\"grid-template-columns:30% auto\"><figure class=\"wp-block-media-text__media\"><img loading=\"lazy\" decoding=\"async\" width=\"800\" height=\"800\" src=\"https:\/\/www.wblaserag.ch\/wp-content\/uploads\/2023\/02\/care_h16_keilkissen-2.jpg\" alt=\"Casa H16\" class=\"wp-image-9215 size-full\" srcset=\"https:\/\/www.wblaserag.ch\/wp-content\/uploads\/2023\/02\/care_h16_keilkissen-2.jpg 800w, https:\/\/www.wblaserag.ch\/wp-content\/uploads\/2023\/02\/care_h16_keilkissen-2-300x300.jpg 300w, https:\/\/www.wblaserag.ch\/wp-content\/uploads\/2023\/02\/care_h16_keilkissen-2-150x150.jpg 150w, https:\/\/www.wblaserag.ch\/wp-content\/uploads\/2023\/02\/care_h16_keilkissen-2-768x768.jpg 768w\" sizes=\"auto, (max-width: 800px) 100vw, 800px\" \/><\/figure><div class=\"wp-block-media-text__content\">\n<p class=\"wp-block-paragraph\"><strong>Coussin triangulaire pour les prises de sang<\/strong><\/p>\n\n\n\n<p class=\"wp-block-paragraph\">Casa H16 \u2013 Accessoires H35.KKB000.0000 <\/p>\n\n\n\n<p class=\"wp-block-paragraph\">La version simple de l&rsquo;accoudoir pour les prises de sang occasionnelles. Le coussin triangulaire est recouvert de similicuir et s&rsquo;installe facilement sur l&rsquo;accoudoir.La version simple de l&rsquo;accoudoir pour les prises de sang occasionnelles. Le coussin triangulaire est recouvert de similicuir et s&rsquo;installe facilement sur l&rsquo;accoudoir.<\/p>\n<\/div><\/div>\n\n\n\n<div class=\"wp-block-media-text alignwide is-stacked-on-mobile is-style-default\" style=\"grid-template-columns:31% auto\"><figure class=\"wp-block-media-text__media\"><img loading=\"lazy\" decoding=\"async\" width=\"378\" height=\"492\" src=\"https:\/\/www.wblaserag.ch\/wp-content\/uploads\/2026\/06\/adapter.png\" alt=\"\" class=\"wp-image-11426 size-full\" srcset=\"https:\/\/www.wblaserag.ch\/wp-content\/uploads\/2026\/06\/adapter.png 378w, https:\/\/www.wblaserag.ch\/wp-content\/uploads\/2026\/06\/adapter-230x300.png 230w\" sizes=\"auto, (max-width: 378px) 100vw, 378px\" \/><\/figure><div class=\"wp-block-media-text__content\">\n<p class=\"wp-block-paragraph\"><strong>Adaptateur \u00e0 pince pour pied \u00e0 perfusion et lampes<\/strong><\/p>\n\n\n\n<p class=\"wp-block-paragraph\">Casa H16 \u2013 Accessoires H35.ADA000.0000 <\/p>\n\n\n\n<p class=\"wp-block-paragraph\">L&rsquo;adaptateur \u00e0 pince se fixe solidement au pi\u00e8tement de la chaise et permet d&rsquo;y installer des accessoires tels que des potences \u00e0 perfusion et des lampes d&rsquo;examen ou de lecture. En cas d&rsquo;utilisation de plusieurs potences \u00e0 perfusion, il est \u00e9galement possible d&rsquo;utiliser l&rsquo;adaptateur double H35.ADD000.0000.<\/p>\n<\/div><\/div>\n\n\n\n<h2 id=\"ct\" class=\"wp-block-heading\">Caract\u00e9ristiques techniques<\/h2>\n\n\n\n<figure class=\"wp-block-table is-style-stripes\"><table><tbody><tr><td>Hauteur en position assise<\/td><td>123 cm<\/td><\/tr><tr><td>Largeur en position assise <\/td><td>66 cm<\/td><\/tr><tr><td>Profondeur en position assise<\/td><td>77 cm<\/td><\/tr><tr><td>Hauteur en position allong\u00e9e <\/td><td>101 cm<\/td><\/tr><tr><td>Largeur en position allong\u00e9e<\/td><td>64 cm<\/td><\/tr><tr><td>Profondeur en position couch\u00e9e<\/td><td>150 cm<\/td><\/tr><tr><td>Hauteur des accoudoirs<\/td><td>71 cm<\/td><\/tr><tr><td>Hauteur d&rsquo;assise<\/td><td>51 cm<\/td><\/tr><tr><td>Profondeur d&rsquo;assise<\/td><td>50 cm<\/td><\/tr><tr><td>Largeur d&rsquo;assise<\/td><td>50 cm<\/td><\/tr><tr><td>Capacit\u00e9 de charge<\/td><td>120 kg<\/td><\/tr><tr><td>Poids<\/td><td>40 kg<\/td><\/tr><tr><td>Label de production<\/td><td>100% Swiss Made<\/td><\/tr><\/tbody><\/table><figcaption class=\"wp-element-caption\">Casa H16<\/figcaption><\/figure>\n\n\n\n<h2 id=\"q\" class=\"wp-block-heading\">La qualit\u00e9 des fauteuils de W. Blaser<\/h2>\n\n\n\n<p class=\"wp-block-paragraph\">Par la pr\u00e9sente, nous d\u00e9clarons que le produit susmentionn\u00e9 est conforme aux exigences de la norme DIN 68878:2011-11. Cette norme d\u00e9finit les exigences relatives aux dimensions fonctionnelles, aux caract\u00e9ristiques d&rsquo;utilisation, \u00e0 la s\u00e9curit\u00e9 et \u00e0 la durabilit\u00e9 des chaises destin\u00e9es \u00e0 un usage domestique. Le produit a \u00e9t\u00e9 con\u00e7u et test\u00e9 conform\u00e9ment aux exigences d\u00e9crites dans la norme.<\/p>\n\n\n\n<p class=\"wp-block-paragraph\">De plus, la surface de la chaise est dot\u00e9e d&rsquo;un traitement antimicrobien Sanitized\u00ae qui emp\u00eache la prolif\u00e9ration des bact\u00e9ries et des champignons, am\u00e9liore les propri\u00e9t\u00e9s hygi\u00e9niques et contribue \u00e0 la long\u00e9vit\u00e9 du mat\u00e9riau.<\/p>\n\n\n\n<h6 class=\"wp-block-heading\"><strong>Normes \/ directives appliqu\u00e9es :<\/strong><\/h6>\n\n\n\n<p class=\"wp-block-paragraph\">Norme DIN EN 12520 relative \u00e0 la r\u00e9sistance et \u00e0 la durabilit\u00e9 des si\u00e8ges destin\u00e9s \u00e0 un usage domestique<\/p>\n\n\n\n<p class=\"wp-block-paragraph\">DIN 68878:2011-11 \u2013 Mobilier \u2013 Chaises de salon \u2013 Dimensions fonctionnelles, caract\u00e9ristiques d&rsquo;utilisation<\/p>\n\n\n\n<p class=\"wp-block-paragraph\"><\/p>\n","protected":false},"excerpt":{"rendered":"<p>Casa H16 Le fauteuil mobile Casa H16 est id\u00e9al pour les personnes qui souhaitent rester chez elles le plus longtemps possible. Ce fauteuil peut \u00eatre emport\u00e9 comme meuble personnel dans une maison de retraite ou un \u00e9tablissement de soins. Le Casa H16 se distingue par ses lignes \u00e9pur\u00e9es et son design chaleureux, dans lequel on&hellip;<\/p>\n","protected":false},"author":1,"featured_media":0,"parent":3322,"menu_order":0,"comment_status":"closed","ping_status":"closed","template":"tw-no-title.php","meta":{"footnotes":""},"class_list":["post-3505","page","type-page","status-publish","hentry"],"yoast_head":"<!-- This site is optimized with the Yoast SEO plugin v28.2 - https:\/\/yoast.com\/product\/yoast-seo-wordpress\/ -->\n<title>Fauteuil de repos pour personnes \u00e2g\u00e9es - Fauteuil de repos m\u00e9dical, inclinable, \u00e9lectrique - Fauteuil de repos m\u00e9dicalis\u00e9e \u00e0 roulettes- W. Blaser AG<\/title>\n<meta name=\"description\" content=\"Fauteuil de repos m\u00e9dical, inclinable, \u00e9lectrique pour personnes \u00e2g\u00e9es Casa. Fauteuil de repos m\u00e9dicalis\u00e9e \u00e0 roulettes.\" \/>\n<meta name=\"robots\" content=\"index, follow, max-snippet:-1, max-image-preview:large, max-video-preview:-1\" \/>\n<link rel=\"canonical\" href=\"https:\/\/www.wblaserag.ch\/fr\/chair\/casa-h16\/\" \/>\n<meta property=\"og:locale\" content=\"fr_FR\" \/>\n<meta property=\"og:type\" content=\"article\" \/>\n<meta property=\"og:title\" content=\"Fauteuil de repos pour personnes \u00e2g\u00e9es - Fauteuil de repos m\u00e9dical, inclinable, \u00e9lectrique - Fauteuil de repos m\u00e9dicalis\u00e9e \u00e0 roulettes- W. Blaser AG\" \/>\n<meta property=\"og:description\" content=\"Fauteuil de repos m\u00e9dical, inclinable, \u00e9lectrique pour personnes \u00e2g\u00e9es Casa. Fauteuil de repos m\u00e9dicalis\u00e9e \u00e0 roulettes.\" \/>\n<meta property=\"og:url\" content=\"https:\/\/www.wblaserag.ch\/fr\/chair\/casa-h16\/\" \/>\n<meta property=\"og:site_name\" content=\"W. Blaser AG\" \/>\n<meta property=\"article:publisher\" content=\"https:\/\/www.facebook.com\/BlaserVisio-191482694639126\" \/>\n<meta property=\"article:modified_time\" content=\"2026-06-07T23:10:58+00:00\" \/>\n<meta property=\"og:image\" content=\"https:\/\/www.wblaserag.ch\/wp-content\/uploads\/2026\/06\/1.png\" \/>\n\t<meta property=\"og:image:width\" content=\"500\" \/>\n\t<meta property=\"og:image:height\" content=\"500\" \/>\n\t<meta property=\"og:image:type\" content=\"image\/png\" \/>\n<meta name=\"twitter:card\" content=\"summary_large_image\" \/>\n<script type=\"application\/ld+json\" class=\"yoast-schema-graph\">{\"@context\":\"https:\\\/\\\/schema.org\",\"@graph\":[{\"@type\":\"WebPage\",\"@id\":\"https:\\\/\\\/www.wblaserag.ch\\\/fr\\\/chair\\\/casa-h16\\\/\",\"url\":\"https:\\\/\\\/www.wblaserag.ch\\\/fr\\\/chair\\\/casa-h16\\\/\",\"name\":\"Fauteuil de repos pour personnes \u00e2g\u00e9es - Fauteuil de repos m\u00e9dical, inclinable, \u00e9lectrique - Fauteuil de repos m\u00e9dicalis\u00e9e \u00e0 roulettes- W. Blaser AG\",\"isPartOf\":{\"@id\":\"https:\\\/\\\/www.wblaserag.ch\\\/fr\\\/#website\"},\"primaryImageOfPage\":{\"@id\":\"https:\\\/\\\/www.wblaserag.ch\\\/fr\\\/chair\\\/casa-h16\\\/#primaryimage\"},\"image\":{\"@id\":\"https:\\\/\\\/www.wblaserag.ch\\\/fr\\\/chair\\\/casa-h16\\\/#primaryimage\"},\"thumbnailUrl\":\"https:\\\/\\\/www.wblaserag.ch\\\/wp-content\\\/uploads\\\/2026\\\/06\\\/1.png\",\"datePublished\":\"2021-02-06T21:25:15+00:00\",\"dateModified\":\"2026-06-07T23:10:58+00:00\",\"description\":\"Fauteuil de repos m\u00e9dical, inclinable, \u00e9lectrique pour personnes \u00e2g\u00e9es Casa. Fauteuil de repos m\u00e9dicalis\u00e9e \u00e0 roulettes.\",\"breadcrumb\":{\"@id\":\"https:\\\/\\\/www.wblaserag.ch\\\/fr\\\/chair\\\/casa-h16\\\/#breadcrumb\"},\"inLanguage\":\"fr-FR\",\"potentialAction\":[{\"@type\":\"ReadAction\",\"target\":[\"https:\\\/\\\/www.wblaserag.ch\\\/fr\\\/chair\\\/casa-h16\\\/\"]}]},{\"@type\":\"ImageObject\",\"inLanguage\":\"fr-FR\",\"@id\":\"https:\\\/\\\/www.wblaserag.ch\\\/fr\\\/chair\\\/casa-h16\\\/#primaryimage\",\"url\":\"https:\\\/\\\/www.wblaserag.ch\\\/wp-content\\\/uploads\\\/2026\\\/06\\\/1.png\",\"contentUrl\":\"https:\\\/\\\/www.wblaserag.ch\\\/wp-content\\\/uploads\\\/2026\\\/06\\\/1.png\"},{\"@type\":\"BreadcrumbList\",\"@id\":\"https:\\\/\\\/www.wblaserag.ch\\\/fr\\\/chair\\\/casa-h16\\\/#breadcrumb\",\"itemListElement\":[{\"@type\":\"ListItem\",\"position\":1,\"name\":\"Page d'accueil\",\"item\":\"https:\\\/\\\/www.wblaserag.ch\\\/fr\\\/\"},{\"@type\":\"ListItem\",\"position\":2,\"name\":\"BlaserChair\",\"item\":\"https:\\\/\\\/www.wblaserag.ch\\\/fr\\\/chair\\\/\"},{\"@type\":\"ListItem\",\"position\":3,\"name\":\"Casa H16\"}]},{\"@type\":\"WebSite\",\"@id\":\"https:\\\/\\\/www.wblaserag.ch\\\/fr\\\/#website\",\"url\":\"https:\\\/\\\/www.wblaserag.ch\\\/fr\\\/\",\"name\":\"W. Blaser AG\",\"description\":\"\",\"publisher\":{\"@id\":\"https:\\\/\\\/www.wblaserag.ch\\\/fr\\\/#organization\"},\"potentialAction\":[{\"@type\":\"SearchAction\",\"target\":{\"@type\":\"EntryPoint\",\"urlTemplate\":\"https:\\\/\\\/www.wblaserag.ch\\\/fr\\\/?s={search_term_string}\"},\"query-input\":{\"@type\":\"PropertyValueSpecification\",\"valueRequired\":true,\"valueName\":\"search_term_string\"}}],\"inLanguage\":\"fr-FR\"},{\"@type\":\"Organization\",\"@id\":\"https:\\\/\\\/www.wblaserag.ch\\\/fr\\\/#organization\",\"name\":\"W. Blaser AG\",\"url\":\"https:\\\/\\\/www.wblaserag.ch\\\/fr\\\/\",\"logo\":{\"@type\":\"ImageObject\",\"inLanguage\":\"fr-FR\",\"@id\":\"https:\\\/\\\/www.wblaserag.ch\\\/fr\\\/#\\\/schema\\\/logo\\\/image\\\/\",\"url\":\"https:\\\/\\\/www.wblaserag.ch\\\/wp-content\\\/uploads\\\/2021\\\/02\\\/cropped-cropped-Blaser_Mobile_NEG.png\",\"contentUrl\":\"https:\\\/\\\/www.wblaserag.ch\\\/wp-content\\\/uploads\\\/2021\\\/02\\\/cropped-cropped-Blaser_Mobile_NEG.png\",\"width\":400,\"height\":55,\"caption\":\"W. Blaser AG\"},\"image\":{\"@id\":\"https:\\\/\\\/www.wblaserag.ch\\\/fr\\\/#\\\/schema\\\/logo\\\/image\\\/\"},\"sameAs\":[\"https:\\\/\\\/www.facebook.com\\\/BlaserVisio-191482694639126\",\"https:\\\/\\\/www.instagram.com\\\/blaservisio\\\/\"]}]}<\/script>\n<!-- \/ Yoast SEO plugin. -->","yoast_head_json":{"title":"Fauteuil de repos pour personnes \u00e2g\u00e9es - Fauteuil de repos m\u00e9dical, inclinable, \u00e9lectrique - Fauteuil de repos m\u00e9dicalis\u00e9e \u00e0 roulettes- W. Blaser AG","description":"Fauteuil de repos m\u00e9dical, inclinable, \u00e9lectrique pour personnes \u00e2g\u00e9es Casa. Fauteuil de repos m\u00e9dicalis\u00e9e \u00e0 roulettes.","robots":{"index":"index","follow":"follow","max-snippet":"max-snippet:-1","max-image-preview":"max-image-preview:large","max-video-preview":"max-video-preview:-1"},"canonical":"https:\/\/www.wblaserag.ch\/fr\/chair\/casa-h16\/","og_locale":"fr_FR","og_type":"article","og_title":"Fauteuil de repos pour personnes \u00e2g\u00e9es - Fauteuil de repos m\u00e9dical, inclinable, \u00e9lectrique - Fauteuil de repos m\u00e9dicalis\u00e9e \u00e0 roulettes- W. Blaser AG","og_description":"Fauteuil de repos m\u00e9dical, inclinable, \u00e9lectrique pour personnes \u00e2g\u00e9es Casa. Fauteuil de repos m\u00e9dicalis\u00e9e \u00e0 roulettes.","og_url":"https:\/\/www.wblaserag.ch\/fr\/chair\/casa-h16\/","og_site_name":"W. Blaser AG","article_publisher":"https:\/\/www.facebook.com\/BlaserVisio-191482694639126","article_modified_time":"2026-06-07T23:10:58+00:00","og_image":[{"width":500,"height":500,"url":"https:\/\/www.wblaserag.ch\/wp-content\/uploads\/2026\/06\/1.png","type":"image\/png"}],"twitter_card":"summary_large_image","schema":{"@context":"https:\/\/schema.org","@graph":[{"@type":"WebPage","@id":"https:\/\/www.wblaserag.ch\/fr\/chair\/casa-h16\/","url":"https:\/\/www.wblaserag.ch\/fr\/chair\/casa-h16\/","name":"Fauteuil de repos pour personnes \u00e2g\u00e9es - Fauteuil de repos m\u00e9dical, inclinable, \u00e9lectrique - Fauteuil de repos m\u00e9dicalis\u00e9e \u00e0 roulettes- W. Blaser AG","isPartOf":{"@id":"https:\/\/www.wblaserag.ch\/fr\/#website"},"primaryImageOfPage":{"@id":"https:\/\/www.wblaserag.ch\/fr\/chair\/casa-h16\/#primaryimage"},"image":{"@id":"https:\/\/www.wblaserag.ch\/fr\/chair\/casa-h16\/#primaryimage"},"thumbnailUrl":"https:\/\/www.wblaserag.ch\/wp-content\/uploads\/2026\/06\/1.png","datePublished":"2021-02-06T21:25:15+00:00","dateModified":"2026-06-07T23:10:58+00:00","description":"Fauteuil de repos m\u00e9dical, inclinable, \u00e9lectrique pour personnes \u00e2g\u00e9es Casa. Fauteuil de repos m\u00e9dicalis\u00e9e \u00e0 roulettes.","breadcrumb":{"@id":"https:\/\/www.wblaserag.ch\/fr\/chair\/casa-h16\/#breadcrumb"},"inLanguage":"fr-FR","potentialAction":[{"@type":"ReadAction","target":["https:\/\/www.wblaserag.ch\/fr\/chair\/casa-h16\/"]}]},{"@type":"ImageObject","inLanguage":"fr-FR","@id":"https:\/\/www.wblaserag.ch\/fr\/chair\/casa-h16\/#primaryimage","url":"https:\/\/www.wblaserag.ch\/wp-content\/uploads\/2026\/06\/1.png","contentUrl":"https:\/\/www.wblaserag.ch\/wp-content\/uploads\/2026\/06\/1.png"},{"@type":"BreadcrumbList","@id":"https:\/\/www.wblaserag.ch\/fr\/chair\/casa-h16\/#breadcrumb","itemListElement":[{"@type":"ListItem","position":1,"name":"Page d'accueil","item":"https:\/\/www.wblaserag.ch\/fr\/"},{"@type":"ListItem","position":2,"name":"BlaserChair","item":"https:\/\/www.wblaserag.ch\/fr\/chair\/"},{"@type":"ListItem","position":3,"name":"Casa H16"}]},{"@type":"WebSite","@id":"https:\/\/www.wblaserag.ch\/fr\/#website","url":"https:\/\/www.wblaserag.ch\/fr\/","name":"W. Blaser AG","description":"","publisher":{"@id":"https:\/\/www.wblaserag.ch\/fr\/#organization"},"potentialAction":[{"@type":"SearchAction","target":{"@type":"EntryPoint","urlTemplate":"https:\/\/www.wblaserag.ch\/fr\/?s={search_term_string}"},"query-input":{"@type":"PropertyValueSpecification","valueRequired":true,"valueName":"search_term_string"}}],"inLanguage":"fr-FR"},{"@type":"Organization","@id":"https:\/\/www.wblaserag.ch\/fr\/#organization","name":"W. Blaser AG","url":"https:\/\/www.wblaserag.ch\/fr\/","logo":{"@type":"ImageObject","inLanguage":"fr-FR","@id":"https:\/\/www.wblaserag.ch\/fr\/#\/schema\/logo\/image\/","url":"https:\/\/www.wblaserag.ch\/wp-content\/uploads\/2021\/02\/cropped-cropped-Blaser_Mobile_NEG.png","contentUrl":"https:\/\/www.wblaserag.ch\/wp-content\/uploads\/2021\/02\/cropped-cropped-Blaser_Mobile_NEG.png","width":400,"height":55,"caption":"W. Blaser AG"},"image":{"@id":"https:\/\/www.wblaserag.ch\/fr\/#\/schema\/logo\/image\/"},"sameAs":["https:\/\/www.facebook.com\/BlaserVisio-191482694639126","https:\/\/www.instagram.com\/blaservisio\/"]}]}},"_links":{"self":[{"href":"https:\/\/www.wblaserag.ch\/fr\/wp-json\/wp\/v2\/pages\/3505","targetHints":{"allow":["GET"]}}],"collection":[{"href":"https:\/\/www.wblaserag.ch\/fr\/wp-json\/wp\/v2\/pages"}],"about":[{"href":"https:\/\/www.wblaserag.ch\/fr\/wp-json\/wp\/v2\/types\/page"}],"author":[{"embeddable":true,"href":"https:\/\/www.wblaserag.ch\/fr\/wp-json\/wp\/v2\/users\/1"}],"replies":[{"embeddable":true,"href":"https:\/\/www.wblaserag.ch\/fr\/wp-json\/wp\/v2\/comments?post=3505"}],"version-history":[{"count":31,"href":"https:\/\/www.wblaserag.ch\/fr\/wp-json\/wp\/v2\/pages\/3505\/revisions"}],"predecessor-version":[{"id":11567,"href":"https:\/\/www.wblaserag.ch\/fr\/wp-json\/wp\/v2\/pages\/3505\/revisions\/11567"}],"up":[{"embeddable":true,"href":"https:\/\/www.wblaserag.ch\/fr\/wp-json\/wp\/v2\/pages\/3322"}],"wp:attachment":[{"href":"https:\/\/www.wblaserag.ch\/fr\/wp-json\/wp\/v2\/media?parent=3505"}],"curies":[{"name":"wp","href":"https:\/\/api.w.org\/{rel}","templated":true}]}}