{"id":10013,"date":"2021-10-19T20:13:42","date_gmt":"2021-10-19T20:13:42","guid":{"rendered":"https:\/\/www.wblaserag.ch\/visio\/cameras-iot-mobile-et-systemes-dassistance\/cameras-de-recul\/"},"modified":"2023-09-10T20:42:02","modified_gmt":"2023-09-10T20:42:02","slug":"cameras-de-recul","status":"publish","type":"page","link":"https:\/\/www.wblaserag.ch\/fr\/visio\/cameras-iot-mobile-et-systemes-dassistance\/cameras-de-recul\/","title":{"rendered":"Cam\u00e9ras de recul"},"content":{"rendered":"\n<div style=\"height:10px\" aria-hidden=\"true\" class=\"wp-block-spacer\"><\/div>\n\n\n\n<h1 class=\"wp-block-heading\">Cam\u00e9ras de recul pour camions, remorques, tracteurs et dameuses<\/h1>\n\n\n<div class=\"yoast-breadcrumbs\"><span><span><a href=\"https:\/\/www.wblaserag.ch\/fr\/\">Page d&rsquo;accueil<\/a><\/span> \u00bb <span><a href=\"https:\/\/www.wblaserag.ch\/fr\/visio\/\">BlaserVisio<\/a><\/span> \u00bb <span><a href=\"https:\/\/www.wblaserag.ch\/fr\/visio\/cameras-iot-mobile-et-systemes-dassistance\/\">Cam\u00e9ras, IoT mobile et syst\u00e8mes d&rsquo;assistance<\/a><\/span> \u00bb <span class=\"breadcrumb_last\" aria-current=\"page\">Cam\u00e9ras de recul<\/span><\/span><\/div>\n\n\n<p class=\"wp-block-paragraph\">Les syst\u00e8mes de cam\u00e9ras de recul BlaserVisio offrent au conducteur d&rsquo;un v\u00e9hicule une s\u00e9curit\u00e9 suppl\u00e9mentaire lors des man\u0153uvres de recul. Gr\u00e2ce au syst\u00e8me de cam\u00e9ra, le conducteur est rendu attentif aux usagers de la route plus faibles dans la zone de danger \u00e0 c\u00f4t\u00e9 du v\u00e9hicule. En tant que leader du march\u00e9 suisse des syst\u00e8mes de visibilit\u00e9 et de s\u00e9curit\u00e9 pour les v\u00e9hicules agricoles, communaux, de chantier, sp\u00e9ciaux et utilitaires, nous proposons aux constructeurs de v\u00e9hicules et aux revendeurs de pi\u00e8ces d\u00e9tach\u00e9es des cam\u00e9ras de recul Full-HD et des conseils comp\u00e9tents.<\/p>\n\n\n\n<div class=\"wp-block-group alignwide\"><div class=\"wp-block-group__inner-container is-layout-constrained wp-block-group-is-layout-constrained\">\n<h2 class=\"wp-block-heading\">Cam\u00e9ras Full HD<\/h2>\n\n\n\n<div class=\"wp-block-columns alignwide is-layout-flex wp-container-core-columns-is-layout-7387b849 wp-block-columns-is-layout-flex\">\n<div class=\"wp-block-column is-layout-flow wp-block-column-is-layout-flow\">\n<figure class=\"wp-block-image size-full is-style-default\"><img loading=\"lazy\" decoding=\"async\" width=\"641\" height=\"721\" src=\"https:\/\/www.wblaserag.ch\/wp-content\/uploads\/2023\/08\/8.png\" alt=\"Cam\u00e9ra de recul - arri\u00e8re 130 degr\u00e9s\" class=\"wp-image-9726\" srcset=\"https:\/\/www.wblaserag.ch\/wp-content\/uploads\/2023\/08\/8.png 641w, https:\/\/www.wblaserag.ch\/wp-content\/uploads\/2023\/08\/8-267x300.png 267w\" sizes=\"auto, (max-width: 641px) 100vw, 641px\" \/><\/figure>\n\n\n\n<p class=\"wp-block-paragraph\">Cam\u00e9ra arri\u00e8re 130\u00b0<\/p>\n\n\n\n<div class=\"wp-block-buttons is-layout-flex wp-block-buttons-is-layout-flex\">\n<div class=\"wp-block-button is-style-outline is-style-outline--1\"><a class=\"wp-block-button__link has-accent-color has-text-color wp-element-button\" href=\"https:\/\/www.wblaserag.ch\/visio\/kamera-systeme\/ruckfahrkameras-fur-lkws-sattelzuge-anhanger-traktoren\/heck-kamera-130-mit-touchscreen-monitor-7%e2%80%b3-und-kabel\/\" style=\"border-radius:6px\">En savoir plus<\/a><\/div>\n<\/div>\n<\/div>\n\n\n\n<div class=\"wp-block-column is-layout-flow wp-block-column-is-layout-flow\">\n<figure class=\"wp-block-image size-full is-style-default\"><img loading=\"lazy\" decoding=\"async\" width=\"641\" height=\"721\" src=\"https:\/\/www.wblaserag.ch\/wp-content\/uploads\/2023\/08\/9.png\" alt=\"Cam\u00e9ra de recul\" class=\"wp-image-9731\" srcset=\"https:\/\/www.wblaserag.ch\/wp-content\/uploads\/2023\/08\/9.png 641w, https:\/\/www.wblaserag.ch\/wp-content\/uploads\/2023\/08\/9-267x300.png 267w\" sizes=\"auto, (max-width: 641px) 100vw, 641px\" \/><\/figure>\n\n\n\n<p class=\"wp-block-paragraph\">Cam\u00e9ra lat\u00e9rale 130\u00b0<\/p>\n\n\n\n<div class=\"wp-block-buttons is-layout-flex wp-block-buttons-is-layout-flex\">\n<div class=\"wp-block-button is-style-outline is-style-outline--2\"><a class=\"wp-block-button__link has-accent-color has-text-color wp-element-button\" href=\"https:\/\/www.wblaserag.ch\/visio\/kamera-systeme\/ruckfahrkameras-fur-lkws-sattelzuge-anhanger-traktoren\/seitenkamera-130\/\" style=\"border-radius:6px\">En savoir plus<\/a><\/div>\n<\/div>\n<\/div>\n\n\n\n<div class=\"wp-block-column is-layout-flow wp-block-column-is-layout-flow\">\n<figure class=\"wp-block-image size-full is-style-default\"><img loading=\"lazy\" decoding=\"async\" width=\"641\" height=\"721\" src=\"https:\/\/www.wblaserag.ch\/wp-content\/uploads\/2023\/08\/10.png\" alt=\"Cam\u00e9ra de recul - remplacement des r\u00e9troviseurs\" class=\"wp-image-9736\" srcset=\"https:\/\/www.wblaserag.ch\/wp-content\/uploads\/2023\/08\/10.png 641w, https:\/\/www.wblaserag.ch\/wp-content\/uploads\/2023\/08\/10-267x300.png 267w\" sizes=\"auto, (max-width: 641px) 100vw, 641px\" \/><\/figure>\n\n\n\n<p class=\"wp-block-paragraph\">Cam\u00e9ra de remplacement du miroir 60\u00b0 \/ 110\u00b0 gauche\/droite<\/p>\n\n\n\n<div class=\"wp-block-buttons is-layout-flex wp-block-buttons-is-layout-flex\">\n<div class=\"wp-block-button is-style-outline is-style-outline--3\"><a class=\"wp-block-button__link has-accent-color has-text-color wp-element-button\" href=\"https:\/\/www.wblaserag.ch\/visio\/kamera-systeme\/ruckfahrkameras-fur-lkws-sattelzuge-anhanger-traktoren\/spiegelersatz-kamera-60-110-links-rechts\/\" style=\"border-radius:6px\">En savoir plus<\/a><\/div>\n<\/div>\n<\/div>\n<\/div>\n\n\n\n<div class=\"wp-block-columns alignwide is-layout-flex wp-container-core-columns-is-layout-7387b849 wp-block-columns-is-layout-flex\">\n<div class=\"wp-block-column is-layout-flow wp-block-column-is-layout-flow\">\n<figure class=\"wp-block-image size-full is-resized is-style-default\"><img loading=\"lazy\" decoding=\"async\" src=\"https:\/\/www.wblaserag.ch\/wp-content\/uploads\/2023\/08\/7.png\" alt=\"Cam\u00e9ra de recul\" class=\"wp-image-9721\" style=\"width:379px;height:426px\" width=\"379\" height=\"426\" srcset=\"https:\/\/www.wblaserag.ch\/wp-content\/uploads\/2023\/08\/7.png 641w, https:\/\/www.wblaserag.ch\/wp-content\/uploads\/2023\/08\/7-267x300.png 267w\" sizes=\"auto, (max-width: 379px) 100vw, 379px\" \/><\/figure>\n\n\n\n<p class=\"wp-block-paragraph\">Mini cam\u00e9ra sph\u00e9rique 60\u00b0 \u00e0 200\u00b0<\/p>\n\n\n\n<div class=\"wp-block-buttons is-layout-flex wp-block-buttons-is-layout-flex\">\n<div class=\"wp-block-button is-style-outline is-style-outline--4\"><a class=\"wp-block-button__link has-accent-color has-text-color wp-element-button\" href=\"https:\/\/www.wblaserag.ch\/visio\/kamera-systeme\/ruckfahrkameras-fur-lkws-sattelzuge-anhanger-traktoren\/mini-kugel-kamera-170\/\" style=\"border-radius:6px\">En savoir plus<\/a><\/div>\n<\/div>\n<\/div>\n\n\n\n<div class=\"wp-block-column is-layout-flow wp-block-column-is-layout-flow\">\n<p class=\"wp-block-paragraph\"><\/p>\n<\/div>\n\n\n\n<div class=\"wp-block-column is-layout-flow wp-block-column-is-layout-flow\">\n<p class=\"wp-block-paragraph\"><\/p>\n<\/div>\n<\/div>\n<\/div><\/div>\n\n\n\n<div class=\"wp-block-group alignwide\"><div class=\"wp-block-group__inner-container is-layout-constrained wp-block-group-is-layout-constrained\">\n<h2 class=\"wp-block-heading\">Accessoires Full HD<\/h2>\n\n\n\n<div class=\"wp-block-columns alignwide is-layout-flex wp-container-core-columns-is-layout-7387b849 wp-block-columns-is-layout-flex\">\n<div class=\"wp-block-column is-layout-flow wp-block-column-is-layout-flow\">\n<figure class=\"wp-block-image size-full is-style-default\"><a href=\"https:\/\/www.wblaserag.ch\/fr\/visio\/cameras-iot-mobile-et-systemes-dassistance\/cameras-de-recul\/cable-de-camera-4p-hd\/\"><img loading=\"lazy\" decoding=\"async\" width=\"641\" height=\"721\" src=\"https:\/\/www.wblaserag.ch\/wp-content\/uploads\/2023\/08\/9-1.png\" alt=\"C\u00e2ble de cam\u00e9ra\" class=\"wp-image-9741\" srcset=\"https:\/\/www.wblaserag.ch\/wp-content\/uploads\/2023\/08\/9-1.png 641w, https:\/\/www.wblaserag.ch\/wp-content\/uploads\/2023\/08\/9-1-267x300.png 267w\" sizes=\"auto, (max-width: 641px) 100vw, 641px\" \/><\/a><\/figure>\n\n\n\n<p class=\"wp-block-paragraph\">C\u00e2ble de cam\u00e9ra 4P HD<\/p>\n\n\n\n<div class=\"wp-block-buttons is-layout-flex wp-block-buttons-is-layout-flex\">\n<div class=\"wp-block-button is-style-outline is-style-outline--5\"><a class=\"wp-block-button__link has-accent-color has-text-color wp-element-button\" href=\"https:\/\/www.wblaserag.ch\/fr\/visio\/cameras-iot-mobile-et-systemes-dassistance\/cameras-de-recul\/cable-de-camera-4p-hd\/\" style=\"border-radius:6px\">En savoir plus<\/a><\/div>\n<\/div>\n<\/div>\n\n\n\n<div class=\"wp-block-column is-layout-flow wp-block-column-is-layout-flow\">\n<figure class=\"wp-block-image size-full is-style-default\"><a href=\"https:\/\/www.wblaserag.ch\/fr\/visio\/cameras-iot-mobile-et-systemes-dassistance\/cameras-de-recul\/convertisseur-de-voltage-24v-vers-12v-1-5-a\/\"><img loading=\"lazy\" decoding=\"async\" width=\"641\" height=\"721\" src=\"https:\/\/www.wblaserag.ch\/wp-content\/uploads\/2023\/08\/10-1.png\" alt=\"Convertisseur de voltage 24V vers 12V 1.5 A\" class=\"wp-image-9746\" srcset=\"https:\/\/www.wblaserag.ch\/wp-content\/uploads\/2023\/08\/10-1.png 641w, https:\/\/www.wblaserag.ch\/wp-content\/uploads\/2023\/08\/10-1-267x300.png 267w\" sizes=\"auto, (max-width: 641px) 100vw, 641px\" \/><\/a><\/figure>\n\n\n\n<p class=\"wp-block-paragraph\">Convertisseur de voltage 24V vers 12V 1.5 A<\/p>\n\n\n\n<div class=\"wp-block-buttons is-layout-flex wp-block-buttons-is-layout-flex\">\n<div class=\"wp-block-button is-style-outline is-style-outline--6\"><a class=\"wp-block-button__link has-accent-color has-text-color wp-element-button\" href=\"https:\/\/www.wblaserag.ch\/fr\/visio\/cameras-iot-mobile-et-systemes-dassistance\/cameras-de-recul\/convertisseur-de-voltage-24v-vers-12v-1-5-a\/\" style=\"border-radius:6px\">En savoir plus<\/a><\/div>\n<\/div>\n<\/div>\n\n\n\n<div class=\"wp-block-column is-layout-flow wp-block-column-is-layout-flow\">\n<figure class=\"wp-block-image size-full is-style-default\"><a href=\"https:\/\/www.wblaserag.ch\/fr\/visio\/cameras-iot-mobile-et-systemes-dassistance\/cameras-de-recul\/convertisseur-de-voltage-24v-vers-12v-1-5-a-2\/\"><img loading=\"lazy\" decoding=\"async\" width=\"641\" height=\"721\" src=\"https:\/\/www.wblaserag.ch\/wp-content\/uploads\/2023\/08\/11.png\" alt=\"Convertisseur de voltage 24V vers 12V 1.5 A\" class=\"wp-image-9751\" srcset=\"https:\/\/www.wblaserag.ch\/wp-content\/uploads\/2023\/08\/11.png 641w, https:\/\/www.wblaserag.ch\/wp-content\/uploads\/2023\/08\/11-267x300.png 267w\" sizes=\"auto, (max-width: 641px) 100vw, 641px\" \/><\/a><\/figure>\n\n\n\n<p class=\"wp-block-paragraph\">Convertisseur de voltage 24V vers 12V 1.5 A<\/p>\n\n\n\n<div class=\"wp-block-buttons is-layout-flex wp-block-buttons-is-layout-flex\">\n<div class=\"wp-block-button is-style-outline is-style-outline--7\"><a class=\"wp-block-button__link has-accent-color has-text-color wp-element-button\" href=\"https:\/\/www.wblaserag.ch\/fr\/visio\/cameras-iot-mobile-et-systemes-dassistance\/cameras-de-recul\/convertisseur-de-voltage-24v-vers-12v-1-5-a-2\/\" style=\"border-radius:6px\">En savoir plus<\/a><\/div>\n<\/div>\n<\/div>\n<\/div>\n<\/div><\/div>\n\n\n\n<div class=\"wp-block-group alignwide\"><div class=\"wp-block-group__inner-container is-layout-constrained wp-block-group-is-layout-constrained\">\n<h2 class=\"wp-block-heading\">Syst\u00e8mes de cam\u00e9ras avec intelligence artificielle (IA)<\/h2>\n\n\n\n<div class=\"wp-block-columns alignwide is-layout-flex wp-container-core-columns-is-layout-7387b849 wp-block-columns-is-layout-flex\">\n<div class=\"wp-block-column is-layout-flow wp-block-column-is-layout-flow\">\n<figure class=\"wp-block-image size-full is-style-default\"><a href=\"https:\/\/www.wblaserag.ch\/fr\/visio\/cameras-iot-mobile-et-systemes-dassistance\/systemes-de-cameras-avec-intelligence-artificielle-ia\/#cam%C3%A9ra-d%E2%80%99IA-full-hd-pour-la-surveillance-du-conducteur-et-la-reconnaissance-faciale-%C3%A0-l'int%C3%A9rieur-du-v%C3%A9hicule\"><img loading=\"lazy\" decoding=\"async\" width=\"641\" height=\"721\" src=\"https:\/\/www.wblaserag.ch\/wp-content\/uploads\/2023\/08\/1-3.png\" alt=\"Cam\u00e9ra d'IA\" class=\"wp-image-9894\" srcset=\"https:\/\/www.wblaserag.ch\/wp-content\/uploads\/2023\/08\/1-3.png 641w, https:\/\/www.wblaserag.ch\/wp-content\/uploads\/2023\/08\/1-3-267x300.png 267w\" sizes=\"auto, (max-width: 641px) 100vw, 641px\" \/><\/a><\/figure>\n\n\n\n<p class=\"wp-block-paragraph\">Cam\u00e9ra d&rsquo;IA (Full HD) pour le contr\u00f4le du comportement de conduite &amp; la reconnaissance faciale \u00e0 l&rsquo;int\u00e9rieur du v\u00e9hicule<\/p>\n\n\n\n<div class=\"wp-block-buttons is-layout-flex wp-block-buttons-is-layout-flex\">\n<div class=\"wp-block-button is-style-outline is-style-outline--8\"><a class=\"wp-block-button__link has-accent-color has-text-color wp-element-button\" href=\"https:\/\/www.wblaserag.ch\/fr\/visio\/cameras-iot-mobile-et-systemes-dassistance\/systemes-de-cameras-avec-intelligence-artificielle-ia\/#cam%C3%A9ra-d%E2%80%99IA-full-hd-pour-la-surveillance-du-conducteur-et-la-reconnaissance-faciale-%C3%A0-l'int%C3%A9rieur-du-v%C3%A9hicule\" style=\"border-radius:6px\">En savoir plus<\/a><\/div>\n<\/div>\n<\/div>\n\n\n\n<div class=\"wp-block-column is-layout-flow wp-block-column-is-layout-flow\">\n<figure class=\"wp-block-image size-full is-style-default\"><a href=\"https:\/\/www.wblaserag.ch\/fr\/visio\/cameras-iot-mobile-et-systemes-dassistance\/systemes-de-cameras-avec-intelligence-artificielle-ia\/#cam%C3%A9ra-d%E2%80%99IA-Full-HD-pour-d%C3%A9tecter-et-avertir-les-pi%C3%A9tons-%C3%A0-l'ext%C3%A9rieur-du-v%C3%A9hicule\"><img loading=\"lazy\" decoding=\"async\" width=\"641\" height=\"721\" src=\"https:\/\/www.wblaserag.ch\/wp-content\/uploads\/2023\/08\/2-2.png\" alt=\"Cam\u00e9ra d'IA\" class=\"wp-image-9899\" srcset=\"https:\/\/www.wblaserag.ch\/wp-content\/uploads\/2023\/08\/2-2.png 641w, https:\/\/www.wblaserag.ch\/wp-content\/uploads\/2023\/08\/2-2-267x300.png 267w\" sizes=\"auto, (max-width: 641px) 100vw, 641px\" \/><\/a><\/figure>\n\n\n\n<p class=\"wp-block-paragraph\">Cam\u00e9ra d&rsquo;IA pour la d\u00e9tection des pi\u00e9tons et l&rsquo;avertissement \u00e0 l&rsquo;ext\u00e9rieur du v\u00e9hicule<\/p>\n\n\n\n<div class=\"wp-block-buttons is-layout-flex wp-block-buttons-is-layout-flex\">\n<div class=\"wp-block-button is-style-outline is-style-outline--9\"><a class=\"wp-block-button__link has-accent-color has-text-color wp-element-button\" href=\"https:\/\/www.wblaserag.ch\/fr\/visio\/cameras-iot-mobile-et-systemes-dassistance\/systemes-de-cameras-avec-intelligence-artificielle-ia\/#cam%C3%A9ra-d%E2%80%99IA-Full-HD-pour-d%C3%A9tecter-et-avertir-les-pi%C3%A9tons-%C3%A0-l'ext%C3%A9rieur-du-v%C3%A9hicule\" style=\"border-radius:6px\">En savoir plus<\/a><\/div>\n<\/div>\n<\/div>\n\n\n\n<div class=\"wp-block-column is-layout-flow wp-block-column-is-layout-flow\">\n<figure class=\"wp-block-image size-full is-style-default\"><a href=\"https:\/\/www.wblaserag.ch\/fr\/visio\/cameras-iot-mobile-et-systemes-dassistance\/systemes-de-cameras-avec-intelligence-artificielle-ia\/#cam%C3%A9ra-d%E2%80%99IA-Full-HD-avec-image-thermique-int%C3%A9gr%C3%A9e-pour-d%C3%A9tecter-les-pi%C3%A9tons\"><img loading=\"lazy\" decoding=\"async\" width=\"641\" height=\"721\" src=\"https:\/\/www.wblaserag.ch\/wp-content\/uploads\/2023\/08\/3-2.png\" alt=\"Cam\u00e9ra d'IA\" class=\"wp-image-9904\" srcset=\"https:\/\/www.wblaserag.ch\/wp-content\/uploads\/2023\/08\/3-2.png 641w, https:\/\/www.wblaserag.ch\/wp-content\/uploads\/2023\/08\/3-2-267x300.png 267w\" sizes=\"auto, (max-width: 641px) 100vw, 641px\" \/><\/a><\/figure>\n\n\n\n<p class=\"wp-block-paragraph\">Cam\u00e9ra d&rsquo;IA avec image thermique int\u00e9gr\u00e9e pour la d\u00e9tection des pi\u00e9tons<\/p>\n\n\n\n<div class=\"wp-block-buttons is-layout-flex wp-block-buttons-is-layout-flex\">\n<div class=\"wp-block-button is-style-outline is-style-outline--10\"><a class=\"wp-block-button__link has-accent-color has-text-color wp-element-button\" href=\"https:\/\/www.wblaserag.ch\/fr\/visio\/cameras-iot-mobile-et-systemes-dassistance\/systemes-de-cameras-avec-intelligence-artificielle-ia\/#cam%C3%A9ra-d%E2%80%99IA-Full-HD-avec-image-thermique-int%C3%A9gr%C3%A9e-pour-d%C3%A9tecter-les-pi%C3%A9tons\" style=\"border-radius:6px\">En savoir plus<\/a><\/div>\n<\/div>\n<\/div>\n<\/div>\n\n\n\n<div class=\"wp-block-columns alignwide is-layout-flex wp-container-core-columns-is-layout-7387b849 wp-block-columns-is-layout-flex\">\n<div class=\"wp-block-column is-layout-flow wp-block-column-is-layout-flow\">\n<figure class=\"wp-block-image size-full is-style-default\"><a href=\"https:\/\/www.wblaserag.ch\/fr\/visio\/cameras-iot-mobile-et-systemes-dassistance\/systemes-de-cameras-avec-intelligence-artificielle-ia\/#ki-mini\"><img loading=\"lazy\" decoding=\"async\" width=\"641\" height=\"721\" src=\"https:\/\/www.wblaserag.ch\/wp-content\/uploads\/2023\/08\/4-2.png\" alt=\"Syst\u00e8me birdview d'IA\" class=\"wp-image-9909\" srcset=\"https:\/\/www.wblaserag.ch\/wp-content\/uploads\/2023\/08\/4-2.png 641w, https:\/\/www.wblaserag.ch\/wp-content\/uploads\/2023\/08\/4-2-267x300.png 267w\" sizes=\"auto, (max-width: 641px) 100vw, 641px\" \/><\/a><\/figure>\n\n\n\n<p class=\"wp-block-paragraph\">Syst\u00e8me birdview d&rsquo;IA avec mini-cam\u00e9ras, vue 3D, d\u00e9tection des pi\u00e9tons &amp; avertissement<\/p>\n\n\n\n<div class=\"wp-block-buttons is-layout-flex wp-block-buttons-is-layout-flex\">\n<div class=\"wp-block-button is-style-outline is-style-outline--11\"><a class=\"wp-block-button__link has-accent-color has-text-color wp-element-button\" href=\"https:\/\/www.wblaserag.ch\/fr\/visio\/cameras-iot-mobile-et-systemes-dassistance\/systemes-de-cameras-avec-intelligence-artificielle-ia\/#ki-mini\" style=\"border-radius:6px\">En savoir plus<\/a><\/div>\n<\/div>\n<\/div>\n\n\n\n<div class=\"wp-block-column is-layout-flow wp-block-column-is-layout-flow\">\n<figure class=\"wp-block-image size-full is-style-default\"><a href=\"https:\/\/www.wblaserag.ch\/fr\/visio\/cameras-iot-mobile-et-systemes-dassistance\/systemes-de-cameras-avec-intelligence-artificielle-ia\/#ki-seitenkameras\"><img loading=\"lazy\" decoding=\"async\" width=\"641\" height=\"721\" src=\"https:\/\/www.wblaserag.ch\/wp-content\/uploads\/2023\/08\/5-2.png\" alt=\"Cam\u00e9ra d'IA\" class=\"wp-image-9914\" srcset=\"https:\/\/www.wblaserag.ch\/wp-content\/uploads\/2023\/08\/5-2.png 641w, https:\/\/www.wblaserag.ch\/wp-content\/uploads\/2023\/08\/5-2-267x300.png 267w\" sizes=\"auto, (max-width: 641px) 100vw, 641px\" \/><\/a><\/figure>\n\n\n\n<p class=\"wp-block-paragraph\">Syst\u00e8me birdview d&rsquo;IA avec cam\u00e9ras lat\u00e9rales, vue 3D, d\u00e9tection des pi\u00e9tons et avertissement<\/p>\n\n\n\n<div class=\"wp-block-buttons is-layout-flex wp-block-buttons-is-layout-flex\">\n<div class=\"wp-block-button is-style-outline is-style-outline--12\"><a class=\"wp-block-button__link has-accent-color has-text-color wp-element-button\" href=\"https:\/\/www.wblaserag.ch\/fr\/visio\/cameras-iot-mobile-et-systemes-dassistance\/systemes-de-cameras-avec-intelligence-artificielle-ia\/#ki-seitenkameras\" style=\"border-radius:6px\">En savoir plus<\/a><\/div>\n<\/div>\n<\/div>\n\n\n\n<div class=\"wp-block-column is-layout-flow wp-block-column-is-layout-flow\">\n<p class=\"wp-block-paragraph\"><\/p>\n<\/div>\n<\/div>\n\n\n\n<h2 class=\"wp-block-heading\">Syst\u00e8mes WiFi<\/h2>\n\n\n\n<div class=\"wp-block-columns alignwide is-layout-flex wp-container-core-columns-is-layout-7387b849 wp-block-columns-is-layout-flex\">\n<div class=\"wp-block-column is-layout-flow wp-block-column-is-layout-flow\">\n<figure class=\"wp-block-image size-full is-style-default\"><img loading=\"lazy\" decoding=\"async\" width=\"641\" height=\"721\" src=\"https:\/\/www.wblaserag.ch\/wp-content\/uploads\/2023\/08\/1-1.png\" alt=\"Syst\u00e8me WiFi pour cam\u00e9ra de recul\" class=\"wp-image-9756\" srcset=\"https:\/\/www.wblaserag.ch\/wp-content\/uploads\/2023\/08\/1-1.png 641w, https:\/\/www.wblaserag.ch\/wp-content\/uploads\/2023\/08\/1-1-267x300.png 267w\" sizes=\"auto, (max-width: 641px) 100vw, 641px\" \/><\/figure>\n\n\n\n<p class=\"wp-block-paragraph\">Cam\u00e9ra WiFi 110\u00b0 avec pied magn\u00e9tique et batterie int\u00e9gr\u00e9e<\/p>\n\n\n\n<div class=\"wp-block-buttons is-layout-flex wp-block-buttons-is-layout-flex\">\n<div class=\"wp-block-button is-style-outline is-style-outline--13\"><a class=\"wp-block-button__link has-accent-color has-text-color wp-element-button\" href=\"https:\/\/www.wblaserag.ch\/visio\/kamera-systeme\/ruckfahrkameras-fur-lkws-sattelzuge-anhanger-traktoren\/wifi-kamera-110\/\" style=\"border-radius:6px\">En savoir plus<\/a><\/div>\n<\/div>\n<\/div>\n\n\n\n<div class=\"wp-block-column is-layout-flow wp-block-column-is-layout-flow\">\n<figure class=\"wp-block-image size-full is-style-default\"><img loading=\"lazy\" decoding=\"async\" width=\"641\" height=\"721\" src=\"https:\/\/www.wblaserag.ch\/wp-content\/uploads\/2023\/08\/2-1.png\" alt=\"Passerelle WiFi pour cam\u00e9ra de recul\" class=\"wp-image-9761\" srcset=\"https:\/\/www.wblaserag.ch\/wp-content\/uploads\/2023\/08\/2-1.png 641w, https:\/\/www.wblaserag.ch\/wp-content\/uploads\/2023\/08\/2-1-267x300.png 267w\" sizes=\"auto, (max-width: 641px) 100vw, 641px\" \/><\/figure>\n\n\n\n<p class=\"wp-block-paragraph\">Passerelle WiFi<\/p>\n\n\n\n<div class=\"wp-block-buttons is-layout-flex wp-block-buttons-is-layout-flex\">\n<div class=\"wp-block-button is-style-outline is-style-outline--14\"><a class=\"wp-block-button__link has-accent-color has-text-color wp-element-button\" href=\"https:\/\/www.wblaserag.ch\/visio\/kamera-systeme\/ruckfahrkameras-fur-lkws-sattelzuge-anhanger-traktoren\/wifi-gateway\/\" style=\"border-radius:6px\">En savoir plus<\/a><\/div>\n<\/div>\n<\/div>\n\n\n\n<div class=\"wp-block-column is-layout-flow wp-block-column-is-layout-flow\"><\/div>\n<\/div>\n<\/div><\/div>\n\n\n\n<div class=\"wp-block-group alignwide\"><div class=\"wp-block-group__inner-container is-layout-constrained wp-block-group-is-layout-constrained\">\n<h2 class=\"wp-block-heading\">Kit radar<\/h2>\n\n\n\n<div class=\"wp-block-columns alignwide is-layout-flex wp-container-core-columns-is-layout-7387b849 wp-block-columns-is-layout-flex\">\n<div class=\"wp-block-column is-layout-flow wp-block-column-is-layout-flow\">\n<figure class=\"wp-block-image size-full is-style-default\"><img loading=\"lazy\" decoding=\"async\" width=\"641\" height=\"721\" src=\"https:\/\/www.wblaserag.ch\/wp-content\/uploads\/2023\/08\/wifi-und-kamerasysteme.png\" alt=\"Kit radar jusqu'\u00e0 20m avec avertissement sonore et visuel\" class=\"wp-image-9771\" srcset=\"https:\/\/www.wblaserag.ch\/wp-content\/uploads\/2023\/08\/wifi-und-kamerasysteme.png 641w, https:\/\/www.wblaserag.ch\/wp-content\/uploads\/2023\/08\/wifi-und-kamerasysteme-267x300.png 267w\" sizes=\"auto, (max-width: 641px) 100vw, 641px\" \/><\/figure>\n\n\n\n<p class=\"wp-block-paragraph\">Kit radar jusqu&rsquo;\u00e0 20m avec avertissement sonore et visuel<\/p>\n\n\n\n<div class=\"wp-block-buttons is-layout-flex wp-block-buttons-is-layout-flex\">\n<div class=\"wp-block-button is-style-outline is-style-outline--15\"><a class=\"wp-block-button__link has-accent-color has-text-color wp-element-button\" href=\"https:\/\/www.wblaserag.ch\/visio\/kamera-systeme\/ruckfahrkameras-fur-lkws-sattelzuge-anhanger-traktoren\/radarset-bis-20m-mit-akustischer-und-optischer-warnung\/\" style=\"border-radius:6px\">En savoir plus<\/a><\/div>\n<\/div>\n<\/div>\n\n\n\n<div class=\"wp-block-column is-layout-flow wp-block-column-is-layout-flow\">\n<p class=\"wp-block-paragraph\"><\/p>\n<\/div>\n\n\n\n<div class=\"wp-block-column is-layout-flow wp-block-column-is-layout-flow\"><\/div>\n<\/div>\n<\/div><\/div>\n\n\n\n<p class=\"wp-block-paragraph\"><\/p>\n\n\n\n<div class=\"wp-block-group alignwide\"><div class=\"wp-block-group__inner-container is-layout-constrained wp-block-group-is-layout-constrained\">\n<div class=\"wp-block-group alignwide\"><div class=\"wp-block-group__inner-container is-layout-constrained wp-block-group-is-layout-constrained\">\n<div class=\"wp-block-group alignwide\"><div class=\"wp-block-group__inner-container is-layout-constrained wp-block-group-is-layout-constrained\">\n<h2 class=\"wp-block-heading\">Enregistrement vid\u00e9o mobile (HD)<\/h2>\n\n\n\n<div class=\"wp-block-columns alignwide is-layout-flex wp-container-core-columns-is-layout-7387b849 wp-block-columns-is-layout-flex\">\n<div class=\"wp-block-column is-layout-flow wp-block-column-is-layout-flow\">\n<figure class=\"wp-block-image size-full is-style-default\"><img loading=\"lazy\" decoding=\"async\" width=\"641\" height=\"721\" src=\"https:\/\/www.wblaserag.ch\/wp-content\/uploads\/2023\/08\/6-1.png\" alt=\"Enregistrement vid\u00e9o mobile (HD)\" class=\"wp-image-9786\" srcset=\"https:\/\/www.wblaserag.ch\/wp-content\/uploads\/2023\/08\/6-1.png 641w, https:\/\/www.wblaserag.ch\/wp-content\/uploads\/2023\/08\/6-1-267x300.png 267w\" sizes=\"auto, (max-width: 641px) 100vw, 641px\" \/><\/figure>\n\n\n\n<p class=\"wp-block-paragraph\">Enregistreur num\u00e9rique HD 4-CH<\/p>\n\n\n\n<div class=\"wp-block-buttons is-layout-flex wp-block-buttons-is-layout-flex\">\n<div class=\"wp-block-button is-style-outline is-style-outline--16\"><a class=\"wp-block-button__link has-accent-color has-text-color wp-element-button\" href=\"https:\/\/www.wblaserag.ch\/visio\/kamera-systeme\/ruckfahrkameras-fur-lkws-sattelzuge-anhanger-traktoren\/4-ch-hd-digitalrecorder\/\" style=\"border-radius:6px\">En savoir plus<\/a><\/div>\n<\/div>\n<\/div>\n\n\n\n<div class=\"wp-block-column is-layout-flow wp-block-column-is-layout-flow\"><\/div>\n\n\n\n<div class=\"wp-block-column is-layout-flow wp-block-column-is-layout-flow\">\n<p class=\"wp-block-paragraph\"><\/p>\n<\/div>\n<\/div>\n<\/div><\/div>\n<\/div><\/div>\n<\/div><\/div>\n","protected":false},"excerpt":{"rendered":"<p>Cam\u00e9ras de recul pour camions, remorques, tracteurs et dameuses Les syst\u00e8mes de cam\u00e9ras de recul BlaserVisio offrent au conducteur d&rsquo;un v\u00e9hicule une s\u00e9curit\u00e9 suppl\u00e9mentaire lors des man\u0153uvres de recul. Gr\u00e2ce au syst\u00e8me de cam\u00e9ra, le conducteur est rendu attentif aux usagers de la route plus faibles dans la zone de danger \u00e0 c\u00f4t\u00e9 du v\u00e9hicule.&hellip;<\/p>\n","protected":false},"author":3,"featured_media":0,"parent":3255,"menu_order":0,"comment_status":"closed","ping_status":"closed","template":"tw-no-title.php","meta":{"footnotes":""},"class_list":["post-10013","page","type-page","status-publish","hentry"],"yoast_head":"<!-- This site is optimized with the Yoast SEO plugin v28.2 - https:\/\/yoast.com\/product\/yoast-seo-wordpress\/ -->\n<title>Cam\u00e9ras de recul - Cam\u00e9ras de recul pour camions, remorques, tracteurs et dameuses - W. Blaser AG<\/title>\n<meta name=\"robots\" content=\"index, follow, max-snippet:-1, max-image-preview:large, max-video-preview:-1\" \/>\n<link rel=\"canonical\" href=\"https:\/\/www.wblaserag.ch\/fr\/visio\/cameras-iot-mobile-et-systemes-dassistance\/cameras-de-recul\/\" \/>\n<meta property=\"og:locale\" content=\"fr_FR\" \/>\n<meta property=\"og:type\" content=\"article\" \/>\n<meta property=\"og:title\" content=\"Cam\u00e9ras de recul - Cam\u00e9ras de recul pour camions, remorques, tracteurs et dameuses - W. Blaser AG\" \/>\n<meta property=\"og:description\" content=\"Cam\u00e9ras de recul pour camions, remorques, tracteurs et dameuses Les syst\u00e8mes de cam\u00e9ras de recul BlaserVisio offrent au conducteur d&rsquo;un v\u00e9hicule une s\u00e9curit\u00e9 suppl\u00e9mentaire lors des man\u0153uvres de recul. Gr\u00e2ce au syst\u00e8me de cam\u00e9ra, le conducteur est rendu attentif aux usagers de la route plus faibles dans la zone de danger \u00e0 c\u00f4t\u00e9 du v\u00e9hicule.&hellip;\" \/>\n<meta property=\"og:url\" content=\"https:\/\/www.wblaserag.ch\/fr\/visio\/cameras-iot-mobile-et-systemes-dassistance\/cameras-de-recul\/\" \/>\n<meta property=\"og:site_name\" content=\"W. Blaser AG\" \/>\n<meta property=\"article:publisher\" content=\"https:\/\/www.facebook.com\/BlaserVisio-191482694639126\" \/>\n<meta property=\"article:modified_time\" content=\"2023-09-10T20:42:02+00:00\" \/>\n<meta property=\"og:image\" content=\"https:\/\/www.wblaserag.ch\/wp-content\/uploads\/2023\/08\/8.png\" \/>\n<meta name=\"twitter:card\" content=\"summary_large_image\" \/>\n<script type=\"application\/ld+json\" class=\"yoast-schema-graph\">{\"@context\":\"https:\\\/\\\/schema.org\",\"@graph\":[{\"@type\":\"WebPage\",\"@id\":\"https:\\\/\\\/www.wblaserag.ch\\\/fr\\\/visio\\\/cameras-iot-mobile-et-systemes-dassistance\\\/cameras-de-recul\\\/\",\"url\":\"https:\\\/\\\/www.wblaserag.ch\\\/fr\\\/visio\\\/cameras-iot-mobile-et-systemes-dassistance\\\/cameras-de-recul\\\/\",\"name\":\"Cam\u00e9ras de recul - Cam\u00e9ras de recul pour camions, remorques, tracteurs et dameuses - W. Blaser AG\",\"isPartOf\":{\"@id\":\"https:\\\/\\\/www.wblaserag.ch\\\/fr\\\/#website\"},\"primaryImageOfPage\":{\"@id\":\"https:\\\/\\\/www.wblaserag.ch\\\/fr\\\/visio\\\/cameras-iot-mobile-et-systemes-dassistance\\\/cameras-de-recul\\\/#primaryimage\"},\"image\":{\"@id\":\"https:\\\/\\\/www.wblaserag.ch\\\/fr\\\/visio\\\/cameras-iot-mobile-et-systemes-dassistance\\\/cameras-de-recul\\\/#primaryimage\"},\"thumbnailUrl\":\"https:\\\/\\\/www.wblaserag.ch\\\/wp-content\\\/uploads\\\/2023\\\/08\\\/8.png\",\"datePublished\":\"2021-10-19T20:13:42+00:00\",\"dateModified\":\"2023-09-10T20:42:02+00:00\",\"breadcrumb\":{\"@id\":\"https:\\\/\\\/www.wblaserag.ch\\\/fr\\\/visio\\\/cameras-iot-mobile-et-systemes-dassistance\\\/cameras-de-recul\\\/#breadcrumb\"},\"inLanguage\":\"fr-FR\",\"potentialAction\":[{\"@type\":\"ReadAction\",\"target\":[\"https:\\\/\\\/www.wblaserag.ch\\\/fr\\\/visio\\\/cameras-iot-mobile-et-systemes-dassistance\\\/cameras-de-recul\\\/\"]}]},{\"@type\":\"ImageObject\",\"inLanguage\":\"fr-FR\",\"@id\":\"https:\\\/\\\/www.wblaserag.ch\\\/fr\\\/visio\\\/cameras-iot-mobile-et-systemes-dassistance\\\/cameras-de-recul\\\/#primaryimage\",\"url\":\"https:\\\/\\\/www.wblaserag.ch\\\/wp-content\\\/uploads\\\/2023\\\/08\\\/8.png\",\"contentUrl\":\"https:\\\/\\\/www.wblaserag.ch\\\/wp-content\\\/uploads\\\/2023\\\/08\\\/8.png\"},{\"@type\":\"BreadcrumbList\",\"@id\":\"https:\\\/\\\/www.wblaserag.ch\\\/fr\\\/visio\\\/cameras-iot-mobile-et-systemes-dassistance\\\/cameras-de-recul\\\/#breadcrumb\",\"itemListElement\":[{\"@type\":\"ListItem\",\"position\":1,\"name\":\"Page d'accueil\",\"item\":\"https:\\\/\\\/www.wblaserag.ch\\\/fr\\\/\"},{\"@type\":\"ListItem\",\"position\":2,\"name\":\"BlaserVisio\",\"item\":\"https:\\\/\\\/www.wblaserag.ch\\\/fr\\\/visio\\\/\"},{\"@type\":\"ListItem\",\"position\":3,\"name\":\"Cam\u00e9ras, IoT mobile et syst\u00e8mes d&rsquo;assistance\",\"item\":\"https:\\\/\\\/www.wblaserag.ch\\\/fr\\\/visio\\\/cameras-iot-mobile-et-systemes-dassistance\\\/\"},{\"@type\":\"ListItem\",\"position\":4,\"name\":\"Cam\u00e9ras de recul\"}]},{\"@type\":\"WebSite\",\"@id\":\"https:\\\/\\\/www.wblaserag.ch\\\/fr\\\/#website\",\"url\":\"https:\\\/\\\/www.wblaserag.ch\\\/fr\\\/\",\"name\":\"W. Blaser AG\",\"description\":\"\",\"publisher\":{\"@id\":\"https:\\\/\\\/www.wblaserag.ch\\\/fr\\\/#organization\"},\"potentialAction\":[{\"@type\":\"SearchAction\",\"target\":{\"@type\":\"EntryPoint\",\"urlTemplate\":\"https:\\\/\\\/www.wblaserag.ch\\\/fr\\\/?s={search_term_string}\"},\"query-input\":{\"@type\":\"PropertyValueSpecification\",\"valueRequired\":true,\"valueName\":\"search_term_string\"}}],\"inLanguage\":\"fr-FR\"},{\"@type\":\"Organization\",\"@id\":\"https:\\\/\\\/www.wblaserag.ch\\\/fr\\\/#organization\",\"name\":\"W. Blaser AG\",\"url\":\"https:\\\/\\\/www.wblaserag.ch\\\/fr\\\/\",\"logo\":{\"@type\":\"ImageObject\",\"inLanguage\":\"fr-FR\",\"@id\":\"https:\\\/\\\/www.wblaserag.ch\\\/fr\\\/#\\\/schema\\\/logo\\\/image\\\/\",\"url\":\"https:\\\/\\\/www.wblaserag.ch\\\/wp-content\\\/uploads\\\/2021\\\/02\\\/cropped-cropped-Blaser_Mobile_NEG.png\",\"contentUrl\":\"https:\\\/\\\/www.wblaserag.ch\\\/wp-content\\\/uploads\\\/2021\\\/02\\\/cropped-cropped-Blaser_Mobile_NEG.png\",\"width\":400,\"height\":55,\"caption\":\"W. Blaser AG\"},\"image\":{\"@id\":\"https:\\\/\\\/www.wblaserag.ch\\\/fr\\\/#\\\/schema\\\/logo\\\/image\\\/\"},\"sameAs\":[\"https:\\\/\\\/www.facebook.com\\\/BlaserVisio-191482694639126\",\"https:\\\/\\\/www.instagram.com\\\/blaservisio\\\/\"]}]}<\/script>\n<!-- \/ Yoast SEO plugin. -->","yoast_head_json":{"title":"Cam\u00e9ras de recul - Cam\u00e9ras de recul pour camions, remorques, tracteurs et dameuses - W. Blaser AG","robots":{"index":"index","follow":"follow","max-snippet":"max-snippet:-1","max-image-preview":"max-image-preview:large","max-video-preview":"max-video-preview:-1"},"canonical":"https:\/\/www.wblaserag.ch\/fr\/visio\/cameras-iot-mobile-et-systemes-dassistance\/cameras-de-recul\/","og_locale":"fr_FR","og_type":"article","og_title":"Cam\u00e9ras de recul - Cam\u00e9ras de recul pour camions, remorques, tracteurs et dameuses - W. Blaser AG","og_description":"Cam\u00e9ras de recul pour camions, remorques, tracteurs et dameuses Les syst\u00e8mes de cam\u00e9ras de recul BlaserVisio offrent au conducteur d&rsquo;un v\u00e9hicule une s\u00e9curit\u00e9 suppl\u00e9mentaire lors des man\u0153uvres de recul. Gr\u00e2ce au syst\u00e8me de cam\u00e9ra, le conducteur est rendu attentif aux usagers de la route plus faibles dans la zone de danger \u00e0 c\u00f4t\u00e9 du v\u00e9hicule.&hellip;","og_url":"https:\/\/www.wblaserag.ch\/fr\/visio\/cameras-iot-mobile-et-systemes-dassistance\/cameras-de-recul\/","og_site_name":"W. Blaser AG","article_publisher":"https:\/\/www.facebook.com\/BlaserVisio-191482694639126","article_modified_time":"2023-09-10T20:42:02+00:00","og_image":[{"url":"https:\/\/www.wblaserag.ch\/wp-content\/uploads\/2023\/08\/8.png","type":"","width":"","height":""}],"twitter_card":"summary_large_image","schema":{"@context":"https:\/\/schema.org","@graph":[{"@type":"WebPage","@id":"https:\/\/www.wblaserag.ch\/fr\/visio\/cameras-iot-mobile-et-systemes-dassistance\/cameras-de-recul\/","url":"https:\/\/www.wblaserag.ch\/fr\/visio\/cameras-iot-mobile-et-systemes-dassistance\/cameras-de-recul\/","name":"Cam\u00e9ras de recul - Cam\u00e9ras de recul pour camions, remorques, tracteurs et dameuses - W. Blaser AG","isPartOf":{"@id":"https:\/\/www.wblaserag.ch\/fr\/#website"},"primaryImageOfPage":{"@id":"https:\/\/www.wblaserag.ch\/fr\/visio\/cameras-iot-mobile-et-systemes-dassistance\/cameras-de-recul\/#primaryimage"},"image":{"@id":"https:\/\/www.wblaserag.ch\/fr\/visio\/cameras-iot-mobile-et-systemes-dassistance\/cameras-de-recul\/#primaryimage"},"thumbnailUrl":"https:\/\/www.wblaserag.ch\/wp-content\/uploads\/2023\/08\/8.png","datePublished":"2021-10-19T20:13:42+00:00","dateModified":"2023-09-10T20:42:02+00:00","breadcrumb":{"@id":"https:\/\/www.wblaserag.ch\/fr\/visio\/cameras-iot-mobile-et-systemes-dassistance\/cameras-de-recul\/#breadcrumb"},"inLanguage":"fr-FR","potentialAction":[{"@type":"ReadAction","target":["https:\/\/www.wblaserag.ch\/fr\/visio\/cameras-iot-mobile-et-systemes-dassistance\/cameras-de-recul\/"]}]},{"@type":"ImageObject","inLanguage":"fr-FR","@id":"https:\/\/www.wblaserag.ch\/fr\/visio\/cameras-iot-mobile-et-systemes-dassistance\/cameras-de-recul\/#primaryimage","url":"https:\/\/www.wblaserag.ch\/wp-content\/uploads\/2023\/08\/8.png","contentUrl":"https:\/\/www.wblaserag.ch\/wp-content\/uploads\/2023\/08\/8.png"},{"@type":"BreadcrumbList","@id":"https:\/\/www.wblaserag.ch\/fr\/visio\/cameras-iot-mobile-et-systemes-dassistance\/cameras-de-recul\/#breadcrumb","itemListElement":[{"@type":"ListItem","position":1,"name":"Page d'accueil","item":"https:\/\/www.wblaserag.ch\/fr\/"},{"@type":"ListItem","position":2,"name":"BlaserVisio","item":"https:\/\/www.wblaserag.ch\/fr\/visio\/"},{"@type":"ListItem","position":3,"name":"Cam\u00e9ras, IoT mobile et syst\u00e8mes d&rsquo;assistance","item":"https:\/\/www.wblaserag.ch\/fr\/visio\/cameras-iot-mobile-et-systemes-dassistance\/"},{"@type":"ListItem","position":4,"name":"Cam\u00e9ras de recul"}]},{"@type":"WebSite","@id":"https:\/\/www.wblaserag.ch\/fr\/#website","url":"https:\/\/www.wblaserag.ch\/fr\/","name":"W. Blaser AG","description":"","publisher":{"@id":"https:\/\/www.wblaserag.ch\/fr\/#organization"},"potentialAction":[{"@type":"SearchAction","target":{"@type":"EntryPoint","urlTemplate":"https:\/\/www.wblaserag.ch\/fr\/?s={search_term_string}"},"query-input":{"@type":"PropertyValueSpecification","valueRequired":true,"valueName":"search_term_string"}}],"inLanguage":"fr-FR"},{"@type":"Organization","@id":"https:\/\/www.wblaserag.ch\/fr\/#organization","name":"W. Blaser AG","url":"https:\/\/www.wblaserag.ch\/fr\/","logo":{"@type":"ImageObject","inLanguage":"fr-FR","@id":"https:\/\/www.wblaserag.ch\/fr\/#\/schema\/logo\/image\/","url":"https:\/\/www.wblaserag.ch\/wp-content\/uploads\/2021\/02\/cropped-cropped-Blaser_Mobile_NEG.png","contentUrl":"https:\/\/www.wblaserag.ch\/wp-content\/uploads\/2021\/02\/cropped-cropped-Blaser_Mobile_NEG.png","width":400,"height":55,"caption":"W. Blaser AG"},"image":{"@id":"https:\/\/www.wblaserag.ch\/fr\/#\/schema\/logo\/image\/"},"sameAs":["https:\/\/www.facebook.com\/BlaserVisio-191482694639126","https:\/\/www.instagram.com\/blaservisio\/"]}]}},"_links":{"self":[{"href":"https:\/\/www.wblaserag.ch\/fr\/wp-json\/wp\/v2\/pages\/10013","targetHints":{"allow":["GET"]}}],"collection":[{"href":"https:\/\/www.wblaserag.ch\/fr\/wp-json\/wp\/v2\/pages"}],"about":[{"href":"https:\/\/www.wblaserag.ch\/fr\/wp-json\/wp\/v2\/types\/page"}],"author":[{"embeddable":true,"href":"https:\/\/www.wblaserag.ch\/fr\/wp-json\/wp\/v2\/users\/3"}],"replies":[{"embeddable":true,"href":"https:\/\/www.wblaserag.ch\/fr\/wp-json\/wp\/v2\/comments?post=10013"}],"version-history":[{"count":9,"href":"https:\/\/www.wblaserag.ch\/fr\/wp-json\/wp\/v2\/pages\/10013\/revisions"}],"predecessor-version":[{"id":10103,"href":"https:\/\/www.wblaserag.ch\/fr\/wp-json\/wp\/v2\/pages\/10013\/revisions\/10103"}],"up":[{"embeddable":true,"href":"https:\/\/www.wblaserag.ch\/fr\/wp-json\/wp\/v2\/pages\/3255"}],"wp:attachment":[{"href":"https:\/\/www.wblaserag.ch\/fr\/wp-json\/wp\/v2\/media?parent=10013"}],"curies":[{"name":"wp","href":"https:\/\/api.w.org\/{rel}","templated":true}]}}